{"id":15252,"date":"2022-05-11T07:57:10","date_gmt":"2022-05-11T06:57:10","guid":{"rendered":"https:\/\/miastoinspiracji.lublin.eu\/?page_id=15252"},"modified":"2024-05-27T07:23:47","modified_gmt":"2024-05-27T06:23:47","slug":"oferta-wg-kategorii","status":"publish","type":"page","link":"https:\/\/miastoinspiracji.lublin.eu\/en\/sezon-lublin-kategorie\/","title":{"rendered":"Offer by categories"},"content":{"rendered":"<div data-elementor-type=\"wp-page\" data-elementor-id=\"15252\" class=\"elementor elementor-15252\" data-elementor-settings=\"{&quot;ha_cmc_init_switcher&quot;:&quot;no&quot;}\" data-elementor-post-type=\"page\">\n\t\t\t\t\t\t<section class=\"elementor-section elementor-top-section elementor-element elementor-element-4dd36f62 elementor-section-content-middle elementor-reverse-mobile elementor-section-boxed elementor-section-height-default elementor-section-height-default\" data-id=\"4dd36f62\" data-element_type=\"section\" data-settings=\"{&quot;background_background&quot;:&quot;classic&quot;,&quot;_ha_eqh_enable&quot;:false}\">\n\t\t\t\t\t\t<div class=\"elementor-container elementor-column-gap-default\">\n\t\t\t\t\t<div class=\"elementor-column elementor-col-50 elementor-top-column elementor-element elementor-element-57397bb\" data-id=\"57397bb\" data-element_type=\"column\">\n\t\t\t<div class=\"elementor-widget-wrap elementor-element-populated\">\n\t\t\t\t\t\t<div class=\"elementor-element elementor-element-16fa37d0 elementor-widget elementor-widget-heading\" data-id=\"16fa37d0\" data-element_type=\"widget\" data-widget_type=\"heading.default\">\n\t\t\t\t<div class=\"elementor-widget-container\">\n\t\t\t\t\t<h2 class=\"elementor-heading-title elementor-size-default\">Get the stickers in 8 categories!<\/h2>\t\t\t\t<\/div>\n\t\t\t\t<\/div>\n\t\t\t\t\t<\/div>\n\t\t<\/div>\n\t\t\t\t<div class=\"elementor-column elementor-col-50 elementor-top-column elementor-element elementor-element-50e56261\" data-id=\"50e56261\" data-element_type=\"column\">\n\t\t\t<div class=\"elementor-widget-wrap elementor-element-populated\">\n\t\t\t\t\t\t<div class=\"elementor-element elementor-element-607aec65 d2c-back elementor-absolute elementor-widget elementor-widget-global elementor-global-1591 elementor-widget-heading\" data-id=\"607aec65\" data-element_type=\"widget\" data-settings=\"{&quot;_position&quot;:&quot;absolute&quot;}\" data-widget_type=\"heading.default\">\n\t\t\t\t<div class=\"elementor-widget-container\">\n\t\t\t\t\t<h5 class=\"elementor-heading-title elementor-size-default\"><a href=\"#\">go back<\/a><\/h5>\t\t\t\t<\/div>\n\t\t\t\t<\/div>\n\t\t\t\t\t<\/div>\n\t\t<\/div>\n\t\t\t\t\t<\/div>\n\t\t<\/section>\n\t\t\t\t<section class=\"elementor-section elementor-top-section elementor-element elementor-element-b679627 elementor-section-boxed elementor-section-height-default elementor-section-height-default\" data-id=\"b679627\" data-element_type=\"section\" data-settings=\"{&quot;_ha_eqh_enable&quot;:false}\">\n\t\t\t\t\t\t<div class=\"elementor-container elementor-column-gap-default\">\n\t\t\t\t\t<div class=\"elementor-column elementor-col-100 elementor-top-column elementor-element elementor-element-5a9c23b\" data-id=\"5a9c23b\" data-element_type=\"column\">\n\t\t\t<div class=\"elementor-widget-wrap elementor-element-populated\">\n\t\t\t\t\t\t<div class=\"elementor-element elementor-element-344847c elementor-widget-divider--view-line elementor-widget elementor-widget-divider\" data-id=\"344847c\" data-element_type=\"widget\" data-widget_type=\"divider.default\">\n\t\t\t\t<div class=\"elementor-widget-container\">\n\t\t\t\t\t\t\t<div class=\"elementor-divider\">\n\t\t\t<span class=\"elementor-divider-separator\">\n\t\t\t\t\t\t<\/span>\n\t\t<\/div>\n\t\t\t\t\t\t<\/div>\n\t\t\t\t<\/div>\n\t\t\t\t\t<\/div>\n\t\t<\/div>\n\t\t\t\t\t<\/div>\n\t\t<\/section>\n\t\t\t\t<section class=\"elementor-section elementor-top-section elementor-element elementor-element-d9f3478 elementor-section-full_width elementor-section-height-default elementor-section-height-default\" data-id=\"d9f3478\" data-element_type=\"section\" data-settings=\"{&quot;_ha_eqh_enable&quot;:false}\">\n\t\t\t\t\t\t<div class=\"elementor-container elementor-column-gap-default\">\n\t\t\t\t\t<div class=\"elementor-column elementor-col-100 elementor-top-column elementor-element elementor-element-74d7a6f\" data-id=\"74d7a6f\" data-element_type=\"column\">\n\t\t\t<div class=\"elementor-widget-wrap elementor-element-populated\">\n\t\t\t\t\t\t<div class=\"elementor-element elementor-element-950b2e9 elementor-grid-4 elementor-grid-tablet-2 elementor-grid-mobile-1 elementor-posts--thumbnail-top elementor-widget elementor-widget-posts\" data-id=\"950b2e9\" data-element_type=\"widget\" data-settings=\"{&quot;classic_columns&quot;:&quot;4&quot;,&quot;classic_columns_tablet&quot;:&quot;2&quot;,&quot;classic_columns_mobile&quot;:&quot;1&quot;,&quot;classic_row_gap&quot;:{&quot;unit&quot;:&quot;px&quot;,&quot;size&quot;:35,&quot;sizes&quot;:[]},&quot;classic_row_gap_tablet&quot;:{&quot;unit&quot;:&quot;px&quot;,&quot;size&quot;:&quot;&quot;,&quot;sizes&quot;:[]},&quot;classic_row_gap_mobile&quot;:{&quot;unit&quot;:&quot;px&quot;,&quot;size&quot;:&quot;&quot;,&quot;sizes&quot;:[]}}\" data-widget_type=\"posts.classic\">\n\t\t\t\t<div class=\"elementor-widget-container\">\n\t\t\t\t\t\t\t<div class=\"elementor-posts-container elementor-posts elementor-posts--skin-classic elementor-grid\">\n\t\t\t\t<article class=\"elementor-post elementor-grid-item post-22535 post type-post status-publish format-standard has-post-thumbnail hentry category-sezon-lublin tag-joker\">\n\t\t\t\t<a class=\"elementor-post__thumbnail__link\" href=\"https:\/\/miastoinspiracji.lublin.eu\/en\/sezon-lublin\/joker\/\" tabindex=\"-1\" >\n\t\t\t<div class=\"elementor-post__thumbnail\"><img fetchpriority=\"high\" decoding=\"async\" width=\"700\" height=\"466\" src=\"https:\/\/miastoinspiracji.lublin.eu\/wp-content\/uploads\/2023\/04\/Joker.jpg\" class=\"attachment-large size-large wp-image-22541\" alt=\"\" srcset=\"https:\/\/miastoinspiracji.lublin.eu\/wp-content\/uploads\/2023\/04\/Joker.jpg 700w, https:\/\/miastoinspiracji.lublin.eu\/wp-content\/uploads\/2023\/04\/Joker-300x200.jpg 300w, https:\/\/miastoinspiracji.lublin.eu\/wp-content\/uploads\/2023\/04\/Joker-18x12.jpg 18w\" sizes=\"(max-width: 700px) 100vw, 700px\" \/><\/div>\n\t\t<\/a>\n\t\t\t\t<div class=\"elementor-post__text\">\n\t\t\t\t<div class=\"elementor-post__excerpt\">\n\t\t\t<p>THE JOKER | A special category<\/p>\n\t\t<\/div>\n\t\t\t\t<\/div>\n\t\t\t\t<\/article>\n\t\t\t\t<article class=\"elementor-post elementor-grid-item post-22518 post type-post status-publish format-standard has-post-thumbnail hentry category-sezon-lublin tag-widz\">\n\t\t\t\t<a class=\"elementor-post__thumbnail__link\" href=\"https:\/\/miastoinspiracji.lublin.eu\/en\/sezon-lublin\/widz\/\" tabindex=\"-1\" >\n\t\t\t<div class=\"elementor-post__thumbnail\"><img decoding=\"async\" width=\"700\" height=\"466\" src=\"https:\/\/miastoinspiracji.lublin.eu\/wp-content\/uploads\/2023\/04\/widz.jpg\" class=\"attachment-large size-large wp-image-21467\" alt=\"\" srcset=\"https:\/\/miastoinspiracji.lublin.eu\/wp-content\/uploads\/2023\/04\/widz.jpg 700w, https:\/\/miastoinspiracji.lublin.eu\/wp-content\/uploads\/2023\/04\/widz-300x200.jpg 300w, https:\/\/miastoinspiracji.lublin.eu\/wp-content\/uploads\/2023\/04\/widz-18x12.jpg 18w\" sizes=\"(max-width: 700px) 100vw, 700px\" \/><\/div>\n\t\t<\/a>\n\t\t\t\t<div class=\"elementor-post__text\">\n\t\t\t\t<div class=\"elementor-post__excerpt\">\n\t\t\t<p>Spektakle | koncerty | spotkania<\/p>\n\t\t<\/div>\n\t\t\t\t<\/div>\n\t\t\t\t<\/article>\n\t\t\t\t<article class=\"elementor-post elementor-grid-item post-15311 post type-post status-publish format-standard has-post-thumbnail hentry category-sezon-lublin tag-przybysz\">\n\t\t\t\t<a class=\"elementor-post__thumbnail__link\" href=\"https:\/\/miastoinspiracji.lublin.eu\/en\/sezon-lublin\/przybysz\/\" tabindex=\"-1\" >\n\t\t\t<div class=\"elementor-post__thumbnail\"><img decoding=\"async\" width=\"745\" height=\"497\" src=\"https:\/\/miastoinspiracji.lublin.eu\/wp-content\/uploads\/2022\/05\/4J3A0601-kolor-maly-napis.jpg\" class=\"attachment-large size-large wp-image-15271\" alt=\"Grafika Sezon Lublin Przybysz\" srcset=\"https:\/\/miastoinspiracji.lublin.eu\/wp-content\/uploads\/2022\/05\/4J3A0601-kolor-maly-napis.jpg 745w, https:\/\/miastoinspiracji.lublin.eu\/wp-content\/uploads\/2022\/05\/4J3A0601-kolor-maly-napis-300x200.jpg 300w\" sizes=\"(max-width: 745px) 100vw, 745px\" \/><\/div>\n\t\t<\/a>\n\t\t\t\t<div class=\"elementor-post__text\">\n\t\t\t\t<div class=\"elementor-post__excerpt\">\n\t\t\t<p>THE GUEST | hotels, apartments<\/p>\n\t\t<\/div>\n\t\t\t\t<\/div>\n\t\t\t\t<\/article>\n\t\t\t\t<article class=\"elementor-post elementor-grid-item post-15310 post type-post status-publish format-standard has-post-thumbnail hentry category-sezon-lublin tag-spacerowicz\">\n\t\t\t\t<a class=\"elementor-post__thumbnail__link\" href=\"https:\/\/miastoinspiracji.lublin.eu\/en\/sezon-lublin\/spacerowicz\/\" tabindex=\"-1\" >\n\t\t\t<div class=\"elementor-post__thumbnail\"><img loading=\"lazy\" decoding=\"async\" width=\"700\" height=\"467\" src=\"https:\/\/miastoinspiracji.lublin.eu\/wp-content\/uploads\/2023\/04\/Spacerowicz.jpg\" class=\"attachment-large size-large wp-image-21466\" alt=\"\" srcset=\"https:\/\/miastoinspiracji.lublin.eu\/wp-content\/uploads\/2023\/04\/Spacerowicz.jpg 700w, https:\/\/miastoinspiracji.lublin.eu\/wp-content\/uploads\/2023\/04\/Spacerowicz-300x200.jpg 300w, https:\/\/miastoinspiracji.lublin.eu\/wp-content\/uploads\/2023\/04\/Spacerowicz-18x12.jpg 18w\" sizes=\"(max-width: 700px) 100vw, 700px\" \/><\/div>\n\t\t<\/a>\n\t\t\t\t<div class=\"elementor-post__text\">\n\t\t\t\t<div class=\"elementor-post__excerpt\">\n\t\t\t<p>THE WALKER | guided walks, quests<\/p>\n\t\t<\/div>\n\t\t\t\t<\/div>\n\t\t\t\t<\/article>\n\t\t\t\t<article class=\"elementor-post elementor-grid-item post-15309 post type-post status-publish format-standard has-post-thumbnail hentry category-sezon-lublin tag-kolekcjoner\">\n\t\t\t\t<a class=\"elementor-post__thumbnail__link\" href=\"https:\/\/miastoinspiracji.lublin.eu\/en\/sezon-lublin\/kolekcjoner\/\" tabindex=\"-1\" >\n\t\t\t<div class=\"elementor-post__thumbnail\"><img loading=\"lazy\" decoding=\"async\" width=\"800\" height=\"533\" src=\"https:\/\/miastoinspiracji.lublin.eu\/wp-content\/uploads\/2022\/05\/DSC_07341-kolor-napis.jpg\" class=\"attachment-large size-large wp-image-15273\" alt=\"Grafika Sezon Lublin Kolekcjoner\" srcset=\"https:\/\/miastoinspiracji.lublin.eu\/wp-content\/uploads\/2022\/05\/DSC_07341-kolor-napis.jpg 993w, https:\/\/miastoinspiracji.lublin.eu\/wp-content\/uploads\/2022\/05\/DSC_07341-kolor-napis-300x200.jpg 300w, https:\/\/miastoinspiracji.lublin.eu\/wp-content\/uploads\/2022\/05\/DSC_07341-kolor-napis-768x512.jpg 768w\" sizes=\"(max-width: 800px) 100vw, 800px\" \/><\/div>\n\t\t<\/a>\n\t\t\t\t<div class=\"elementor-post__text\">\n\t\t\t\t<div class=\"elementor-post__excerpt\">\n\t\t\t<p>THE COLLECTOR | souvenirs, books, CD<\/p>\n\t\t<\/div>\n\t\t\t\t<\/div>\n\t\t\t\t<\/article>\n\t\t\t\t<article class=\"elementor-post elementor-grid-item post-15306 post type-post status-publish format-standard has-post-thumbnail hentry category-sezon-lublin tag-smakosz\">\n\t\t\t\t<a class=\"elementor-post__thumbnail__link\" href=\"https:\/\/miastoinspiracji.lublin.eu\/en\/sezon-lublin\/smakosz\/\" tabindex=\"-1\" >\n\t\t\t<div class=\"elementor-post__thumbnail\"><img loading=\"lazy\" decoding=\"async\" width=\"745\" height=\"496\" src=\"https:\/\/miastoinspiracji.lublin.eu\/wp-content\/uploads\/2022\/05\/TINTO-3-maly-kolor-napis.jpg\" class=\"attachment-large size-large wp-image-15279\" alt=\"Grafika Sezon Lublin Smakosz\" srcset=\"https:\/\/miastoinspiracji.lublin.eu\/wp-content\/uploads\/2022\/05\/TINTO-3-maly-kolor-napis.jpg 745w, https:\/\/miastoinspiracji.lublin.eu\/wp-content\/uploads\/2022\/05\/TINTO-3-maly-kolor-napis-300x200.jpg 300w\" sizes=\"(max-width: 745px) 100vw, 745px\" \/><\/div>\n\t\t<\/a>\n\t\t\t\t<div class=\"elementor-post__text\">\n\t\t\t\t<div class=\"elementor-post__excerpt\">\n\t\t\t<p>THE GOURMET | restaurants, cafes<\/p>\n\t\t<\/div>\n\t\t\t\t<\/div>\n\t\t\t\t<\/article>\n\t\t\t\t<article class=\"elementor-post elementor-grid-item post-15304 post type-post status-publish format-standard has-post-thumbnail hentry category-sezon-lublin tag-atleta\">\n\t\t\t\t<a class=\"elementor-post__thumbnail__link\" href=\"https:\/\/miastoinspiracji.lublin.eu\/en\/sezon-lublin\/atleta\/\" tabindex=\"-1\" >\n\t\t\t<div class=\"elementor-post__thumbnail\"><img loading=\"lazy\" decoding=\"async\" width=\"745\" height=\"497\" src=\"https:\/\/miastoinspiracji.lublin.eu\/wp-content\/uploads\/2022\/05\/kajaki_rodzina_dzieci-17-maly-napis.jpg\" class=\"attachment-large size-large wp-image-15275\" alt=\"Grafika Sezon Lublin Atleta\" srcset=\"https:\/\/miastoinspiracji.lublin.eu\/wp-content\/uploads\/2022\/05\/kajaki_rodzina_dzieci-17-maly-napis.jpg 745w, https:\/\/miastoinspiracji.lublin.eu\/wp-content\/uploads\/2022\/05\/kajaki_rodzina_dzieci-17-maly-napis-300x200.jpg 300w\" sizes=\"(max-width: 745px) 100vw, 745px\" \/><\/div>\n\t\t<\/a>\n\t\t\t\t<div class=\"elementor-post__text\">\n\t\t\t\t<div class=\"elementor-post__excerpt\">\n\t\t\t<p>THE ATHLETE | sport and recreation, orienteering, puzzles<\/p>\n\t\t<\/div>\n\t\t\t\t<\/div>\n\t\t\t\t<\/article>\n\t\t\t\t<article class=\"elementor-post elementor-grid-item post-15258 post type-post status-publish format-standard has-post-thumbnail hentry category-sezon-lublin tag-kustosz\">\n\t\t\t\t<a class=\"elementor-post__thumbnail__link\" href=\"https:\/\/miastoinspiracji.lublin.eu\/en\/sezon-lublin\/kustosz\/\" tabindex=\"-1\" >\n\t\t\t<div class=\"elementor-post__thumbnail\"><img loading=\"lazy\" decoding=\"async\" width=\"745\" height=\"497\" src=\"https:\/\/miastoinspiracji.lublin.eu\/wp-content\/uploads\/2022\/05\/Muzeum-Narodowe-w-Lublinie-1-maly-kolor-napis.jpg\" class=\"attachment-large size-large wp-image-15277\" alt=\"Grafika Sezon Lublin Kustosz\" srcset=\"https:\/\/miastoinspiracji.lublin.eu\/wp-content\/uploads\/2022\/05\/Muzeum-Narodowe-w-Lublinie-1-maly-kolor-napis.jpg 745w, https:\/\/miastoinspiracji.lublin.eu\/wp-content\/uploads\/2022\/05\/Muzeum-Narodowe-w-Lublinie-1-maly-kolor-napis-300x200.jpg 300w\" sizes=\"(max-width: 745px) 100vw, 745px\" \/><\/div>\n\t\t<\/a>\n\t\t\t\t<div class=\"elementor-post__text\">\n\t\t\t\t<div class=\"elementor-post__excerpt\">\n\t\t\t<p>THE CURATOR | museums, monuments, culture institutions<\/p>\n\t\t<\/div>\n\t\t\t\t<\/div>\n\t\t\t\t<\/article>\n\t\t\t\t<\/div>\n\t\t\n\t\t\t\t\t\t<\/div>\n\t\t\t\t<\/div>\n\t\t\t\t\t<\/div>\n\t\t<\/div>\n\t\t\t\t\t<\/div>\n\t\t<\/section>\n\t\t\t\t<section class=\"elementor-section elementor-top-section elementor-element elementor-element-cd60872 elementor-section-boxed elementor-section-height-default elementor-section-height-default\" data-id=\"cd60872\" data-element_type=\"section\" data-settings=\"{&quot;_ha_eqh_enable&quot;:false}\">\n\t\t\t\t\t\t<div class=\"elementor-container elementor-column-gap-default\">\n\t\t\t\t\t<div class=\"elementor-column elementor-col-100 elementor-top-column elementor-element elementor-element-786c297\" data-id=\"786c297\" data-element_type=\"column\">\n\t\t\t<div class=\"elementor-widget-wrap elementor-element-populated\">\n\t\t\t\t\t\t<div class=\"elementor-element elementor-element-10ddd38 elementor-widget-divider--view-line elementor-widget elementor-widget-divider\" data-id=\"10ddd38\" data-element_type=\"widget\" data-widget_type=\"divider.default\">\n\t\t\t\t<div class=\"elementor-widget-container\">\n\t\t\t\t\t\t\t<div class=\"elementor-divider\">\n\t\t\t<span class=\"elementor-divider-separator\">\n\t\t\t\t\t\t<\/span>\n\t\t<\/div>\n\t\t\t\t\t\t<\/div>\n\t\t\t\t<\/div>\n\t\t\t\t\t<\/div>\n\t\t<\/div>\n\t\t\t\t\t<\/div>\n\t\t<\/section>\n\t\t\t\t<section class=\"elementor-section elementor-top-section elementor-element elementor-element-150cc43 elementor-section-boxed elementor-section-height-default elementor-section-height-default\" data-id=\"150cc43\" data-element_type=\"section\" data-settings=\"{&quot;_ha_eqh_enable&quot;:false}\">\n\t\t\t\t\t\t<div class=\"elementor-container elementor-column-gap-default\">\n\t\t\t\t\t<div class=\"elementor-column elementor-col-100 elementor-top-column elementor-element elementor-element-26f27ea\" data-id=\"26f27ea\" data-element_type=\"column\">\n\t\t\t<div class=\"elementor-widget-wrap elementor-element-populated\">\n\t\t\t\t\t\t<div data-ha-element-link=\"{&quot;url&quot;:&quot;#&quot;,&quot;is_external&quot;:&quot;&quot;,&quot;nofollow&quot;:&quot;&quot;}\" style=\"cursor: pointer\" class=\"elementor-element elementor-element-933a9d4 d2c-up elementor-widget elementor-widget-global elementor-global-1588 elementor-widget-heading\" data-id=\"933a9d4\" data-element_type=\"widget\" data-widget_type=\"heading.default\">\n\t\t\t\t<div class=\"elementor-widget-container\">\n\t\t\t\t\t<h5 class=\"elementor-heading-title elementor-size-default\"><a href=\"#\">go up<\/a><\/h5>\t\t\t\t<\/div>\n\t\t\t\t<\/div>\n\t\t\t\t\t<\/div>\n\t\t<\/div>\n\t\t\t\t\t<\/div>\n\t\t<\/section>\n\t\t\t\t<\/div>","protected":false},"excerpt":{"rendered":"<p>Zdob\u0105d\u017a naklejki w 8 kategoriach! wr\u00f3\u0107 do g\u00f3ry<\/p>","protected":false},"author":5,"featured_media":20903,"parent":0,"menu_order":0,"comment_status":"closed","ping_status":"closed","template":"elementor_header_footer","meta":{"_acf_changed":false,"footnotes":""},"categories":[35],"class_list":["post-15252","page","type-page","status-publish","has-post-thumbnail","hentry","category-sezon-lublin"],"acf":[],"yoast_head":"<!-- This site is optimized with the Yoast SEO plugin v26.5 - https:\/\/yoast.com\/wordpress\/plugins\/seo\/ -->\n<title>Oferta wg kategorii - Miasto Inspiracji<\/title>\n<meta name=\"description\" content=\"Lublin to prawdziwe Miasto Inspiracji. Poznaj Miejsca Inspiracji i sprawd\u017a, gdzie Przewodnicy Inspiracji poprowadz\u0105 ci\u0119, gdy trwa Sezon Lublin!\" \/>\n<meta name=\"robots\" content=\"index, follow, max-snippet:-1, max-image-preview:large, max-video-preview:-1\" \/>\n<link rel=\"canonical\" href=\"https:\/\/miastoinspiracji.lublin.eu\/en\/sezon-lublin-kategorie\/\" \/>\n<meta property=\"og:locale\" content=\"en_GB\" \/>\n<meta property=\"og:type\" content=\"article\" \/>\n<meta property=\"og:title\" content=\"Oferta wg kategorii - Miasto Inspiracji\" \/>\n<meta property=\"og:description\" content=\"Lublin to prawdziwe Miasto Inspiracji. Poznaj Miejsca Inspiracji i sprawd\u017a, gdzie Przewodnicy Inspiracji poprowadz\u0105 ci\u0119, gdy trwa Sezon Lublin!\" \/>\n<meta property=\"og:url\" content=\"https:\/\/miastoinspiracji.lublin.eu\/en\/sezon-lublin-kategorie\/\" \/>\n<meta property=\"og:site_name\" content=\"Miasto Inspiracji\" \/>\n<meta property=\"article:publisher\" content=\"https:\/\/www.facebook.com\/turystycznylublin\" \/>\n<meta property=\"article:modified_time\" content=\"2024-05-27T06:23:47+00:00\" \/>\n<meta property=\"og:image\" content=\"https:\/\/miastoinspiracji.lublin.eu\/wp-content\/uploads\/2023\/04\/SL2023_KREACJA_dluga-scaled.jpg\" \/>\n\t<meta property=\"og:image:width\" content=\"2560\" \/>\n\t<meta property=\"og:image:height\" content=\"888\" \/>\n\t<meta property=\"og:image:type\" content=\"image\/jpeg\" \/>\n<meta name=\"twitter:card\" content=\"summary_large_image\" \/>\n<meta name=\"twitter:site\" content=\"@miasto_lublin\" \/>\n<meta name=\"twitter:label1\" content=\"Estimated reading time\" \/>\n\t<meta name=\"twitter:data1\" content=\"2 minutes\" \/>\n<script type=\"application\/ld+json\" class=\"yoast-schema-graph\">{\"@context\":\"https:\/\/schema.org\",\"@graph\":[{\"@type\":\"WebPage\",\"@id\":\"https:\/\/miastoinspiracji.lublin.eu\/en\/sezon-lublin-kategorie\/\",\"url\":\"https:\/\/miastoinspiracji.lublin.eu\/en\/sezon-lublin-kategorie\/\",\"name\":\"Oferta wg kategorii - Miasto Inspiracji\",\"isPartOf\":{\"@id\":\"https:\/\/miastoinspiracji.lublin.eu\/en\/#website\"},\"primaryImageOfPage\":{\"@id\":\"https:\/\/miastoinspiracji.lublin.eu\/en\/sezon-lublin-kategorie\/#primaryimage\"},\"image\":{\"@id\":\"https:\/\/miastoinspiracji.lublin.eu\/en\/sezon-lublin-kategorie\/#primaryimage\"},\"thumbnailUrl\":\"https:\/\/miastoinspiracji.lublin.eu\/wp-content\/uploads\/2023\/04\/SL2023_KREACJA_dluga-scaled.jpg\",\"datePublished\":\"2022-05-11T06:57:10+00:00\",\"dateModified\":\"2024-05-27T06:23:47+00:00\",\"description\":\"Lublin to prawdziwe Miasto Inspiracji. Poznaj Miejsca Inspiracji i sprawd\u017a, gdzie Przewodnicy Inspiracji poprowadz\u0105 ci\u0119, gdy trwa Sezon Lublin!\",\"breadcrumb\":{\"@id\":\"https:\/\/miastoinspiracji.lublin.eu\/en\/sezon-lublin-kategorie\/#breadcrumb\"},\"inLanguage\":\"en-GB\",\"potentialAction\":[{\"@type\":\"ReadAction\",\"target\":[\"https:\/\/miastoinspiracji.lublin.eu\/en\/sezon-lublin-kategorie\/\"]}]},{\"@type\":\"ImageObject\",\"inLanguage\":\"en-GB\",\"@id\":\"https:\/\/miastoinspiracji.lublin.eu\/en\/sezon-lublin-kategorie\/#primaryimage\",\"url\":\"https:\/\/miastoinspiracji.lublin.eu\/wp-content\/uploads\/2023\/04\/SL2023_KREACJA_dluga-scaled.jpg\",\"contentUrl\":\"https:\/\/miastoinspiracji.lublin.eu\/wp-content\/uploads\/2023\/04\/SL2023_KREACJA_dluga-scaled.jpg\",\"width\":2560,\"height\":888,\"caption\":\"Grafika Akcji sezon Lublin\"},{\"@type\":\"BreadcrumbList\",\"@id\":\"https:\/\/miastoinspiracji.lublin.eu\/en\/sezon-lublin-kategorie\/#breadcrumb\",\"itemListElement\":[{\"@type\":\"ListItem\",\"position\":1,\"name\":\"Strona g\u0142\u00f3wna\",\"item\":\"https:\/\/miastoinspiracji.lublin.eu\/\"},{\"@type\":\"ListItem\",\"position\":2,\"name\":\"Oferta wg kategorii\"}]},{\"@type\":\"WebSite\",\"@id\":\"https:\/\/miastoinspiracji.lublin.eu\/en\/#website\",\"url\":\"https:\/\/miastoinspiracji.lublin.eu\/en\/\",\"name\":\"Miasto Inspiracji\",\"description\":\"Programy inspiracji Miasta Lublin\",\"publisher\":{\"@id\":\"https:\/\/miastoinspiracji.lublin.eu\/en\/#organization\"},\"potentialAction\":[{\"@type\":\"SearchAction\",\"target\":{\"@type\":\"EntryPoint\",\"urlTemplate\":\"https:\/\/miastoinspiracji.lublin.eu\/en\/?s={search_term_string}\"},\"query-input\":{\"@type\":\"PropertyValueSpecification\",\"valueRequired\":true,\"valueName\":\"search_term_string\"}}],\"inLanguage\":\"en-GB\"},{\"@type\":\"Organization\",\"@id\":\"https:\/\/miastoinspiracji.lublin.eu\/en\/#organization\",\"name\":\"Urz\u0105d Miasta Lublin\",\"url\":\"https:\/\/miastoinspiracji.lublin.eu\/en\/\",\"logo\":{\"@type\":\"ImageObject\",\"inLanguage\":\"en-GB\",\"@id\":\"https:\/\/miastoinspiracji.lublin.eu\/en\/#\/schema\/logo\/image\/\",\"url\":\"https:\/\/miastoinspiracji.lublin.eu\/wp-content\/uploads\/2020\/08\/favicon.png\",\"contentUrl\":\"https:\/\/miastoinspiracji.lublin.eu\/wp-content\/uploads\/2020\/08\/favicon.png\",\"width\":512,\"height\":512,\"caption\":\"Urz\u0105d Miasta Lublin\"},\"image\":{\"@id\":\"https:\/\/miastoinspiracji.lublin.eu\/en\/#\/schema\/logo\/image\/\"},\"sameAs\":[\"https:\/\/www.facebook.com\/turystycznylublin\",\"https:\/\/x.com\/miasto_lublin\",\"https:\/\/www.instagram.com\/turystycznylublin\/\",\"https:\/\/www.linkedin.com\/company\/urzad-miasta-lublin\/\",\"https:\/\/www.youtube.com\/channel\/UC7ALjgzz6oUurAOsgdKsN7A\",\"https:\/\/pl.wikipedia.org\/wiki\/Lublin\"]}]}<\/script>\n<!-- \/ Yoast SEO plugin. -->","yoast_head_json":{"title":"Oferta wg kategorii - Miasto Inspiracji","description":"Lublin to prawdziwe Miasto Inspiracji. Poznaj Miejsca Inspiracji i sprawd\u017a, gdzie Przewodnicy Inspiracji poprowadz\u0105 ci\u0119, gdy trwa Sezon Lublin!","robots":{"index":"index","follow":"follow","max-snippet":"max-snippet:-1","max-image-preview":"max-image-preview:large","max-video-preview":"max-video-preview:-1"},"canonical":"https:\/\/miastoinspiracji.lublin.eu\/en\/sezon-lublin-kategorie\/","og_locale":"en_GB","og_type":"article","og_title":"Oferta wg kategorii - Miasto Inspiracji","og_description":"Lublin to prawdziwe Miasto Inspiracji. Poznaj Miejsca Inspiracji i sprawd\u017a, gdzie Przewodnicy Inspiracji poprowadz\u0105 ci\u0119, gdy trwa Sezon Lublin!","og_url":"https:\/\/miastoinspiracji.lublin.eu\/en\/sezon-lublin-kategorie\/","og_site_name":"Miasto Inspiracji","article_publisher":"https:\/\/www.facebook.com\/turystycznylublin","article_modified_time":"2024-05-27T06:23:47+00:00","og_image":[{"width":2560,"height":888,"url":"https:\/\/miastoinspiracji.lublin.eu\/wp-content\/uploads\/2023\/04\/SL2023_KREACJA_dluga-scaled.jpg","type":"image\/jpeg"}],"twitter_card":"summary_large_image","twitter_site":"@miasto_lublin","twitter_misc":{"Estimated reading time":"2 minutes"},"schema":{"@context":"https:\/\/schema.org","@graph":[{"@type":"WebPage","@id":"https:\/\/miastoinspiracji.lublin.eu\/en\/sezon-lublin-kategorie\/","url":"https:\/\/miastoinspiracji.lublin.eu\/en\/sezon-lublin-kategorie\/","name":"Oferta wg kategorii - Miasto Inspiracji","isPartOf":{"@id":"https:\/\/miastoinspiracji.lublin.eu\/en\/#website"},"primaryImageOfPage":{"@id":"https:\/\/miastoinspiracji.lublin.eu\/en\/sezon-lublin-kategorie\/#primaryimage"},"image":{"@id":"https:\/\/miastoinspiracji.lublin.eu\/en\/sezon-lublin-kategorie\/#primaryimage"},"thumbnailUrl":"https:\/\/miastoinspiracji.lublin.eu\/wp-content\/uploads\/2023\/04\/SL2023_KREACJA_dluga-scaled.jpg","datePublished":"2022-05-11T06:57:10+00:00","dateModified":"2024-05-27T06:23:47+00:00","description":"Lublin to prawdziwe Miasto Inspiracji. Poznaj Miejsca Inspiracji i sprawd\u017a, gdzie Przewodnicy Inspiracji poprowadz\u0105 ci\u0119, gdy trwa Sezon Lublin!","breadcrumb":{"@id":"https:\/\/miastoinspiracji.lublin.eu\/en\/sezon-lublin-kategorie\/#breadcrumb"},"inLanguage":"en-GB","potentialAction":[{"@type":"ReadAction","target":["https:\/\/miastoinspiracji.lublin.eu\/en\/sezon-lublin-kategorie\/"]}]},{"@type":"ImageObject","inLanguage":"en-GB","@id":"https:\/\/miastoinspiracji.lublin.eu\/en\/sezon-lublin-kategorie\/#primaryimage","url":"https:\/\/miastoinspiracji.lublin.eu\/wp-content\/uploads\/2023\/04\/SL2023_KREACJA_dluga-scaled.jpg","contentUrl":"https:\/\/miastoinspiracji.lublin.eu\/wp-content\/uploads\/2023\/04\/SL2023_KREACJA_dluga-scaled.jpg","width":2560,"height":888,"caption":"Grafika Akcji sezon Lublin"},{"@type":"BreadcrumbList","@id":"https:\/\/miastoinspiracji.lublin.eu\/en\/sezon-lublin-kategorie\/#breadcrumb","itemListElement":[{"@type":"ListItem","position":1,"name":"Strona g\u0142\u00f3wna","item":"https:\/\/miastoinspiracji.lublin.eu\/"},{"@type":"ListItem","position":2,"name":"Oferta wg kategorii"}]},{"@type":"WebSite","@id":"https:\/\/miastoinspiracji.lublin.eu\/en\/#website","url":"https:\/\/miastoinspiracji.lublin.eu\/en\/","name":"Miasto Inspiracji","description":"Programy inspiracji Miasta Lublin","publisher":{"@id":"https:\/\/miastoinspiracji.lublin.eu\/en\/#organization"},"potentialAction":[{"@type":"SearchAction","target":{"@type":"EntryPoint","urlTemplate":"https:\/\/miastoinspiracji.lublin.eu\/en\/?s={search_term_string}"},"query-input":{"@type":"PropertyValueSpecification","valueRequired":true,"valueName":"search_term_string"}}],"inLanguage":"en-GB"},{"@type":"Organization","@id":"https:\/\/miastoinspiracji.lublin.eu\/en\/#organization","name":"Urz\u0105d Miasta Lublin","url":"https:\/\/miastoinspiracji.lublin.eu\/en\/","logo":{"@type":"ImageObject","inLanguage":"en-GB","@id":"https:\/\/miastoinspiracji.lublin.eu\/en\/#\/schema\/logo\/image\/","url":"https:\/\/miastoinspiracji.lublin.eu\/wp-content\/uploads\/2020\/08\/favicon.png","contentUrl":"https:\/\/miastoinspiracji.lublin.eu\/wp-content\/uploads\/2020\/08\/favicon.png","width":512,"height":512,"caption":"Urz\u0105d Miasta Lublin"},"image":{"@id":"https:\/\/miastoinspiracji.lublin.eu\/en\/#\/schema\/logo\/image\/"},"sameAs":["https:\/\/www.facebook.com\/turystycznylublin","https:\/\/x.com\/miasto_lublin","https:\/\/www.instagram.com\/turystycznylublin\/","https:\/\/www.linkedin.com\/company\/urzad-miasta-lublin\/","https:\/\/www.youtube.com\/channel\/UC7ALjgzz6oUurAOsgdKsN7A","https:\/\/pl.wikipedia.org\/wiki\/Lublin"]}]}},"_links":{"self":[{"href":"https:\/\/miastoinspiracji.lublin.eu\/en\/wp-json\/wp\/v2\/pages\/15252","targetHints":{"allow":["GET"]}}],"collection":[{"href":"https:\/\/miastoinspiracji.lublin.eu\/en\/wp-json\/wp\/v2\/pages"}],"about":[{"href":"https:\/\/miastoinspiracji.lublin.eu\/en\/wp-json\/wp\/v2\/types\/page"}],"author":[{"embeddable":true,"href":"https:\/\/miastoinspiracji.lublin.eu\/en\/wp-json\/wp\/v2\/users\/5"}],"replies":[{"embeddable":true,"href":"https:\/\/miastoinspiracji.lublin.eu\/en\/wp-json\/wp\/v2\/comments?post=15252"}],"version-history":[{"count":59,"href":"https:\/\/miastoinspiracji.lublin.eu\/en\/wp-json\/wp\/v2\/pages\/15252\/revisions"}],"predecessor-version":[{"id":25703,"href":"https:\/\/miastoinspiracji.lublin.eu\/en\/wp-json\/wp\/v2\/pages\/15252\/revisions\/25703"}],"wp:featuredmedia":[{"embeddable":true,"href":"https:\/\/miastoinspiracji.lublin.eu\/en\/wp-json\/wp\/v2\/media\/20903"}],"wp:attachment":[{"href":"https:\/\/miastoinspiracji.lublin.eu\/en\/wp-json\/wp\/v2\/media?parent=15252"}],"wp:term":[{"taxonomy":"category","embeddable":true,"href":"https:\/\/miastoinspiracji.lublin.eu\/en\/wp-json\/wp\/v2\/categories?post=15252"}],"curies":[{"name":"wp","href":"https:\/\/api.w.org\/{rel}","templated":true}]}}