{"id":1926,"date":"2020-08-23T14:48:26","date_gmt":"2020-08-23T14:48:26","guid":{"rendered":"https:\/\/miastoinspiracji.lublin.eu\/?page_id=1926"},"modified":"2026-04-20T13:28:06","modified_gmt":"2026-04-20T12:28:06","slug":"nabor-2","status":"publish","type":"page","link":"https:\/\/miastoinspiracji.lublin.eu\/en\/przewodnicy-inspiracji\/nabor-2026\/","title":{"rendered":"Nab\u00f3r 2026"},"content":{"rendered":"<div data-elementor-type=\"wp-page\" data-elementor-id=\"1926\" class=\"elementor elementor-1926\" data-elementor-settings=\"{&quot;ha_cmc_init_switcher&quot;:&quot;no&quot;}\" data-elementor-post-type=\"page\">\n\t\t\t\t\t\t<section class=\"elementor-section elementor-top-section elementor-element elementor-element-3c83d715 elementor-section-full_width elementor-section-height-default elementor-section-height-default\" data-id=\"3c83d715\" data-element_type=\"section\" data-settings=\"{&quot;_ha_eqh_enable&quot;:false}\">\n\t\t\t\t\t\t<div class=\"elementor-container elementor-column-gap-default\">\n\t\t\t\t\t<div class=\"elementor-column elementor-col-100 elementor-top-column elementor-element elementor-element-376b4c06\" data-id=\"376b4c06\" data-element_type=\"column\" data-settings=\"{&quot;background_background&quot;:&quot;classic&quot;}\">\n\t\t\t<div class=\"elementor-widget-wrap elementor-element-populated\">\n\t\t\t\t\t<div class=\"elementor-background-overlay\"><\/div>\n\t\t\t\t\t\t<div class=\"elementor-element elementor-element-6f241724 elementor-widget elementor-widget-heading\" data-id=\"6f241724\" data-element_type=\"widget\" data-widget_type=\"heading.default\">\n\t\t\t\t<div class=\"elementor-widget-container\">\n\t\t\t\t\t<h1 class=\"elementor-heading-title elementor-size-xxl\">Nab\u00f3r 2026<\/h1>\t\t\t\t<\/div>\n\t\t\t\t<\/div>\n\t\t\t\t\t<\/div>\n\t\t<\/div>\n\t\t\t\t\t<\/div>\n\t\t<\/section>\n\t\t\t\t<section class=\"elementor-section elementor-top-section elementor-element elementor-element-3e3fc8cc elementor-section-content-middle elementor-reverse-mobile elementor-section-boxed elementor-section-height-default elementor-section-height-default\" data-id=\"3e3fc8cc\" data-element_type=\"section\" data-settings=\"{&quot;background_background&quot;:&quot;classic&quot;,&quot;_ha_eqh_enable&quot;:false}\">\n\t\t\t\t\t\t<div class=\"elementor-container elementor-column-gap-default\">\n\t\t\t\t\t<div class=\"elementor-column elementor-col-50 elementor-top-column elementor-element elementor-element-5fddc6b8\" data-id=\"5fddc6b8\" data-element_type=\"column\">\n\t\t\t<div class=\"elementor-widget-wrap\">\n\t\t\t\t\t\t\t<\/div>\n\t\t<\/div>\n\t\t\t\t<div class=\"elementor-column elementor-col-50 elementor-top-column elementor-element elementor-element-32896be3\" data-id=\"32896be3\" data-element_type=\"column\">\n\t\t\t<div class=\"elementor-widget-wrap elementor-element-populated\">\n\t\t\t\t\t\t<div class=\"elementor-element elementor-element-4555a30d d2c-back elementor-absolute elementor-widget elementor-widget-global elementor-global-1591 elementor-widget-heading\" data-id=\"4555a30d\" data-element_type=\"widget\" data-settings=\"{&quot;_position&quot;:&quot;absolute&quot;}\" data-widget_type=\"heading.default\">\n\t\t\t\t<div class=\"elementor-widget-container\">\n\t\t\t\t\t<h5 class=\"elementor-heading-title elementor-size-default\"><a href=\"#\">go back<\/a><\/h5>\t\t\t\t<\/div>\n\t\t\t\t<\/div>\n\t\t\t\t\t<\/div>\n\t\t<\/div>\n\t\t\t\t\t<\/div>\n\t\t<\/section>\n\t\t\t\t<section class=\"elementor-section elementor-top-section elementor-element elementor-element-71dff807 elementor-section-boxed elementor-section-height-default elementor-section-height-default\" data-id=\"71dff807\" data-element_type=\"section\" data-settings=\"{&quot;_ha_eqh_enable&quot;:false}\">\n\t\t\t\t\t\t<div class=\"elementor-container elementor-column-gap-default\">\n\t\t\t\t\t<div class=\"elementor-column elementor-col-100 elementor-top-column elementor-element elementor-element-64e0a9a2\" data-id=\"64e0a9a2\" data-element_type=\"column\">\n\t\t\t<div class=\"elementor-widget-wrap elementor-element-populated\">\n\t\t\t\t\t\t<div class=\"elementor-element elementor-element-6abdb72 elementor-widget elementor-widget-heading\" data-id=\"6abdb72\" data-element_type=\"widget\" data-widget_type=\"heading.default\">\n\t\t\t\t<div class=\"elementor-widget-container\">\n\t\t\t\t\t<h2 class=\"elementor-heading-title elementor-size-default\">Nab\u00f3r do Programu \"Przewodnik Inspiracji\"  w 2026 roku<\/h2>\t\t\t\t<\/div>\n\t\t\t\t<\/div>\n\t\t\t\t<div class=\"elementor-element elementor-element-46d89721 elementor-widget elementor-widget-text-editor\" data-id=\"46d89721\" data-element_type=\"widget\" data-widget_type=\"text-editor.default\">\n\t\t\t\t<div class=\"elementor-widget-container\">\n\t\t\t\t\t\t\t\t\t<p><span style=\"font-weight: 400;\">Program skierowany jest zar\u00f3wno do os\u00f3b zawodowo zajmuj\u0105cych si\u0119 oprowadzaniem grupowym lub indywidualnym jak i tych, kt\u00f3rzy to zaj\u0119cie traktuj\u0105 jako dodatkowe.&nbsp;<\/span>Wy\u0142onienie uczestnik\u00f3w Programu nast\u0105pi na podstawie czteroetapowego procesu weryfikacji prowadzonego przez zesp\u00f3\u0142 ekspert\u00f3w. <span style=\"font-weight: 400;\">Osoby wyr\u00f3\u017cnione specjalnym tytu\u0142em b\u0119d\u0105 gwarantowa\u0142y profesjonalizm w przybli\u017caniu historii i dziedzictwa miasta, ale te\u017c zaproponuj\u0105 odkrywanie Lublina na nowo w oparciu o unikatowe oferty. Koncepcja Programu \u201ePrzewodnik Inspiracji\u201d wynika z za\u0142o\u017ce\u0144 przyj\u0119tych w Strategii Rozwoju Turystyki Miasta Lublin do 2025 roku oraz Strategii Marki Lublin.<\/span><\/p>\n<p><span style=\"font-weight: 400;\">Pierwszy etap procedury weryfikacyjnej zak\u0142ada samodzielne zg\u0142aszanie si\u0119 os\u00f3b ch\u0119tnych do wzi\u0119cia udzia\u0142u w Programie poprzez wype\u0142nienie Formularza Zg\u0142oszeniowego, kt\u00f3ry b\u0119dzie poddany ocenie formalnej przez Organizatora. Kolejny etap zak\u0142ada ocen\u0119 merytoryczn\u0105 Uczestnika Naboru. Ocena b\u0119dzie obejmowa\u0142a m.in. uko\u0144czone kursy, zdobyte certyfikaty, znajomo\u015b\u0107 j\u0119zyk\u00f3w obcych itp. Osoby, kt\u00f3re pozytywnie przejd\u0105 pierwszy i drugi etap naboru zostan\u0105 zakwalifikowane do trzeciego etapu trzeciego &#8211; testu kwalifikacyjnego. Test ma na celu&nbsp; sprawdzenie wiedzy og\u00f3lnej o mie\u015bcie i jego historii, ale tak\u017ce znajomo\u015b\u0107 oferty turystycznej czy kulturalnej miasta. Czwarty etap naboru to s<\/span><span style=\"font-weight: 400;\">pacer kwalifikuj\u0105cy. Podczas spaceru oceniana b\u0119dzie wiedza merytoryczna Uczestnika Naboru oraz tzw. kompetencje mi\u0119kkie m.in. umiej\u0119tno\u015b\u0107 nawi\u0105zania relacji z grup\u0105, autoprezentacja, radzenie sobie ze stresem. Uczestnicy Naboru, kt\u00f3rzy kolejno zalicz\u0105 wszystkie etapy Naboru i otrzymaj\u0105&nbsp; pozytywn\u0105 ocen\u0119 Komisji Programowej zdob\u0119d\u0105 tytu\u0142 &#8222;Przewodnika Inspiracji&#8221;.&nbsp;<\/span><\/p>\t\t\t\t\t\t\t\t<\/div>\n\t\t\t\t<\/div>\n\t\t\t\t<section class=\"elementor-section elementor-inner-section elementor-element elementor-element-b71a9eb elementor-section-boxed elementor-section-height-default elementor-section-height-default\" data-id=\"b71a9eb\" data-element_type=\"section\" data-settings=\"{&quot;_ha_eqh_enable&quot;:false}\">\n\t\t\t\t\t\t<div class=\"elementor-container elementor-column-gap-default\">\n\t\t\t\t\t<div class=\"elementor-column elementor-col-50 elementor-inner-column elementor-element elementor-element-7be341a7\" data-id=\"7be341a7\" data-element_type=\"column\">\n\t\t\t<div class=\"elementor-widget-wrap elementor-element-populated\">\n\t\t\t\t\t\t<div class=\"elementor-element elementor-element-67bd0e56 elementor-widget elementor-widget-image\" data-id=\"67bd0e56\" data-element_type=\"widget\" data-widget_type=\"image.default\">\n\t\t\t\t<div class=\"elementor-widget-container\">\n\t\t\t\t\t\t\t\t\t\t\t\t\t\t\t<img fetchpriority=\"high\" decoding=\"async\" width=\"1620\" height=\"1077\" src=\"https:\/\/miastoinspiracji.lublin.eu\/wp-content\/uploads\/2024\/06\/Spacer-8.jpg\" class=\"attachment-full size-full wp-image-27188\" alt=\"Grupa os\u00f3b uczestnicz\u0105cych w spacerze z okazji Dnia Cebularza, skupiona przy Wie\u017cy Trynitarskiej, s\u0142ucha przewodniczki\" srcset=\"https:\/\/miastoinspiracji.lublin.eu\/wp-content\/uploads\/2024\/06\/Spacer-8.jpg 1620w, https:\/\/miastoinspiracji.lublin.eu\/wp-content\/uploads\/2024\/06\/Spacer-8-300x199.jpg 300w, https:\/\/miastoinspiracji.lublin.eu\/wp-content\/uploads\/2024\/06\/Spacer-8-1024x681.jpg 1024w, https:\/\/miastoinspiracji.lublin.eu\/wp-content\/uploads\/2024\/06\/Spacer-8-768x511.jpg 768w, https:\/\/miastoinspiracji.lublin.eu\/wp-content\/uploads\/2024\/06\/Spacer-8-1536x1021.jpg 1536w, https:\/\/miastoinspiracji.lublin.eu\/wp-content\/uploads\/2024\/06\/Spacer-8-18x12.jpg 18w\" sizes=\"(max-width: 1620px) 100vw, 1620px\" \/>\t\t\t\t\t\t\t\t\t\t\t\t\t\t\t<\/div>\n\t\t\t\t<\/div>\n\t\t\t\t\t<\/div>\n\t\t<\/div>\n\t\t\t\t<div class=\"elementor-column elementor-col-50 elementor-inner-column elementor-element elementor-element-31734673\" data-id=\"31734673\" data-element_type=\"column\">\n\t\t\t<div class=\"elementor-widget-wrap elementor-element-populated\">\n\t\t\t\t\t\t<div class=\"elementor-element elementor-element-7c1d62ec elementor-widget elementor-widget-text-editor\" data-id=\"7c1d62ec\" data-element_type=\"widget\" data-widget_type=\"text-editor.default\">\n\t\t\t\t<div class=\"elementor-widget-container\">\n\t\t\t\t\t\t\t\t\t<p><span style=\"font-weight: 400;\">What are the benefits of becoming the Guide of Inspiration?<\/span><\/p><ul><li style=\"font-weight: 400;\"><span style=\"font-weight: 400;\">The prestigious title of the Guide of Inspiration given to him on behalf of the City of Lublin;<\/span><\/li><li style=\"font-weight: 400;\"><span style=\"font-weight: 400;\">presentation of the Guide of Inspiration bio along with a description of its tourist offer placed on a dedicated portal www.przewodnik.lublin.eu managed and promoted by the Lublin Municipal Office;<\/span><\/li><li style=\"font-weight: 400;\"><span style=\"font-weight: 400;\">inclusion in the plan of marketing activities aimed at promoting the tourist offer of the City of Lublin;<\/span><\/li><li style=\"font-weight: 400;\"><span style=\"font-weight: 400;\">uczestnictwo w szeregu realizowanych w Programie inicjatyw.<\/span><\/li><\/ul>\t\t\t\t\t\t\t\t<\/div>\n\t\t\t\t<\/div>\n\t\t\t\t\t<\/div>\n\t\t<\/div>\n\t\t\t\t\t<\/div>\n\t\t<\/section>\n\t\t\t\t\t<\/div>\n\t\t<\/div>\n\t\t\t\t\t<\/div>\n\t\t<\/section>\n\t\t\t\t<section class=\"elementor-section elementor-top-section elementor-element elementor-element-3ff1173 elementor-section-boxed elementor-section-height-default elementor-section-height-default\" data-id=\"3ff1173\" data-element_type=\"section\" data-settings=\"{&quot;_ha_eqh_enable&quot;:false}\">\n\t\t\t\t\t\t<div class=\"elementor-container elementor-column-gap-default\">\n\t\t\t\t\t<div class=\"elementor-column elementor-col-100 elementor-top-column elementor-element elementor-element-74cb4ec\" data-id=\"74cb4ec\" data-element_type=\"column\">\n\t\t\t<div class=\"elementor-widget-wrap elementor-element-populated\">\n\t\t\t\t\t\t<div class=\"elementor-element elementor-element-d231634 elementor-widget elementor-widget-heading\" data-id=\"d231634\" data-element_type=\"widget\" data-widget_type=\"heading.default\">\n\t\t\t\t<div class=\"elementor-widget-container\">\n\t\t\t\t\t<h2 class=\"elementor-heading-title elementor-size-default\">Informacje o naborze 2026<\/h2>\t\t\t\t<\/div>\n\t\t\t\t<\/div>\n\t\t\t\t\t<\/div>\n\t\t<\/div>\n\t\t\t\t\t<\/div>\n\t\t<\/section>\n\t\t\t\t<section class=\"elementor-section elementor-top-section elementor-element elementor-element-1f912af1 elementor-section-boxed elementor-section-height-default elementor-section-height-default\" data-id=\"1f912af1\" data-element_type=\"section\" data-settings=\"{&quot;_ha_eqh_enable&quot;:false}\">\n\t\t\t\t\t\t<div class=\"elementor-container elementor-column-gap-default\">\n\t\t\t\t\t<div class=\"elementor-column elementor-col-100 elementor-top-column elementor-element elementor-element-1b0ae51c\" data-id=\"1b0ae51c\" data-element_type=\"column\">\n\t\t\t<div class=\"elementor-widget-wrap elementor-element-populated\">\n\t\t\t\t\t\t<div class=\"elementor-element elementor-element-7c91b8aa elementor-widget elementor-widget-text-editor\" data-id=\"7c91b8aa\" data-element_type=\"widget\" data-widget_type=\"text-editor.default\">\n\t\t\t\t<div class=\"elementor-widget-container\">\n\t\t\t\t\t\t\t\t\t<p>Program skierowany jest zar\u00f3wno do os\u00f3b zawodowo zajmuj\u0105cych si\u0119 oprowadzaniem grupowym lub indywidualnym, jak i pasjonat\u00f3w. Zach\u0119camy do wzi\u0119cia udzia\u0142u w naborze i z\u0142o\u017cenia Formularza Zg\u0142oszeniowego osoby, kt\u00f3re oprowadzaj\u0105 w j\u0119zykach obcych.<\/p><ul><li>Nab\u00f3r<strong> rozpoczyna si\u0119 z dniem 10\u00a0 kwietnia 2026 r. i potrwa do 8 maja br.<\/strong><\/li><li>Osoby, kt\u00f3re otrzymaj\u0105 tytu\u0142 Przewodnika Inspiracji zostan\u0105 wybrane podczas <strong>czteroetapowego procesu weryfikacji prowadzonego przez zesp\u00f3\u0142 ekspert\u00f3w.<\/strong><\/li><li>Osoby ch\u0119tne do udzia\u0142u w naborze musz\u0105\u00a0zapozna\u0107 si\u0119 z<strong> Regulaminem Programu, Formularzem Zg\u0142oszeniowym i pozosta\u0142ymi niezb\u0119dnymi dokumentami<\/strong>, w kt\u00f3rych szczeg\u00f3\u0142owo zosta\u0142 opisany ka\u017cdy etap rekrutacji. Ww. dokumenty znajduj\u0105 si\u0119 na dole strony.<\/li><li>Aby wzi\u0105\u0107 udzia\u0142 w naborze, nale\u017cy przes\u0142a\u0107\u00a0skan poprawnie wype\u0142nionego i podpisanego formularza na adres\u00a0mailowy: <a href=\"mailto:przewodnik@lublin.eu\" data-cke-saved-href=\"mailto:przewodnik@lublin.eu\">przewodnik@lublin.eu<\/a> do dnia 8 maja br. lub z\u0142o\u017cy\u0107\u00a0formularz\u00a0w wersji papierowej,\u00a0w Wydziale Sportu i Turystyki Urz\u0119du Miasta Lublin, ul. Jezuicka 1\/3, 20-113 Lublin <span style=\"text-decoration: underline;\">(8:00-15:00 od poniedzia\u0142ku do pi\u0105tku)<\/span>, do 8 maja br. (decyduje data wp\u0142ywu).<\/li><li>Ka\u017cdy <strong>Uczestnik Naboru\u00a0mo\u017ce przes\u0142a\u0107 tylko jeden Formularz<\/strong>, a Organizator nie sprawdza tre\u015bci dokumentu do czasu zako\u0144czenia przyjmowania zg\u0142osze\u0144 (prosimy o dok\u0142adne sprawdzenie przed wys\u0142aniem, czy formularz jest w ca\u0142o\u015bci czytelnie i poprawnie wype\u0142niony\u00a0oraz osobi\u015bcie podpisany).<\/li><li>Po otrzymaniu zg\u0142oszenia Organizator potwierdza jedynie otrzymanie wiadomo\u015bci.<\/li><\/ul>\t\t\t\t\t\t\t\t<\/div>\n\t\t\t\t<\/div>\n\t\t\t\t\t<\/div>\n\t\t<\/div>\n\t\t\t\t\t<\/div>\n\t\t<\/section>\n\t\t\t\t<section class=\"elementor-section elementor-top-section elementor-element elementor-element-dc62907 elementor-section-boxed elementor-section-height-default elementor-section-height-default\" data-id=\"dc62907\" data-element_type=\"section\" data-settings=\"{&quot;_ha_eqh_enable&quot;:false}\">\n\t\t\t\t\t\t<div class=\"elementor-container elementor-column-gap-default\">\n\t\t\t\t\t<div class=\"elementor-column elementor-col-100 elementor-top-column elementor-element elementor-element-6419f8c\" data-id=\"6419f8c\" data-element_type=\"column\">\n\t\t\t<div class=\"elementor-widget-wrap elementor-element-populated\">\n\t\t\t\t\t\t<div class=\"elementor-element elementor-element-3f9e5fb elementor-widget elementor-widget-heading\" data-id=\"3f9e5fb\" data-element_type=\"widget\" data-widget_type=\"heading.default\">\n\t\t\t\t<div class=\"elementor-widget-container\">\n\t\t\t\t\t<h2 class=\"elementor-heading-title elementor-size-default\">Etapy naboru<\/h2>\t\t\t\t<\/div>\n\t\t\t\t<\/div>\n\t\t\t\t\t<\/div>\n\t\t<\/div>\n\t\t\t\t\t<\/div>\n\t\t<\/section>\n\t\t\t\t<section class=\"elementor-section elementor-top-section elementor-element elementor-element-8e9b86b elementor-section-boxed elementor-section-height-default elementor-section-height-default\" data-id=\"8e9b86b\" data-element_type=\"section\" data-settings=\"{&quot;_ha_eqh_enable&quot;:false}\">\n\t\t\t\t\t\t<div class=\"elementor-container elementor-column-gap-default\">\n\t\t\t\t\t<div class=\"elementor-column elementor-col-100 elementor-top-column elementor-element elementor-element-357c598\" data-id=\"357c598\" data-element_type=\"column\">\n\t\t\t<div class=\"elementor-widget-wrap elementor-element-populated\">\n\t\t\t\t\t\t<div class=\"elementor-element elementor-element-e3289c0 elementor-widget elementor-widget-text-editor\" data-id=\"e3289c0\" data-element_type=\"widget\" data-widget_type=\"text-editor.default\">\n\t\t\t\t<div class=\"elementor-widget-container\">\n\t\t\t\t\t\t\t\t\t<ul><li><strong>I etap naboru<\/strong> to ocena formalna zg\u0142oszenia na podstawie Karty Oceny Formalnej Formularza Zg\u0142oszeniowego (za\u0142\u0105cznik nr 2 do Regulaminu);<\/li><li><strong>II etap naboru <\/strong>to ocena merytoryczna zg\u0142oszenia na podstawie Karty Oceny Merytorycznej Formularza Zg\u0142oszeniowego (za\u0142\u0105cznik nr 3 do Regulaminu);<\/li><li><strong>III etap naboru<\/strong> to test wiedzy;<\/li><li><strong>IV etap naboru<\/strong> to spacer kwalifikuj\u0105cy (o dacie i godzinie spaceru z Uczestnikiem Naboru\u00a0decyduje Organizator; spacery odbywaj\u0105 si\u0119 na Starym Mie\u015bcie od poniedzia\u0142ku do pi\u0105tku od godz. 8:00 do godz. 13:00 i trwaj\u0105 oko\u0142o 60 minut). Spacer oceniany jest na podstawie Karty Oceny Spaceru Kwalifikuj\u0105cego (za\u0142\u0105cznik nr 4 do Regulaminu).<\/li><\/ul><p>O szczeg\u00f3\u0142ach dotycz\u0105cych III i IV etapu b\u0119d\u0105 informowani Uczestnicy\u00a0Naboru, kt\u00f3rzy przeszli pozytywnie dwa pierwsze etapy i zakwalifikowali si\u0119 do kolejnych etap\u00f3w naboru.<\/p><p>Niezb\u0119dne dokumenty znajduj\u0105 si\u0119 na dole strony oraz w Biuletynie Informacji Publicznej. <a href=\"https:\/\/bip.lublin.eu\/prawo\/zarzadzenia-prezydenta\/2026\/zarzadzenie-nr-1842026-prezydenta-miasta-lublin-z-dnia-2-kwietnia-2026-r-zmieniajace-zarzadzenie-w-sprawie-wprowadzenia-regulaminu-naboru-do-programu-przewodnik-inspiracji,967,28970,2.html\">Przejd\u017a do Biuletynu Informacji Publicznej<\/a>.<\/p>\t\t\t\t\t\t\t\t<\/div>\n\t\t\t\t<\/div>\n\t\t\t\t\t<\/div>\n\t\t<\/div>\n\t\t\t\t\t<\/div>\n\t\t<\/section>\n\t\t\t\t<section class=\"elementor-section elementor-top-section elementor-element elementor-element-cad4542 elementor-section-boxed elementor-section-height-default elementor-section-height-default\" data-id=\"cad4542\" data-element_type=\"section\" data-settings=\"{&quot;_ha_eqh_enable&quot;:false}\">\n\t\t\t\t\t\t<div class=\"elementor-container elementor-column-gap-default\">\n\t\t\t\t\t<div class=\"elementor-column elementor-col-100 elementor-top-column elementor-element elementor-element-9faca2a\" data-id=\"9faca2a\" data-element_type=\"column\">\n\t\t\t<div class=\"elementor-widget-wrap elementor-element-populated\">\n\t\t\t\t\t\t<div class=\"elementor-element elementor-element-fe22a0a elementor-widget elementor-widget-heading\" data-id=\"fe22a0a\" data-element_type=\"widget\" data-widget_type=\"heading.default\">\n\t\t\t\t<div class=\"elementor-widget-container\">\n\t\t\t\t\t<h2 class=\"elementor-heading-title elementor-size-default\">Harmonogram naboru*<\/h2>\t\t\t\t<\/div>\n\t\t\t\t<\/div>\n\t\t\t\t\t<\/div>\n\t\t<\/div>\n\t\t\t\t\t<\/div>\n\t\t<\/section>\n\t\t\t\t<section class=\"elementor-section elementor-top-section elementor-element elementor-element-0599473 elementor-section-boxed elementor-section-height-default elementor-section-height-default\" data-id=\"0599473\" data-element_type=\"section\" data-settings=\"{&quot;_ha_eqh_enable&quot;:false}\">\n\t\t\t\t\t\t<div class=\"elementor-container elementor-column-gap-default\">\n\t\t\t\t\t<div class=\"elementor-column elementor-col-100 elementor-top-column elementor-element elementor-element-a03b9f6\" data-id=\"a03b9f6\" data-element_type=\"column\">\n\t\t\t<div class=\"elementor-widget-wrap elementor-element-populated\">\n\t\t\t\t\t\t<div class=\"elementor-element elementor-element-bd34112 elementor-widget elementor-widget-text-editor\" data-id=\"bd34112\" data-element_type=\"widget\" data-widget_type=\"text-editor.default\">\n\t\t\t\t<div class=\"elementor-widget-container\">\n\t\t\t\t\t\t\t\t\t<ul><li><strong>10 kwietnia<\/strong> &#8211; og\u0142oszenie naboru<\/li><li><strong>8 maja<\/strong> &#8211; zako\u0144czenie przyjmowania formularzy zg\u0142oszeniowych<\/li><li><strong>do 13 maja<\/strong> &#8211; ocena formalna formularzy zg\u0142oszeniowych*<\/li><li><strong>do 18 maja<\/strong> &#8211; ocena merytoryczna formularzy zg\u0142oszeniowych*<\/li><li><strong>27 maja<\/strong> &#8211; test kwalifikuj\u0105cy*<\/li><li><strong>do 2 czerwca<\/strong> &#8211; wyniki testu kwalifikuj\u0105cego*<\/li><li><strong>8-12 czerwca<\/strong> &#8211; spacery*<\/li><\/ul><p><em>*Organizator zastrzega sobie prawo do zmiany daty testu wiedzy, og\u0142oszenia jego wynik\u00f3w oraz termin\u00f3w spacer\u00f3w kwalifikuj\u0105cych w zale\u017cno\u015bci od liczby zg\u0142osze\u0144 do naboru.<\/em><\/p>\t\t\t\t\t\t\t\t<\/div>\n\t\t\t\t<\/div>\n\t\t\t\t\t<\/div>\n\t\t<\/div>\n\t\t\t\t\t<\/div>\n\t\t<\/section>\n\t\t\t\t<section class=\"elementor-section elementor-top-section elementor-element elementor-element-8a807b6 elementor-section-boxed elementor-section-height-default elementor-section-height-default\" data-id=\"8a807b6\" data-element_type=\"section\" data-settings=\"{&quot;_ha_eqh_enable&quot;:false}\">\n\t\t\t\t\t\t<div class=\"elementor-container elementor-column-gap-default\">\n\t\t\t\t\t<div class=\"elementor-column elementor-col-100 elementor-top-column elementor-element elementor-element-3b44825\" data-id=\"3b44825\" data-element_type=\"column\">\n\t\t\t<div class=\"elementor-widget-wrap elementor-element-populated\">\n\t\t\t\t\t\t<div class=\"elementor-element elementor-element-5f83146 elementor-widget elementor-widget-heading\" data-id=\"5f83146\" data-element_type=\"widget\" data-widget_type=\"heading.default\">\n\t\t\t\t<div class=\"elementor-widget-container\">\n\t\t\t\t\t<h2 class=\"elementor-heading-title elementor-size-default\">Formularz zg\u0142oszeniowy<\/h2>\t\t\t\t<\/div>\n\t\t\t\t<\/div>\n\t\t\t\t<div class=\"elementor-element elementor-element-291db10 elementor-widget elementor-widget-text-editor\" data-id=\"291db10\" data-element_type=\"widget\" data-widget_type=\"text-editor.default\">\n\t\t\t\t<div class=\"elementor-widget-container\">\n\t\t\t\t\t\t\t\t\t<ol><li>Formularz Zg\u0142oszeniowy <span style=\"text-decoration: underline;\">musi zosta\u0107 wype\u0142niony w ca\u0142o\u015bci<\/span>.<\/li><li>Nie nale\u017cy pozostawia\u0107 \u017cadnych p\u00f3l pustych (je\u015bli dane pole Pa\u0144stwa nie dotyczy, prosimy wpisa\u0107 \u201enie dotyczy\u201d).<\/li><li>Formularz powinien by\u0107 wype\u0142niony czytelnie.<\/li><li>Dokument musi by\u0107 podpisany w wyznaczonym miejscu.<\/li><li>Wszystkie podane informacje musz\u0105 by\u0107 zgodne ze stanem faktycznym.<\/li><li><u>Dane kontaktowe powinny by\u0107 aktualne<\/u> i umo\u017cliwia\u0107 sprawny kontakt z kandydatem.<\/li><li>Opis spaceru og\u00f3lnego powinien by\u0107 przygotowany <u>w spos\u00f3b jasny i wyczerpuj\u0105cy<\/u>.<\/li><li>Opis spaceru tematycznego musi by\u0107 <u>szczeg\u00f3\u0142owy i pog\u0142\u0119biony<\/u>. Szczeg\u00f3ln\u0105 uwag\u0119 nale\u017cy zwr\u00f3ci\u0107 na unikalno\u015b\u0107 tematu \u2013 spacer powinien wyr\u00f3\u017cnia\u0107 si\u0119 na tle standardowej oferty przewodnickiej, oryginalne uj\u0119cie zagadnienia oraz fakt, \u017ce spacer nie powinien by\u0107 cz\u0119\u015bci\u0105 og\u00f3lnodost\u0119pnej oferty przewodnickiej lub by\u0107 oprowadzaniem ju\u017c proponowanym przez wybran\u0105 instytucj\u0119.<\/li><li>W Formularzu Zg\u0142oszeniowym nale\u017cy rzetelnie uzasadni\u0107 wyb\u00f3r tematu spaceru tematycznego. Prosimy wskaza\u0107, dlaczego temat jest interesuj\u0105cy i warto\u015bciowy, podkre\u015bli\u0107 jego wyr\u00f3\u017cniaj\u0105ce cechy, wyja\u015bni\u0107, na czym polega jego oryginalno\u015b\u0107 i wyj\u0105tkowo\u015b\u0107.<\/li><\/ol>\t\t\t\t\t\t\t\t<\/div>\n\t\t\t\t<\/div>\n\t\t\t\t\t<\/div>\n\t\t<\/div>\n\t\t\t\t\t<\/div>\n\t\t<\/section>\n\t\t\t\t<section class=\"elementor-section elementor-top-section elementor-element elementor-element-0df5763 elementor-section-boxed elementor-section-height-default elementor-section-height-default\" data-id=\"0df5763\" data-element_type=\"section\" data-settings=\"{&quot;_ha_eqh_enable&quot;:false}\">\n\t\t\t\t\t\t<div class=\"elementor-container elementor-column-gap-default\">\n\t\t\t\t\t<div class=\"elementor-column elementor-col-100 elementor-top-column elementor-element elementor-element-322e166\" data-id=\"322e166\" data-element_type=\"column\">\n\t\t\t<div class=\"elementor-widget-wrap elementor-element-populated\">\n\t\t\t\t\t\t<div class=\"elementor-element elementor-element-c3057db elementor-widget elementor-widget-heading\" data-id=\"c3057db\" data-element_type=\"widget\" data-widget_type=\"heading.default\">\n\t\t\t\t<div class=\"elementor-widget-container\">\n\t\t\t\t\t<h2 class=\"elementor-heading-title elementor-size-default\">Documents<\/h2>\t\t\t\t<\/div>\n\t\t\t\t<\/div>\n\t\t\t\t<div class=\"elementor-element elementor-element-e601154 elementor-widget__width-initial elementor-icon-list--layout-traditional elementor-list-item-link-full_width elementor-widget elementor-widget-icon-list\" data-id=\"e601154\" data-element_type=\"widget\" data-widget_type=\"icon-list.default\">\n\t\t\t\t<div class=\"elementor-widget-container\">\n\t\t\t\t\t\t\t<ul class=\"elementor-icon-list-items\">\n\t\t\t\t\t\t\t<li class=\"elementor-icon-list-item\">\n\t\t\t\t\t\t\t\t\t\t\t<a href=\"https:\/\/miastoinspiracji.lublin.eu\/wp-content\/uploads\/2026\/04\/Regulamin-naboru-2026.pdf\">\n\n\t\t\t\t\t\t\t\t\t\t\t\t<span class=\"elementor-icon-list-icon\">\n\t\t\t\t\t\t\t<i aria-hidden=\"true\" class=\"fas fa-file-upload\"><\/i>\t\t\t\t\t\t<\/span>\n\t\t\t\t\t\t\t\t\t\t<span class=\"elementor-icon-list-text\">Regulamin naboru do Programu \u201ePrzewodnik Inspiracji\u201d w 2026 roku<\/span>\n\t\t\t\t\t\t\t\t\t\t\t<\/a>\n\t\t\t\t\t\t\t\t\t<\/li>\n\t\t\t\t\t\t\t\t<li class=\"elementor-icon-list-item\">\n\t\t\t\t\t\t\t\t\t\t\t<a href=\"https:\/\/miastoinspiracji.lublin.eu\/wp-content\/uploads\/2026\/04\/Zalacznik-1_Formularz-zgloszeniowy.pdf\">\n\n\t\t\t\t\t\t\t\t\t\t\t\t<span class=\"elementor-icon-list-icon\">\n\t\t\t\t\t\t\t<i aria-hidden=\"true\" class=\"fas fa-file-upload\"><\/i>\t\t\t\t\t\t<\/span>\n\t\t\t\t\t\t\t\t\t\t<span class=\"elementor-icon-list-text\">Za\u0142\u0105cznik nr 1_Formularz Zg\u0142oszeniowy do Naboru do Programu \u201ePrzewodnik Inspiracji\u201d w 2026 roku<\/span>\n\t\t\t\t\t\t\t\t\t\t\t<\/a>\n\t\t\t\t\t\t\t\t\t<\/li>\n\t\t\t\t\t\t\t\t<li class=\"elementor-icon-list-item\">\n\t\t\t\t\t\t\t\t\t\t\t<a href=\"https:\/\/miastoinspiracji.lublin.eu\/wp-content\/uploads\/2026\/04\/Zalacznik-2_Ocena-formalna-formularza.pdf\">\n\n\t\t\t\t\t\t\t\t\t\t\t\t<span class=\"elementor-icon-list-icon\">\n\t\t\t\t\t\t\t<i aria-hidden=\"true\" class=\"fas fa-file-upload\"><\/i>\t\t\t\t\t\t<\/span>\n\t\t\t\t\t\t\t\t\t\t<span class=\"elementor-icon-list-text\">Za\u0142\u0105cznik nr 2_Karta oceny formalnej Formularza Zg\u0142oszeniowego<\/span>\n\t\t\t\t\t\t\t\t\t\t\t<\/a>\n\t\t\t\t\t\t\t\t\t<\/li>\n\t\t\t\t\t\t\t\t<li class=\"elementor-icon-list-item\">\n\t\t\t\t\t\t\t\t\t\t\t<a href=\"https:\/\/miastoinspiracji.lublin.eu\/wp-content\/uploads\/2026\/04\/Zalacznik-3_Ocena-meratoryczna-formularza.pdf\">\n\n\t\t\t\t\t\t\t\t\t\t\t\t<span class=\"elementor-icon-list-icon\">\n\t\t\t\t\t\t\t<i aria-hidden=\"true\" class=\"fas fa-file-upload\"><\/i>\t\t\t\t\t\t<\/span>\n\t\t\t\t\t\t\t\t\t\t<span class=\"elementor-icon-list-text\">Za\u0142\u0105cznik nr 3_Karta oceny merytorycznej Formularza Zg\u0142oszeniowego<\/span>\n\t\t\t\t\t\t\t\t\t\t\t<\/a>\n\t\t\t\t\t\t\t\t\t<\/li>\n\t\t\t\t\t\t\t\t<li class=\"elementor-icon-list-item\">\n\t\t\t\t\t\t\t\t\t\t\t<a href=\"https:\/\/miastoinspiracji.lublin.eu\/wp-content\/uploads\/2026\/04\/Zalacznik-4_Ocena-spaceru.pdf\">\n\n\t\t\t\t\t\t\t\t\t\t\t\t<span class=\"elementor-icon-list-icon\">\n\t\t\t\t\t\t\t<i aria-hidden=\"true\" class=\"fas fa-file-upload\"><\/i>\t\t\t\t\t\t<\/span>\n\t\t\t\t\t\t\t\t\t\t<span class=\"elementor-icon-list-text\">Za\u0142\u0105cznik nr 4_Karta oceny Spaceru Kwalifikuj\u0105cego<\/span>\n\t\t\t\t\t\t\t\t\t\t\t<\/a>\n\t\t\t\t\t\t\t\t\t<\/li>\n\t\t\t\t\t\t<\/ul>\n\t\t\t\t\t\t<\/div>\n\t\t\t\t<\/div>\n\t\t\t\t\t<\/div>\n\t\t<\/div>\n\t\t\t\t\t<\/div>\n\t\t<\/section>\n\t\t\t\t<section class=\"elementor-section elementor-top-section elementor-element elementor-element-bbf8a54 elementor-section-boxed elementor-section-height-default elementor-section-height-default\" data-id=\"bbf8a54\" data-element_type=\"section\" data-settings=\"{&quot;_ha_eqh_enable&quot;:false}\">\n\t\t\t\t\t\t<div class=\"elementor-container elementor-column-gap-default\">\n\t\t\t\t\t<div class=\"elementor-column elementor-col-100 elementor-top-column elementor-element elementor-element-fd5b711\" data-id=\"fd5b711\" data-element_type=\"column\">\n\t\t\t<div class=\"elementor-widget-wrap elementor-element-populated\">\n\t\t\t\t\t\t<div data-ha-element-link=\"{&quot;url&quot;:&quot;#&quot;,&quot;is_external&quot;:&quot;&quot;,&quot;nofollow&quot;:&quot;&quot;}\" style=\"cursor: pointer\" class=\"elementor-element elementor-element-13979c4b d2c-up elementor-widget elementor-widget-global elementor-global-1588 elementor-widget-heading\" data-id=\"13979c4b\" data-element_type=\"widget\" data-widget_type=\"heading.default\">\n\t\t\t\t<div class=\"elementor-widget-container\">\n\t\t\t\t\t<h5 class=\"elementor-heading-title elementor-size-default\"><a href=\"#\">go up<\/a><\/h5>\t\t\t\t<\/div>\n\t\t\t\t<\/div>\n\t\t\t\t\t<\/div>\n\t\t<\/div>\n\t\t\t\t\t<\/div>\n\t\t<\/section>\n\t\t\t\t<\/div>","protected":false},"excerpt":{"rendered":"<p>wr\u00f3\u0107 Nab\u00f3r do Programu &#8222;Przewodnik Inspiracji&#8221; w 2026 roku Program skierowany jest zar\u00f3wno do os\u00f3b zawodowo zajmuj\u0105cych si\u0119 oprowadzaniem grupowym lub indywidualnym jak i tych, kt\u00f3rzy to zaj\u0119cie traktuj\u0105 jako dodatkowe.&nbsp;Wy\u0142onienie uczestnik\u00f3w Programu nast\u0105pi na podstawie czteroetapowego procesu weryfikacji prowadzonego przez zesp\u00f3\u0142 ekspert\u00f3w. Osoby wyr\u00f3\u017cnione specjalnym tytu\u0142em b\u0119d\u0105 gwarantowa\u0142y profesjonalizm w przybli\u017caniu historii i dziedzictwa [&hellip;]<\/p>","protected":false},"author":1,"featured_media":5047,"parent":0,"menu_order":0,"comment_status":"closed","ping_status":"closed","template":"elementor_header_footer","meta":{"_acf_changed":false,"footnotes":""},"categories":[41],"class_list":["post-1926","page","type-page","status-publish","has-post-thumbnail","hentry","category-przewodnicy-inspiracji"],"acf":[],"yoast_head":"<!-- This site is optimized with the Yoast SEO plugin v26.5 - https:\/\/yoast.com\/wordpress\/plugins\/seo\/ -->\n<title>Nab\u00f3r 2026 - Miasto Inspiracji<\/title>\n<meta name=\"description\" content=\"Lublin to prawdziwe Miasto Inspiracji. Poznaj Miejsca Inspiracji i sprawd\u017a, gdzie Przewodnicy Inspiracji poprowadz\u0105 ci\u0119, gdy trwa Sezon Lublin!\" \/>\n<meta name=\"robots\" content=\"index, follow, max-snippet:-1, max-image-preview:large, max-video-preview:-1\" \/>\n<link rel=\"canonical\" href=\"https:\/\/miastoinspiracji.lublin.eu\/en\/przewodnicy-inspiracji\/nabor-2026\/\" \/>\n<meta property=\"og:locale\" content=\"en_GB\" \/>\n<meta property=\"og:type\" content=\"article\" \/>\n<meta property=\"og:title\" content=\"Nab\u00f3r 2026 - Miasto Inspiracji\" \/>\n<meta property=\"og:description\" content=\"Lublin to prawdziwe Miasto Inspiracji. Poznaj Miejsca Inspiracji i sprawd\u017a, gdzie Przewodnicy Inspiracji poprowadz\u0105 ci\u0119, gdy trwa Sezon Lublin!\" \/>\n<meta property=\"og:url\" content=\"https:\/\/miastoinspiracji.lublin.eu\/en\/przewodnicy-inspiracji\/nabor-2026\/\" \/>\n<meta property=\"og:site_name\" content=\"Miasto Inspiracji\" \/>\n<meta property=\"article:publisher\" content=\"https:\/\/www.facebook.com\/turystycznylublin\" \/>\n<meta property=\"article:modified_time\" content=\"2026-04-20T12:28:06+00:00\" \/>\n<meta property=\"og:image\" content=\"https:\/\/miastoinspiracji.lublin.eu\/wp-content\/uploads\/2020\/08\/Przewodnik-scaled.jpg\" \/>\n\t<meta property=\"og:image:width\" content=\"2560\" \/>\n\t<meta property=\"og:image:height\" content=\"667\" \/>\n\t<meta property=\"og:image:type\" content=\"image\/jpeg\" \/>\n<meta name=\"twitter:card\" content=\"summary_large_image\" \/>\n<meta name=\"twitter:site\" content=\"@miasto_lublin\" \/>\n<meta name=\"twitter:label1\" content=\"Estimated reading time\" \/>\n\t<meta name=\"twitter:data1\" content=\"4 minutes\" \/>\n<script type=\"application\/ld+json\" class=\"yoast-schema-graph\">{\"@context\":\"https:\/\/schema.org\",\"@graph\":[{\"@type\":\"WebPage\",\"@id\":\"https:\/\/miastoinspiracji.lublin.eu\/en\/przewodnicy-inspiracji\/nabor-2026\/\",\"url\":\"https:\/\/miastoinspiracji.lublin.eu\/en\/przewodnicy-inspiracji\/nabor-2026\/\",\"name\":\"Nab\u00f3r 2026 - Miasto Inspiracji\",\"isPartOf\":{\"@id\":\"https:\/\/miastoinspiracji.lublin.eu\/en\/#website\"},\"primaryImageOfPage\":{\"@id\":\"https:\/\/miastoinspiracji.lublin.eu\/en\/przewodnicy-inspiracji\/nabor-2026\/#primaryimage\"},\"image\":{\"@id\":\"https:\/\/miastoinspiracji.lublin.eu\/en\/przewodnicy-inspiracji\/nabor-2026\/#primaryimage\"},\"thumbnailUrl\":\"https:\/\/miastoinspiracji.lublin.eu\/wp-content\/uploads\/2020\/08\/Przewodnik-scaled.jpg\",\"datePublished\":\"2020-08-23T14:48:26+00:00\",\"dateModified\":\"2026-04-20T12:28:06+00:00\",\"description\":\"Lublin to prawdziwe Miasto Inspiracji. Poznaj Miejsca Inspiracji i sprawd\u017a, gdzie Przewodnicy Inspiracji poprowadz\u0105 ci\u0119, gdy trwa Sezon Lublin!\",\"breadcrumb\":{\"@id\":\"https:\/\/miastoinspiracji.lublin.eu\/en\/przewodnicy-inspiracji\/nabor-2026\/#breadcrumb\"},\"inLanguage\":\"en-GB\",\"potentialAction\":[{\"@type\":\"ReadAction\",\"target\":[\"https:\/\/miastoinspiracji.lublin.eu\/en\/przewodnicy-inspiracji\/nabor-2026\/\"]}]},{\"@type\":\"ImageObject\",\"inLanguage\":\"en-GB\",\"@id\":\"https:\/\/miastoinspiracji.lublin.eu\/en\/przewodnicy-inspiracji\/nabor-2026\/#primaryimage\",\"url\":\"https:\/\/miastoinspiracji.lublin.eu\/wp-content\/uploads\/2020\/08\/Przewodnik-scaled.jpg\",\"contentUrl\":\"https:\/\/miastoinspiracji.lublin.eu\/wp-content\/uploads\/2020\/08\/Przewodnik-scaled.jpg\",\"width\":2560,\"height\":667,\"caption\":\"Logo Przewodnik Inspiracji\"},{\"@type\":\"BreadcrumbList\",\"@id\":\"https:\/\/miastoinspiracji.lublin.eu\/en\/przewodnicy-inspiracji\/nabor-2026\/#breadcrumb\",\"itemListElement\":[{\"@type\":\"ListItem\",\"position\":1,\"name\":\"Strona g\u0142\u00f3wna\",\"item\":\"https:\/\/miastoinspiracji.lublin.eu\/\"},{\"@type\":\"ListItem\",\"position\":2,\"name\":\"Nab\u00f3r 2026\"}]},{\"@type\":\"WebSite\",\"@id\":\"https:\/\/miastoinspiracji.lublin.eu\/en\/#website\",\"url\":\"https:\/\/miastoinspiracji.lublin.eu\/en\/\",\"name\":\"Miasto Inspiracji\",\"description\":\"Programy inspiracji Miasta Lublin\",\"publisher\":{\"@id\":\"https:\/\/miastoinspiracji.lublin.eu\/en\/#organization\"},\"potentialAction\":[{\"@type\":\"SearchAction\",\"target\":{\"@type\":\"EntryPoint\",\"urlTemplate\":\"https:\/\/miastoinspiracji.lublin.eu\/en\/?s={search_term_string}\"},\"query-input\":{\"@type\":\"PropertyValueSpecification\",\"valueRequired\":true,\"valueName\":\"search_term_string\"}}],\"inLanguage\":\"en-GB\"},{\"@type\":\"Organization\",\"@id\":\"https:\/\/miastoinspiracji.lublin.eu\/en\/#organization\",\"name\":\"Urz\u0105d Miasta Lublin\",\"url\":\"https:\/\/miastoinspiracji.lublin.eu\/en\/\",\"logo\":{\"@type\":\"ImageObject\",\"inLanguage\":\"en-GB\",\"@id\":\"https:\/\/miastoinspiracji.lublin.eu\/en\/#\/schema\/logo\/image\/\",\"url\":\"https:\/\/miastoinspiracji.lublin.eu\/wp-content\/uploads\/2020\/08\/favicon.png\",\"contentUrl\":\"https:\/\/miastoinspiracji.lublin.eu\/wp-content\/uploads\/2020\/08\/favicon.png\",\"width\":512,\"height\":512,\"caption\":\"Urz\u0105d Miasta Lublin\"},\"image\":{\"@id\":\"https:\/\/miastoinspiracji.lublin.eu\/en\/#\/schema\/logo\/image\/\"},\"sameAs\":[\"https:\/\/www.facebook.com\/turystycznylublin\",\"https:\/\/x.com\/miasto_lublin\",\"https:\/\/www.instagram.com\/turystycznylublin\/\",\"https:\/\/www.linkedin.com\/company\/urzad-miasta-lublin\/\",\"https:\/\/www.youtube.com\/channel\/UC7ALjgzz6oUurAOsgdKsN7A\",\"https:\/\/pl.wikipedia.org\/wiki\/Lublin\"]}]}<\/script>\n<!-- \/ Yoast SEO plugin. -->","yoast_head_json":{"title":"Nab\u00f3r 2026 - Miasto Inspiracji","description":"Lublin to prawdziwe Miasto Inspiracji. Poznaj Miejsca Inspiracji i sprawd\u017a, gdzie Przewodnicy Inspiracji poprowadz\u0105 ci\u0119, gdy trwa Sezon Lublin!","robots":{"index":"index","follow":"follow","max-snippet":"max-snippet:-1","max-image-preview":"max-image-preview:large","max-video-preview":"max-video-preview:-1"},"canonical":"https:\/\/miastoinspiracji.lublin.eu\/en\/przewodnicy-inspiracji\/nabor-2026\/","og_locale":"en_GB","og_type":"article","og_title":"Nab\u00f3r 2026 - Miasto Inspiracji","og_description":"Lublin to prawdziwe Miasto Inspiracji. Poznaj Miejsca Inspiracji i sprawd\u017a, gdzie Przewodnicy Inspiracji poprowadz\u0105 ci\u0119, gdy trwa Sezon Lublin!","og_url":"https:\/\/miastoinspiracji.lublin.eu\/en\/przewodnicy-inspiracji\/nabor-2026\/","og_site_name":"Miasto Inspiracji","article_publisher":"https:\/\/www.facebook.com\/turystycznylublin","article_modified_time":"2026-04-20T12:28:06+00:00","og_image":[{"width":2560,"height":667,"url":"https:\/\/miastoinspiracji.lublin.eu\/wp-content\/uploads\/2020\/08\/Przewodnik-scaled.jpg","type":"image\/jpeg"}],"twitter_card":"summary_large_image","twitter_site":"@miasto_lublin","twitter_misc":{"Estimated reading time":"4 minutes"},"schema":{"@context":"https:\/\/schema.org","@graph":[{"@type":"WebPage","@id":"https:\/\/miastoinspiracji.lublin.eu\/en\/przewodnicy-inspiracji\/nabor-2026\/","url":"https:\/\/miastoinspiracji.lublin.eu\/en\/przewodnicy-inspiracji\/nabor-2026\/","name":"Nab\u00f3r 2026 - Miasto Inspiracji","isPartOf":{"@id":"https:\/\/miastoinspiracji.lublin.eu\/en\/#website"},"primaryImageOfPage":{"@id":"https:\/\/miastoinspiracji.lublin.eu\/en\/przewodnicy-inspiracji\/nabor-2026\/#primaryimage"},"image":{"@id":"https:\/\/miastoinspiracji.lublin.eu\/en\/przewodnicy-inspiracji\/nabor-2026\/#primaryimage"},"thumbnailUrl":"https:\/\/miastoinspiracji.lublin.eu\/wp-content\/uploads\/2020\/08\/Przewodnik-scaled.jpg","datePublished":"2020-08-23T14:48:26+00:00","dateModified":"2026-04-20T12:28:06+00:00","description":"Lublin to prawdziwe Miasto Inspiracji. Poznaj Miejsca Inspiracji i sprawd\u017a, gdzie Przewodnicy Inspiracji poprowadz\u0105 ci\u0119, gdy trwa Sezon Lublin!","breadcrumb":{"@id":"https:\/\/miastoinspiracji.lublin.eu\/en\/przewodnicy-inspiracji\/nabor-2026\/#breadcrumb"},"inLanguage":"en-GB","potentialAction":[{"@type":"ReadAction","target":["https:\/\/miastoinspiracji.lublin.eu\/en\/przewodnicy-inspiracji\/nabor-2026\/"]}]},{"@type":"ImageObject","inLanguage":"en-GB","@id":"https:\/\/miastoinspiracji.lublin.eu\/en\/przewodnicy-inspiracji\/nabor-2026\/#primaryimage","url":"https:\/\/miastoinspiracji.lublin.eu\/wp-content\/uploads\/2020\/08\/Przewodnik-scaled.jpg","contentUrl":"https:\/\/miastoinspiracji.lublin.eu\/wp-content\/uploads\/2020\/08\/Przewodnik-scaled.jpg","width":2560,"height":667,"caption":"Logo Przewodnik Inspiracji"},{"@type":"BreadcrumbList","@id":"https:\/\/miastoinspiracji.lublin.eu\/en\/przewodnicy-inspiracji\/nabor-2026\/#breadcrumb","itemListElement":[{"@type":"ListItem","position":1,"name":"Strona g\u0142\u00f3wna","item":"https:\/\/miastoinspiracji.lublin.eu\/"},{"@type":"ListItem","position":2,"name":"Nab\u00f3r 2026"}]},{"@type":"WebSite","@id":"https:\/\/miastoinspiracji.lublin.eu\/en\/#website","url":"https:\/\/miastoinspiracji.lublin.eu\/en\/","name":"Miasto Inspiracji","description":"Programy inspiracji Miasta Lublin","publisher":{"@id":"https:\/\/miastoinspiracji.lublin.eu\/en\/#organization"},"potentialAction":[{"@type":"SearchAction","target":{"@type":"EntryPoint","urlTemplate":"https:\/\/miastoinspiracji.lublin.eu\/en\/?s={search_term_string}"},"query-input":{"@type":"PropertyValueSpecification","valueRequired":true,"valueName":"search_term_string"}}],"inLanguage":"en-GB"},{"@type":"Organization","@id":"https:\/\/miastoinspiracji.lublin.eu\/en\/#organization","name":"Urz\u0105d Miasta Lublin","url":"https:\/\/miastoinspiracji.lublin.eu\/en\/","logo":{"@type":"ImageObject","inLanguage":"en-GB","@id":"https:\/\/miastoinspiracji.lublin.eu\/en\/#\/schema\/logo\/image\/","url":"https:\/\/miastoinspiracji.lublin.eu\/wp-content\/uploads\/2020\/08\/favicon.png","contentUrl":"https:\/\/miastoinspiracji.lublin.eu\/wp-content\/uploads\/2020\/08\/favicon.png","width":512,"height":512,"caption":"Urz\u0105d Miasta Lublin"},"image":{"@id":"https:\/\/miastoinspiracji.lublin.eu\/en\/#\/schema\/logo\/image\/"},"sameAs":["https:\/\/www.facebook.com\/turystycznylublin","https:\/\/x.com\/miasto_lublin","https:\/\/www.instagram.com\/turystycznylublin\/","https:\/\/www.linkedin.com\/company\/urzad-miasta-lublin\/","https:\/\/www.youtube.com\/channel\/UC7ALjgzz6oUurAOsgdKsN7A","https:\/\/pl.wikipedia.org\/wiki\/Lublin"]}]}},"_links":{"self":[{"href":"https:\/\/miastoinspiracji.lublin.eu\/en\/wp-json\/wp\/v2\/pages\/1926","targetHints":{"allow":["GET"]}}],"collection":[{"href":"https:\/\/miastoinspiracji.lublin.eu\/en\/wp-json\/wp\/v2\/pages"}],"about":[{"href":"https:\/\/miastoinspiracji.lublin.eu\/en\/wp-json\/wp\/v2\/types\/page"}],"author":[{"embeddable":true,"href":"https:\/\/miastoinspiracji.lublin.eu\/en\/wp-json\/wp\/v2\/users\/1"}],"replies":[{"embeddable":true,"href":"https:\/\/miastoinspiracji.lublin.eu\/en\/wp-json\/wp\/v2\/comments?post=1926"}],"version-history":[{"count":71,"href":"https:\/\/miastoinspiracji.lublin.eu\/en\/wp-json\/wp\/v2\/pages\/1926\/revisions"}],"predecessor-version":[{"id":29490,"href":"https:\/\/miastoinspiracji.lublin.eu\/en\/wp-json\/wp\/v2\/pages\/1926\/revisions\/29490"}],"wp:featuredmedia":[{"embeddable":true,"href":"https:\/\/miastoinspiracji.lublin.eu\/en\/wp-json\/wp\/v2\/media\/5047"}],"wp:attachment":[{"href":"https:\/\/miastoinspiracji.lublin.eu\/en\/wp-json\/wp\/v2\/media?parent=1926"}],"wp:term":[{"taxonomy":"category","embeddable":true,"href":"https:\/\/miastoinspiracji.lublin.eu\/en\/wp-json\/wp\/v2\/categories?post=1926"}],"curies":[{"name":"wp","href":"https:\/\/api.w.org\/{rel}","templated":true}]}}