{"id":8,"date":"2020-07-31T09:30:54","date_gmt":"2020-07-31T09:30:54","guid":{"rendered":"https:\/\/miastoinspiracji.lublin.eu\/?page_id=8"},"modified":"2026-02-16T10:20:13","modified_gmt":"2026-02-16T09:20:13","slug":"lublin-2","status":"publish","type":"page","link":"https:\/\/miastoinspiracji.lublin.eu\/en\/","title":{"rendered":"Lublin"},"content":{"rendered":"<div data-elementor-type=\"wp-page\" data-elementor-id=\"8\" class=\"elementor elementor-8\" data-elementor-settings=\"{&quot;ha_cmc_init_switcher&quot;:&quot;no&quot;}\" data-elementor-post-type=\"page\">\n\t\t\t\t\t\t<section class=\"elementor-section elementor-top-section elementor-element elementor-element-780f5492 elementor-section-full_width elementor-section-height-min-height elementor-section-content-middle menu-section elementor-section-height-default elementor-section-items-middle\" data-id=\"780f5492\" data-element_type=\"section\" id=\"main-programy-inspiracji\" data-settings=\"{&quot;background_background&quot;:&quot;slideshow&quot;,&quot;background_slideshow_gallery&quot;:[{&quot;id&quot;:3889,&quot;url&quot;:&quot;https:\\\/\\\/miastoinspiracji.lublin.eu\\\/wp-content\\\/uploads\\\/2020\\\/08\\\/Foto_1.jpg&quot;},{&quot;id&quot;:3888,&quot;url&quot;:&quot;https:\\\/\\\/miastoinspiracji.lublin.eu\\\/wp-content\\\/uploads\\\/2020\\\/08\\\/Foto_2.jpg&quot;},{&quot;id&quot;:3887,&quot;url&quot;:&quot;https:\\\/\\\/miastoinspiracji.lublin.eu\\\/wp-content\\\/uploads\\\/2020\\\/08\\\/Foto_3.jpg&quot;}],&quot;background_slideshow_loop&quot;:&quot;yes&quot;,&quot;background_slideshow_slide_duration&quot;:5000,&quot;background_slideshow_slide_transition&quot;:&quot;fade&quot;,&quot;background_slideshow_transition_duration&quot;:500,&quot;_ha_eqh_enable&quot;:false}\" data-section-name=\"programy-inspiracji\">\n\t\t\t\t\t\t\t<div class=\"elementor-background-overlay\"><\/div>\n\t\t\t\t\t\t\t<div class=\"elementor-container elementor-column-gap-default\">\n\t\t\t\t\t<div class=\"elementor-column elementor-col-33 elementor-top-column elementor-element elementor-element-7969c7de\" data-id=\"7969c7de\" data-element_type=\"column\">\n\t\t\t<div class=\"elementor-widget-wrap elementor-element-populated\">\n\t\t\t\t\t\t<div class=\"elementor-element elementor-element-dd2d27e elementor-nav-menu__align-start elementor-nav-menu--dropdown-none d2c-vertical-menu elementor-widget elementor-widget-nav-menu\" data-id=\"dd2d27e\" data-element_type=\"widget\" data-settings=\"{&quot;layout&quot;:&quot;vertical&quot;,&quot;submenu_icon&quot;:{&quot;value&quot;:&quot;&lt;i class=\\&quot;\\&quot;&gt;&lt;\\\/i&gt;&quot;,&quot;library&quot;:&quot;&quot;}}\" data-widget_type=\"nav-menu.default\">\n\t\t\t\t<div class=\"elementor-widget-container\">\n\t\t\t\t\t\t\t\t<nav aria-label=\"Menu\" class=\"elementor-nav-menu--main elementor-nav-menu__container elementor-nav-menu--layout-vertical e--pointer-background e--animation-sweep-right\">\n\t\t\t\t<ul id=\"menu-1-dd2d27e\" class=\"elementor-nav-menu sm-vertical\"><li class=\"menu-item menu-item-type-custom menu-item-object-custom menu-item-has-children menu-item-144\"><a href=\"\/en\/#miejsca-inspiracji\" class=\"elementor-item elementor-item-anchor\">Places of Inspiration<\/a>\n<ul class=\"sub-menu elementor-nav-menu--dropdown\">\n\t<li class=\"menu-item menu-item-type-post_type menu-item-object-page menu-item-2688\"><a href=\"https:\/\/miastoinspiracji.lublin.eu\/en\/miejsca-inspiracji\/aktualnosci\/\" class=\"elementor-sub-item\">News<\/a><\/li>\n\t<li class=\"menu-item menu-item-type-post_type menu-item-object-page menu-item-2687\"><a href=\"https:\/\/miastoinspiracji.lublin.eu\/en\/miejsca-inspiracji\/idea-projektu\/\" class=\"elementor-sub-item\">Project idea<\/a><\/li>\n\t<li class=\"menu-item menu-item-type-post_type menu-item-object-page menu-item-2685\"><a href=\"https:\/\/miastoinspiracji.lublin.eu\/en\/miejsca-inspiracji\/partnerzy\/\" class=\"elementor-sub-item\">Places of Inspiration<\/a><\/li>\n\t<li class=\"menu-item menu-item-type-post_type menu-item-object-page menu-item-2686\"><a href=\"https:\/\/miastoinspiracji.lublin.eu\/en\/miejsca-inspiracji\/przepisy-lubelskie\/\" class=\"elementor-sub-item\">Lublin recipes<\/a><\/li>\n\t<li class=\"menu-item menu-item-type-post_type menu-item-object-page menu-item-2684\"><a href=\"https:\/\/miastoinspiracji.lublin.eu\/en\/miejsca-inspiracji\/poprzednie-edycje\/\" class=\"elementor-sub-item\">Previous editions<\/a><\/li>\n\t<li class=\"menu-item menu-item-type-post_type menu-item-object-page menu-item-2683\"><a href=\"https:\/\/miastoinspiracji.lublin.eu\/en\/miejsca-inspiracji\/multimedia\/\" class=\"elementor-sub-item\">Multimedia<\/a><\/li>\n<\/ul>\n<\/li>\n<li class=\"menu-item menu-item-type-custom menu-item-object-custom menu-item-has-children menu-item-142\"><a href=\"\/en\/#przewodnicy-inspiracji\" class=\"elementor-item elementor-item-anchor\">Guides of Inspiration<\/a>\n<ul class=\"sub-menu elementor-nav-menu--dropdown\">\n\t<li class=\"menu-item menu-item-type-post_type menu-item-object-page menu-item-4386\"><a href=\"https:\/\/miastoinspiracji.lublin.eu\/en\/przewodnicy-inspiracji\/poznaj-przewodnikow\/\" class=\"elementor-sub-item\">Meet the Guides<\/a><\/li>\n\t<li class=\"menu-item menu-item-type-post_type menu-item-object-page menu-item-2330\"><a href=\"https:\/\/miastoinspiracji.lublin.eu\/en\/przewodnicy-inspiracji\/wyszukiwarka-tras\/\" class=\"elementor-sub-item\">Find a tour<\/a><\/li>\n\t<li class=\"menu-item menu-item-type-post_type menu-item-object-page menu-item-2332\"><a href=\"https:\/\/miastoinspiracji.lublin.eu\/en\/przewodnicy-inspiracji\/idea\/\" class=\"elementor-sub-item\">Idea<\/a><\/li>\n\t<li class=\"menu-item menu-item-type-post_type menu-item-object-page menu-item-6095\"><a href=\"https:\/\/miastoinspiracji.lublin.eu\/en\/przewodnicy-inspiracji\/nabor-2026\/\" class=\"elementor-sub-item\">Nab\u00f3r 2026<\/a><\/li>\n<\/ul>\n<\/li>\n<li class=\"menu-item menu-item-type-custom menu-item-object-custom menu-item-has-children menu-item-143\"><a href=\"\/en\/#sezon-lublin\" class=\"elementor-item elementor-item-anchor\">Lublin Season<\/a>\n<ul class=\"sub-menu elementor-nav-menu--dropdown\">\n\t<li class=\"menu-item menu-item-type-post_type menu-item-object-page menu-item-2326\"><a href=\"https:\/\/miastoinspiracji.lublin.eu\/en\/sezon-lublin\/o-sezonie\/\" class=\"elementor-sub-item\">About the Season<\/a><\/li>\n\t<li class=\"menu-item menu-item-type-post_type menu-item-object-page menu-item-13196\"><a href=\"https:\/\/miastoinspiracji.lublin.eu\/en\/sezon-lublin\/jak-dziala-sezon-lublin\/\" class=\"elementor-sub-item\">Sezon Lublin 2025<\/a><\/li>\n\t<li class=\"menu-item menu-item-type-post_type menu-item-object-page menu-item-2327\"><a href=\"https:\/\/miastoinspiracji.lublin.eu\/en\/sezon-lublin\/poprzednie-edycje\/\" class=\"elementor-sub-item\">Previous editions<\/a><\/li>\n\t<li class=\"menu-item menu-item-type-post_type menu-item-object-page menu-item-13219\"><a href=\"https:\/\/miastoinspiracji.lublin.eu\/en\/sezon-lublin\/nabor\/\" class=\"elementor-sub-item\">Nab\u00f3r 2026<\/a><\/li>\n<\/ul>\n<\/li>\n<li class=\"menu-item menu-item-type-post_type menu-item-object-page menu-item-26825\"><a href=\"https:\/\/miastoinspiracji.lublin.eu\/en\/dzien-cebularza\/\" class=\"elementor-item\">Dzie\u0144 Cebularza<\/a><\/li>\n<li class=\"menu-item menu-item-type-custom menu-item-object-custom menu-item-has-children menu-item-27407\"><a href=\"\/en\/#5\" class=\"elementor-item elementor-item-anchor\">Jewish Lublin<\/a>\n<ul class=\"sub-menu elementor-nav-menu--dropdown\">\n\t<li class=\"menu-item menu-item-type-post_type menu-item-object-page menu-item-27416\"><a href=\"https:\/\/miastoinspiracji.lublin.eu\/en\/o-projekcie-jewels-tour\/\" class=\"elementor-sub-item\">About JEWELS Tour project<\/a><\/li>\n\t<li class=\"menu-item menu-item-type-post_type menu-item-object-page menu-item-27821\"><a href=\"https:\/\/miastoinspiracji.lublin.eu\/en\/lublin-zydowski\/szlak-pamieci-lublin-pamiec-zaglady\/\" class=\"elementor-sub-item\">The Memory Trail<\/a><\/li>\n\t<li class=\"menu-item menu-item-type-post_type menu-item-object-page menu-item-27820\"><a href=\"https:\/\/miastoinspiracji.lublin.eu\/en\/lublin-zydowski\/miejsca-pamieci\/\" class=\"elementor-sub-item\">Places of Remembrance<\/a><\/li>\n\t<li class=\"menu-item menu-item-type-post_type menu-item-object-page menu-item-27819\"><a href=\"https:\/\/miastoinspiracji.lublin.eu\/en\/lublin-zydowski\/powiazane-miejsca\/\" class=\"elementor-sub-item\">Other places<\/a><\/li>\n\t<li class=\"menu-item menu-item-type-post_type menu-item-object-page menu-item-27818\"><a href=\"https:\/\/miastoinspiracji.lublin.eu\/en\/lublin-zydowski\/multimedia-i-publikacje\/\" class=\"elementor-sub-item\">Multimedia and publications<\/a><\/li>\n<\/ul>\n<\/li>\n<li class=\"menu-item menu-item-type-post_type menu-item-object-page menu-item-27494\"><a href=\"https:\/\/miastoinspiracji.lublin.eu\/en\/deklaracja-dostepnosci\/\" class=\"elementor-item\">Declaration of accessibility<\/a><\/li>\n<\/ul>\t\t\t<\/nav>\n\t\t\t\t\t\t<nav class=\"elementor-nav-menu--dropdown elementor-nav-menu__container\" aria-hidden=\"true\">\n\t\t\t\t<ul id=\"menu-2-dd2d27e\" class=\"elementor-nav-menu sm-vertical\"><li class=\"menu-item menu-item-type-custom menu-item-object-custom menu-item-has-children menu-item-144\"><a href=\"\/en\/#miejsca-inspiracji\" class=\"elementor-item elementor-item-anchor\" tabindex=\"-1\">Places of Inspiration<\/a>\n<ul class=\"sub-menu elementor-nav-menu--dropdown\">\n\t<li class=\"menu-item menu-item-type-post_type menu-item-object-page menu-item-2688\"><a href=\"https:\/\/miastoinspiracji.lublin.eu\/en\/miejsca-inspiracji\/aktualnosci\/\" class=\"elementor-sub-item\" tabindex=\"-1\">News<\/a><\/li>\n\t<li class=\"menu-item menu-item-type-post_type menu-item-object-page menu-item-2687\"><a href=\"https:\/\/miastoinspiracji.lublin.eu\/en\/miejsca-inspiracji\/idea-projektu\/\" class=\"elementor-sub-item\" tabindex=\"-1\">Project idea<\/a><\/li>\n\t<li class=\"menu-item menu-item-type-post_type menu-item-object-page menu-item-2685\"><a href=\"https:\/\/miastoinspiracji.lublin.eu\/en\/miejsca-inspiracji\/partnerzy\/\" class=\"elementor-sub-item\" tabindex=\"-1\">Places of Inspiration<\/a><\/li>\n\t<li class=\"menu-item menu-item-type-post_type menu-item-object-page menu-item-2686\"><a href=\"https:\/\/miastoinspiracji.lublin.eu\/en\/miejsca-inspiracji\/przepisy-lubelskie\/\" class=\"elementor-sub-item\" tabindex=\"-1\">Lublin recipes<\/a><\/li>\n\t<li class=\"menu-item menu-item-type-post_type menu-item-object-page menu-item-2684\"><a href=\"https:\/\/miastoinspiracji.lublin.eu\/en\/miejsca-inspiracji\/poprzednie-edycje\/\" class=\"elementor-sub-item\" tabindex=\"-1\">Previous editions<\/a><\/li>\n\t<li class=\"menu-item menu-item-type-post_type menu-item-object-page menu-item-2683\"><a href=\"https:\/\/miastoinspiracji.lublin.eu\/en\/miejsca-inspiracji\/multimedia\/\" class=\"elementor-sub-item\" tabindex=\"-1\">Multimedia<\/a><\/li>\n<\/ul>\n<\/li>\n<li class=\"menu-item menu-item-type-custom menu-item-object-custom menu-item-has-children menu-item-142\"><a href=\"\/en\/#przewodnicy-inspiracji\" class=\"elementor-item elementor-item-anchor\" tabindex=\"-1\">Guides of Inspiration<\/a>\n<ul class=\"sub-menu elementor-nav-menu--dropdown\">\n\t<li class=\"menu-item menu-item-type-post_type menu-item-object-page menu-item-4386\"><a href=\"https:\/\/miastoinspiracji.lublin.eu\/en\/przewodnicy-inspiracji\/poznaj-przewodnikow\/\" class=\"elementor-sub-item\" tabindex=\"-1\">Meet the Guides<\/a><\/li>\n\t<li class=\"menu-item menu-item-type-post_type menu-item-object-page menu-item-2330\"><a href=\"https:\/\/miastoinspiracji.lublin.eu\/en\/przewodnicy-inspiracji\/wyszukiwarka-tras\/\" class=\"elementor-sub-item\" tabindex=\"-1\">Find a tour<\/a><\/li>\n\t<li class=\"menu-item menu-item-type-post_type menu-item-object-page menu-item-2332\"><a href=\"https:\/\/miastoinspiracji.lublin.eu\/en\/przewodnicy-inspiracji\/idea\/\" class=\"elementor-sub-item\" tabindex=\"-1\">Idea<\/a><\/li>\n\t<li class=\"menu-item menu-item-type-post_type menu-item-object-page menu-item-6095\"><a href=\"https:\/\/miastoinspiracji.lublin.eu\/en\/przewodnicy-inspiracji\/nabor-2026\/\" class=\"elementor-sub-item\" tabindex=\"-1\">Nab\u00f3r 2026<\/a><\/li>\n<\/ul>\n<\/li>\n<li class=\"menu-item menu-item-type-custom menu-item-object-custom menu-item-has-children menu-item-143\"><a href=\"\/en\/#sezon-lublin\" class=\"elementor-item elementor-item-anchor\" tabindex=\"-1\">Lublin Season<\/a>\n<ul class=\"sub-menu elementor-nav-menu--dropdown\">\n\t<li class=\"menu-item menu-item-type-post_type menu-item-object-page menu-item-2326\"><a href=\"https:\/\/miastoinspiracji.lublin.eu\/en\/sezon-lublin\/o-sezonie\/\" class=\"elementor-sub-item\" tabindex=\"-1\">About the Season<\/a><\/li>\n\t<li class=\"menu-item menu-item-type-post_type menu-item-object-page menu-item-13196\"><a href=\"https:\/\/miastoinspiracji.lublin.eu\/en\/sezon-lublin\/jak-dziala-sezon-lublin\/\" class=\"elementor-sub-item\" tabindex=\"-1\">Sezon Lublin 2025<\/a><\/li>\n\t<li class=\"menu-item menu-item-type-post_type menu-item-object-page menu-item-2327\"><a href=\"https:\/\/miastoinspiracji.lublin.eu\/en\/sezon-lublin\/poprzednie-edycje\/\" class=\"elementor-sub-item\" tabindex=\"-1\">Previous editions<\/a><\/li>\n\t<li class=\"menu-item menu-item-type-post_type menu-item-object-page menu-item-13219\"><a href=\"https:\/\/miastoinspiracji.lublin.eu\/en\/sezon-lublin\/nabor\/\" class=\"elementor-sub-item\" tabindex=\"-1\">Nab\u00f3r 2026<\/a><\/li>\n<\/ul>\n<\/li>\n<li class=\"menu-item menu-item-type-post_type menu-item-object-page menu-item-26825\"><a href=\"https:\/\/miastoinspiracji.lublin.eu\/en\/dzien-cebularza\/\" class=\"elementor-item\" tabindex=\"-1\">Dzie\u0144 Cebularza<\/a><\/li>\n<li class=\"menu-item menu-item-type-custom menu-item-object-custom menu-item-has-children menu-item-27407\"><a href=\"\/en\/#5\" class=\"elementor-item elementor-item-anchor\" tabindex=\"-1\">Jewish Lublin<\/a>\n<ul class=\"sub-menu elementor-nav-menu--dropdown\">\n\t<li class=\"menu-item menu-item-type-post_type menu-item-object-page menu-item-27416\"><a href=\"https:\/\/miastoinspiracji.lublin.eu\/en\/o-projekcie-jewels-tour\/\" class=\"elementor-sub-item\" tabindex=\"-1\">About JEWELS Tour project<\/a><\/li>\n\t<li class=\"menu-item menu-item-type-post_type menu-item-object-page menu-item-27821\"><a href=\"https:\/\/miastoinspiracji.lublin.eu\/en\/lublin-zydowski\/szlak-pamieci-lublin-pamiec-zaglady\/\" class=\"elementor-sub-item\" tabindex=\"-1\">The Memory Trail<\/a><\/li>\n\t<li class=\"menu-item menu-item-type-post_type menu-item-object-page menu-item-27820\"><a href=\"https:\/\/miastoinspiracji.lublin.eu\/en\/lublin-zydowski\/miejsca-pamieci\/\" class=\"elementor-sub-item\" tabindex=\"-1\">Places of Remembrance<\/a><\/li>\n\t<li class=\"menu-item menu-item-type-post_type menu-item-object-page menu-item-27819\"><a href=\"https:\/\/miastoinspiracji.lublin.eu\/en\/lublin-zydowski\/powiazane-miejsca\/\" class=\"elementor-sub-item\" tabindex=\"-1\">Other places<\/a><\/li>\n\t<li class=\"menu-item menu-item-type-post_type menu-item-object-page menu-item-27818\"><a href=\"https:\/\/miastoinspiracji.lublin.eu\/en\/lublin-zydowski\/multimedia-i-publikacje\/\" class=\"elementor-sub-item\" tabindex=\"-1\">Multimedia and publications<\/a><\/li>\n<\/ul>\n<\/li>\n<li class=\"menu-item menu-item-type-post_type menu-item-object-page menu-item-27494\"><a href=\"https:\/\/miastoinspiracji.lublin.eu\/en\/deklaracja-dostepnosci\/\" class=\"elementor-item\" tabindex=\"-1\">Declaration of accessibility<\/a><\/li>\n<\/ul>\t\t\t<\/nav>\n\t\t\t\t\t\t<\/div>\n\t\t\t\t<\/div>\n\t\t\t\t<div class=\"elementor-element elementor-element-83dc82c elementor-widget elementor-widget-heading\" data-id=\"83dc82c\" data-element_type=\"widget\" data-widget_type=\"heading.default\">\n\t\t\t\t<div class=\"elementor-widget-container\">\n\t\t\t\t\t<h1 class=\"elementor-heading-title elementor-size-default\">Lublin - City of Inspiration<\/h1>\t\t\t\t<\/div>\n\t\t\t\t<\/div>\n\t\t\t\t<div class=\"elementor-element elementor-element-272b514 elementor-widget elementor-widget-text-editor\" data-id=\"272b514\" data-element_type=\"widget\" data-widget_type=\"text-editor.default\">\n\t\t\t\t<div class=\"elementor-widget-container\">\n\t\t\t\t\t\t\t\t\t<p style=\"text-align: left;\">Lublin is a true City of Inspiration. To discover it, you have to experience Lublin. Come and feel the unique atmosphere of the vibrant of the Old Town that connects past and present. Let yourself be inspired by the incredible vibe of the city of the meeting of cultures. The best storytellers \u2013 The Guides of Inspiration \u2013 will help you to do this, and culinary masterpieces from Inspiration Places will provide a feast for your body. You just have to let yourself get carried away by the Season Lublin!<\/p>\t\t\t\t\t\t\t\t<\/div>\n\t\t\t\t<\/div>\n\t\t\t\t<div class=\"elementor-element elementor-element-587e5f8 elementor-fixed elementor-hidden-phone elementor-view-default elementor-widget elementor-widget-icon\" data-id=\"587e5f8\" data-element_type=\"widget\" data-settings=\"{&quot;_position&quot;:&quot;fixed&quot;}\" data-widget_type=\"icon.default\">\n\t\t\t\t<div class=\"elementor-widget-container\">\n\t\t\t\t\t\t\t<div class=\"elementor-icon-wrapper\">\n\t\t\t<div class=\"elementor-icon\">\n\t\t\t<svg xmlns=\"http:\/\/www.w3.org\/2000\/svg\" id=\"Warstwa_1\" data-name=\"Warstwa 1\" viewbox=\"0 0 180 364.8\"><defs><style>.cls-1{fill:#fff;}.cls-2{opacity:0.5;}<\/style><\/defs><path class=\"cls-1\" d=\"M105.17,252.49a90.1,90.1,0,0,1-90-90v-107A26.15,26.15,0,0,1,30.49,31.71,181.79,181.79,0,0,1,107.57,15.5a179.47,179.47,0,0,1,72.34,16.23,26.12,26.12,0,0,1,15.26,23.73v107A90.1,90.1,0,0,1,105.17,252.49Zm0-227A172.21,172.21,0,0,0,34.63,40.81a16.13,16.13,0,0,0-9.46,14.65v107a80.08,80.08,0,0,0,80,80h0a80.09,80.09,0,0,0,80-80v-107a16.08,16.08,0,0,0-9.4-14.62,169.64,169.64,0,0,0-68.34-15.35Z\" transform=\"translate(-15.17 -15.48)\"><\/path><path class=\"cls-1\" d=\"M108.45,139.5h-6.57a14,14,0,0,1-14-14V61.16a14,14,0,0,1,14-14h6.57a14,14,0,0,1,14,14V125.5A14,14,0,0,1,108.45,139.5Zm-6.57-82.34a4,4,0,0,0-4,4V125.5a4,4,0,0,0,4,4h6.57a4,4,0,0,0,4-4V61.16a4,4,0,0,0-4-4Z\" transform=\"translate(-15.17 -15.48)\"><\/path><path class=\"cls-1\" d=\"M105.17,329.64a19,19,0,0,1-13.51-5.59L45.13,277.53l7.08-7.07L98.73,317a9.11,9.11,0,0,0,12.87,0l46.53-46.52,7.07,7.07-46.53,46.52A19,19,0,0,1,105.17,329.64Z\" transform=\"translate(-15.17 -15.48)\"><\/path><g class=\"cls-2\"><path class=\"cls-1\" d=\"M105.17,380.28a19,19,0,0,1-13.51-5.59L45.13,328.17l7.08-7.07,46.52,46.52a9.11,9.11,0,0,0,12.87,0l46.53-46.52,7.07,7.07-46.53,46.52A19,19,0,0,1,105.17,380.28Z\" transform=\"translate(-15.17 -15.48)\"><\/path><\/g><\/svg>\t\t\t<\/div>\n\t\t<\/div>\n\t\t\t\t\t\t<\/div>\n\t\t\t\t<\/div>\n\t\t\t\t\t<\/div>\n\t\t<\/div>\n\t\t\t\t<div class=\"elementor-column elementor-col-33 elementor-top-column elementor-element elementor-element-ab6875a\" data-id=\"ab6875a\" data-element_type=\"column\">\n\t\t\t<div class=\"elementor-widget-wrap elementor-element-populated\">\n\t\t\t\t\t\t<div class=\"elementor-element elementor-element-b9bf859 elementor-widget elementor-widget-spacer\" data-id=\"b9bf859\" data-element_type=\"widget\" data-widget_type=\"spacer.default\">\n\t\t\t\t<div class=\"elementor-widget-container\">\n\t\t\t\t\t\t\t<div class=\"elementor-spacer\">\n\t\t\t<div class=\"elementor-spacer-inner\"><\/div>\n\t\t<\/div>\n\t\t\t\t\t\t<\/div>\n\t\t\t\t<\/div>\n\t\t\t\t\t<\/div>\n\t\t<\/div>\n\t\t\t\t<div class=\"elementor-column elementor-col-33 elementor-top-column elementor-element elementor-element-a9ca936\" data-id=\"a9ca936\" data-element_type=\"column\">\n\t\t\t<div class=\"elementor-widget-wrap elementor-element-populated\">\n\t\t\t\t\t\t<div class=\"elementor-element elementor-element-d5c5173 elementor-widget__width-initial elementor-widget elementor-widget-spacer\" data-id=\"d5c5173\" data-element_type=\"widget\" data-widget_type=\"spacer.default\">\n\t\t\t\t<div class=\"elementor-widget-container\">\n\t\t\t\t\t\t\t<div class=\"elementor-spacer\">\n\t\t\t<div class=\"elementor-spacer-inner\"><\/div>\n\t\t<\/div>\n\t\t\t\t\t\t<\/div>\n\t\t\t\t<\/div>\n\t\t\t\t\t<\/div>\n\t\t<\/div>\n\t\t\t\t\t<\/div>\n\t\t<\/section>\n\t\t\t\t<section class=\"elementor-section elementor-top-section elementor-element elementor-element-1b27f3b elementor-section-height-min-height elementor-section-content-middle elementor-section-full_width elementor-section-items-stretch menu-section elementor-section-height-default\" data-id=\"1b27f3b\" data-element_type=\"section\" id=\"main-miejsca-inspiracji\" data-settings=\"{&quot;background_background&quot;:&quot;classic&quot;,&quot;_ha_eqh_enable&quot;:false}\" data-section-name=\"miejsca-inspiracji\">\n\t\t\t\t\t\t<div class=\"elementor-container elementor-column-gap-default\">\n\t\t\t\t\t<div class=\"elementor-column elementor-col-50 elementor-top-column elementor-element elementor-element-51e782c5\" data-id=\"51e782c5\" data-element_type=\"column\">\n\t\t\t<div class=\"elementor-widget-wrap elementor-element-populated\">\n\t\t\t\t\t\t<div class=\"elementor-element elementor-element-43db3ecc d2c-vertical-menu elementor-nav-menu--dropdown-none elementor-widget elementor-widget-nav-menu\" data-id=\"43db3ecc\" data-element_type=\"widget\" data-settings=\"{&quot;layout&quot;:&quot;vertical&quot;,&quot;submenu_icon&quot;:{&quot;value&quot;:&quot;&lt;i class=\\&quot;\\&quot;&gt;&lt;\\\/i&gt;&quot;,&quot;library&quot;:&quot;&quot;}}\" data-widget_type=\"nav-menu.default\">\n\t\t\t\t<div class=\"elementor-widget-container\">\n\t\t\t\t\t\t\t\t<nav aria-label=\"Menu\" class=\"elementor-nav-menu--main elementor-nav-menu__container elementor-nav-menu--layout-vertical e--pointer-background e--animation-sweep-right\">\n\t\t\t\t<ul id=\"menu-1-43db3ecc\" class=\"elementor-nav-menu sm-vertical\"><li class=\"menu-item menu-item-type-post_type menu-item-object-page menu-item-799\"><a href=\"https:\/\/miastoinspiracji.lublin.eu\/en\/miejsca-inspiracji\/aktualnosci\/\" class=\"elementor-item\">News<\/a><\/li>\n<li class=\"menu-item menu-item-type-post_type menu-item-object-page menu-item-2694\"><a href=\"https:\/\/miastoinspiracji.lublin.eu\/en\/miejsca-inspiracji\/idea-projektu\/\" class=\"elementor-item\">Project idea<\/a><\/li>\n<li class=\"menu-item menu-item-type-post_type menu-item-object-page menu-item-2692\"><a href=\"https:\/\/miastoinspiracji.lublin.eu\/en\/miejsca-inspiracji\/partnerzy\/\" class=\"elementor-item\">Places of Inspiration<\/a><\/li>\n<li class=\"menu-item menu-item-type-post_type menu-item-object-page menu-item-2693\"><a href=\"https:\/\/miastoinspiracji.lublin.eu\/en\/miejsca-inspiracji\/przepisy-lubelskie\/\" class=\"elementor-item\">Lublin recipes<\/a><\/li>\n<li class=\"menu-item menu-item-type-post_type menu-item-object-page menu-item-2691\"><a href=\"https:\/\/miastoinspiracji.lublin.eu\/en\/miejsca-inspiracji\/poprzednie-edycje\/\" class=\"elementor-item\">Previous editions<\/a><\/li>\n<li class=\"menu-item menu-item-type-post_type menu-item-object-page menu-item-2690\"><a href=\"https:\/\/miastoinspiracji.lublin.eu\/en\/miejsca-inspiracji\/multimedia\/\" class=\"elementor-item\">Multimedia<\/a><\/li>\n<\/ul>\t\t\t<\/nav>\n\t\t\t\t\t\t<nav class=\"elementor-nav-menu--dropdown elementor-nav-menu__container\" aria-hidden=\"true\">\n\t\t\t\t<ul id=\"menu-2-43db3ecc\" class=\"elementor-nav-menu sm-vertical\"><li class=\"menu-item menu-item-type-post_type menu-item-object-page menu-item-799\"><a href=\"https:\/\/miastoinspiracji.lublin.eu\/en\/miejsca-inspiracji\/aktualnosci\/\" class=\"elementor-item\" tabindex=\"-1\">News<\/a><\/li>\n<li class=\"menu-item menu-item-type-post_type menu-item-object-page menu-item-2694\"><a href=\"https:\/\/miastoinspiracji.lublin.eu\/en\/miejsca-inspiracji\/idea-projektu\/\" class=\"elementor-item\" tabindex=\"-1\">Project idea<\/a><\/li>\n<li class=\"menu-item menu-item-type-post_type menu-item-object-page menu-item-2692\"><a href=\"https:\/\/miastoinspiracji.lublin.eu\/en\/miejsca-inspiracji\/partnerzy\/\" class=\"elementor-item\" tabindex=\"-1\">Places of Inspiration<\/a><\/li>\n<li class=\"menu-item menu-item-type-post_type menu-item-object-page menu-item-2693\"><a href=\"https:\/\/miastoinspiracji.lublin.eu\/en\/miejsca-inspiracji\/przepisy-lubelskie\/\" class=\"elementor-item\" tabindex=\"-1\">Lublin recipes<\/a><\/li>\n<li class=\"menu-item menu-item-type-post_type menu-item-object-page menu-item-2691\"><a href=\"https:\/\/miastoinspiracji.lublin.eu\/en\/miejsca-inspiracji\/poprzednie-edycje\/\" class=\"elementor-item\" tabindex=\"-1\">Previous editions<\/a><\/li>\n<li class=\"menu-item menu-item-type-post_type menu-item-object-page menu-item-2690\"><a href=\"https:\/\/miastoinspiracji.lublin.eu\/en\/miejsca-inspiracji\/multimedia\/\" class=\"elementor-item\" tabindex=\"-1\">Multimedia<\/a><\/li>\n<\/ul>\t\t\t<\/nav>\n\t\t\t\t\t\t<\/div>\n\t\t\t\t<\/div>\n\t\t\t\t<div class=\"elementor-element elementor-element-38d8088b elementor-widget elementor-widget-heading\" data-id=\"38d8088b\" data-element_type=\"widget\" data-widget_type=\"heading.default\">\n\t\t\t\t<div class=\"elementor-widget-container\">\n\t\t\t\t\t<h2 class=\"elementor-heading-title elementor-size-default\">Place of Inspiration<\/h2>\t\t\t\t<\/div>\n\t\t\t\t<\/div>\n\t\t\t\t<div class=\"elementor-element elementor-element-67d59f2b elementor-widget elementor-widget-text-editor\" data-id=\"67d59f2b\" data-element_type=\"widget\" data-widget_type=\"text-editor.default\">\n\t\t\t\t<div class=\"elementor-widget-container\">\n\t\t\t\t\t\t\t\t\t<p>Here in Lublin, we know that blissful rest and feast for the palate are equally needed during free time. That is why the Place of Inspiration Programme was created. It indicates those dining establishments that will provide unforgettable culinary experiences in our unique Lublin style.<\/p>\t\t\t\t\t\t\t\t<\/div>\n\t\t\t\t<\/div>\n\t\t\t\t<div class=\"elementor-element elementor-element-bcf80b6 elementor-widget__width-auto elementor-absolute horizontal-sticky-scroll elementor-widget elementor-widget-image\" data-id=\"bcf80b6\" data-element_type=\"widget\" data-settings=\"{&quot;_position&quot;:&quot;absolute&quot;}\" data-widget_type=\"image.default\">\n\t\t\t\t<div class=\"elementor-widget-container\">\n\t\t\t\t\t\t\t\t\t\t\t\t\t\t\t<img decoding=\"async\" width=\"1\" height=\"1\" src=\"https:\/\/miastoinspiracji.lublin.eu\/wp-content\/uploads\/2020\/08\/scrollLR.svg\" class=\"attachment-thumbnail size-thumbnail wp-image-5530\" alt=\"ikona scroll\" \/>\t\t\t\t\t\t\t\t\t\t\t\t\t\t\t<\/div>\n\t\t\t\t<\/div>\n\t\t\t\t\t<\/div>\n\t\t<\/div>\n\t\t\t\t<div class=\"elementor-column elementor-col-50 elementor-top-column elementor-element elementor-element-e6ca235\" data-id=\"e6ca235\" data-element_type=\"column\" id=\"mi-hgallery\" data-settings=\"{&quot;background_background&quot;:&quot;classic&quot;}\">\n\t\t\t<div class=\"elementor-widget-wrap elementor-element-populated\">\n\t\t\t\t\t\t<div class=\"elementor-element elementor-element-c03db93 elementor-grid-2 elementor-posts--thumbnail-top elementor-grid-tablet-2 elementor-grid-mobile-1 elementor-widget elementor-widget-posts\" data-id=\"c03db93\" data-element_type=\"widget\" data-settings=\"{&quot;custom_columns&quot;:&quot;2&quot;,&quot;custom_row_gap&quot;:{&quot;unit&quot;:&quot;px&quot;,&quot;size&quot;:30,&quot;sizes&quot;:[]},&quot;custom_columns_tablet&quot;:&quot;2&quot;,&quot;custom_columns_mobile&quot;:&quot;1&quot;,&quot;custom_row_gap_tablet&quot;:{&quot;unit&quot;:&quot;px&quot;,&quot;size&quot;:&quot;&quot;,&quot;sizes&quot;:[]},&quot;custom_row_gap_mobile&quot;:{&quot;unit&quot;:&quot;px&quot;,&quot;size&quot;:&quot;&quot;,&quot;sizes&quot;:[]}}\" data-widget_type=\"posts.custom\">\n\t\t\t\t<div class=\"elementor-widget-container\">\n\t\t\t\t\t      <div class=\"ecs-posts elementor-posts-container elementor-posts  ecs-custom-grid  elementor-posts--skin-custom\" data-settings=\"{&quot;current_page&quot;:1,&quot;max_num_pages&quot;:1,&quot;load_method&quot;:&quot;&quot;,&quot;widget_id&quot;:&quot;c03db93&quot;,&quot;post_id&quot;:8,&quot;theme_id&quot;:8,&quot;change_url&quot;:false,&quot;reinit_js&quot;:false}\">\n      <!-- start part [0] -->\t\t<div data-elementor-type=\"custom_grid\" data-elementor-id=\"2198\" class=\"elementor elementor-2198\" data-elementor-settings=\"{&quot;ha_cmc_init_switcher&quot;:&quot;no&quot;}\" data-elementor-post-type=\"elementor_library\">\n\t\t\t\t\t<section class=\"elementor-section elementor-top-section elementor-element elementor-element-93b9463 elementor-section-full_width elementor-section-height-full elementor-section-height-default elementor-section-items-middle\" data-id=\"93b9463\" data-element_type=\"section\" id=\"mi-gallery-hscroll\" data-settings=\"{&quot;_ha_eqh_enable&quot;:false}\">\n\t\t\t\t\t\t<div class=\"elementor-container elementor-column-gap-no\">\n\t\t\t\t\t<div class=\"elementor-column elementor-col-50 elementor-top-column elementor-element elementor-element-d30163a\" data-id=\"d30163a\" data-element_type=\"column\">\n\t\t\t<div class=\"elementor-widget-wrap elementor-element-populated\">\n\t\t\t\t\t\t<section class=\"elementor-section elementor-inner-section elementor-element elementor-element-4118034 elementor-section-full_width elementor-section-height-default elementor-section-height-default\" data-id=\"4118034\" data-element_type=\"section\" data-settings=\"{&quot;_ha_eqh_enable&quot;:false}\">\n\t\t\t\t\t\t<div class=\"elementor-container elementor-column-gap-default\">\n\t\t\t\t\t<div class=\"elementor-column elementor-col-33 elementor-inner-column elementor-element elementor-element-1d3d6e3\" data-id=\"1d3d6e3\" data-element_type=\"column\">\n\t\t\t<div class=\"elementor-widget-wrap elementor-element-populated\">\n\t\t\t\t\t\t<div class=\"elementor-element elementor-element-b2e76fe d2c-mi-gallery-grid1 elementor-widget elementor-widget-ele-loop-item\" data-id=\"b2e76fe\" data-element_type=\"widget\" data-widget_type=\"ele-loop-item.default\">\n\t\t\t\t<div class=\"elementor-widget-container\">\n\t\t\t\t\t<!-- end part [0] -->\t\t<div id=\"post-23817\" class=\"elementor-post elementor-grid-item ecs-post-loop post-23817 miejsca_inspiracji type-miejsca_inspiracji status-publish has-post-thumbnail hentry category-miejsca-inspiracji tag-za-kulisami\">\n\t\t\t\t<div data-elementor-type=\"loop\" data-elementor-id=\"2206\" class=\"elementor elementor-2206 post-23817 miejsca_inspiracji type-miejsca_inspiracji status-publish has-post-thumbnail hentry category-miejsca-inspiracji tag-za-kulisami\" data-elementor-settings=\"{&quot;ha_cmc_init_switcher&quot;:&quot;no&quot;}\" data-elementor-post-type=\"elementor_library\">\n\t\t\t<style>#post-23817 .elementor-2206 .elementor-element.elementor-element-f8e0f8d:not(.elementor-motion-effects-element-type-background), #post-23817 .elementor-2206 .elementor-element.elementor-element-f8e0f8d > .elementor-motion-effects-container > .elementor-motion-effects-layer{background-image: url(\"https:\/\/miastoinspiracji.lublin.eu\/wp-content\/uploads\/2023\/08\/DSC_5510-Copy.jpg\");}<\/style>\t\t<section data-ha-element-link=\"{&quot;url&quot;:&quot;https:\\\/\\\/miastoinspiracji.lublin.eu\\\/en\\\/miejsca_inspiracji\\\/za-kulisami\\\/&quot;,&quot;is_external&quot;:&quot;&quot;,&quot;nofollow&quot;:&quot;&quot;}\" style=\"cursor: pointer\" class=\"elementor-section elementor-top-section elementor-element elementor-element-f8e0f8d elementor-section-full_width d2c-mi-gallery-grid elementor-section-content-middle elementor-section-height-default elementor-section-height-default\" data-id=\"f8e0f8d\" data-element_type=\"section\" data-settings=\"{&quot;background_background&quot;:&quot;classic&quot;,&quot;_ha_eqh_enable&quot;:false}\">\n\t\t\t\t\t\t\t<div class=\"elementor-background-overlay\"><\/div>\n\t\t\t\t\t\t\t<div class=\"elementor-container elementor-column-gap-default\">\n\t\t\t\t\t<div data-ha-element-link=\"{&quot;url&quot;:&quot;https:\\\/\\\/miastoinspiracji.lublin.eu\\\/en\\\/miejsca_inspiracji\\\/za-kulisami\\\/&quot;,&quot;is_external&quot;:&quot;&quot;,&quot;nofollow&quot;:&quot;&quot;}\" style=\"cursor: pointer\" class=\"elementor-column elementor-col-100 elementor-top-column elementor-element elementor-element-788ad73\" data-id=\"788ad73\" data-element_type=\"column\">\n\t\t\t<div class=\"elementor-widget-wrap elementor-element-populated\">\n\t\t\t\t\t\t<div class=\"elementor-element elementor-element-24d15b4 d2c-kafelek-tytul elementor-widget elementor-widget-heading\" data-id=\"24d15b4\" data-element_type=\"widget\" data-widget_type=\"heading.default\">\n\t\t\t\t<div class=\"elementor-widget-container\">\n\t\t\t\t\t<h2 class=\"elementor-heading-title elementor-size-default\"><a href=\"https:\/\/miastoinspiracji.lublin.eu\/en\/miejsca_inspiracji\/za-kulisami\/\">Za Kulisami<\/a><\/h2>\t\t\t\t<\/div>\n\t\t\t\t<\/div>\n\t\t\t\t\t<\/div>\n\t\t<\/div>\n\t\t\t\t\t<\/div>\n\t\t<\/section>\n\t\t\t\t<\/div>\n\t\t<\/div><!-- start part [1] -->\t\t\t\t<\/div>\n\t\t\t\t<\/div>\n\t\t\t\t\t<\/div>\n\t\t<\/div>\n\t\t\t\t<div class=\"elementor-column elementor-col-33 elementor-inner-column elementor-element elementor-element-b4dcec6 d2c-mi-gallery-column\" data-id=\"b4dcec6\" data-element_type=\"column\">\n\t\t\t<div class=\"elementor-widget-wrap elementor-element-populated\">\n\t\t\t\t\t\t<section class=\"elementor-section elementor-inner-section elementor-element elementor-element-8276380 elementor-section-boxed elementor-section-height-default elementor-section-height-default\" data-id=\"8276380\" data-element_type=\"section\" data-settings=\"{&quot;_ha_eqh_enable&quot;:false}\">\n\t\t\t\t\t\t<div class=\"elementor-container elementor-column-gap-default\">\n\t\t\t\t\t<div class=\"elementor-column elementor-col-100 elementor-inner-column elementor-element elementor-element-cb0fd9f\" data-id=\"cb0fd9f\" data-element_type=\"column\">\n\t\t\t<div class=\"elementor-widget-wrap elementor-element-populated\">\n\t\t\t\t\t\t<div class=\"elementor-element elementor-element-5345463 d2c-mi-gallery-grid2 elementor-widget elementor-widget-ele-loop-item\" data-id=\"5345463\" data-element_type=\"widget\" data-widget_type=\"ele-loop-item.default\">\n\t\t\t\t<div class=\"elementor-widget-container\">\n\t\t\t\t\t<!-- end part [1] -->\t\t<div id=\"post-24238\" class=\"elementor-post elementor-grid-item ecs-post-loop post-24238 miejsca_inspiracji type-miejsca_inspiracji status-publish has-post-thumbnail hentry category-miejsca-inspiracji tag-kulturalna\">\n\t\t\t\t<div data-elementor-type=\"loop\" data-elementor-id=\"2206\" class=\"elementor elementor-2206 post-24238 miejsca_inspiracji type-miejsca_inspiracji status-publish has-post-thumbnail hentry category-miejsca-inspiracji tag-kulturalna\" data-elementor-settings=\"{&quot;ha_cmc_init_switcher&quot;:&quot;no&quot;}\" data-elementor-post-type=\"elementor_library\">\n\t\t\t<style>#post-24238 .elementor-2206 .elementor-element.elementor-element-f8e0f8d:not(.elementor-motion-effects-element-type-background), #post-24238 .elementor-2206 .elementor-element.elementor-element-f8e0f8d > .elementor-motion-effects-container > .elementor-motion-effects-layer{background-image: url(\"https:\/\/miastoinspiracji.lublin.eu\/wp-content\/uploads\/2023\/10\/DSC_8997-Copy.jpg\");}<\/style>\t\t<section data-ha-element-link=\"{&quot;url&quot;:&quot;https:\\\/\\\/miastoinspiracji.lublin.eu\\\/en\\\/miejsca_inspiracji\\\/kulturalna\\\/&quot;,&quot;is_external&quot;:&quot;&quot;,&quot;nofollow&quot;:&quot;&quot;}\" style=\"cursor: pointer\" class=\"elementor-section elementor-top-section elementor-element elementor-element-f8e0f8d elementor-section-full_width d2c-mi-gallery-grid elementor-section-content-middle elementor-section-height-default elementor-section-height-default\" data-id=\"f8e0f8d\" data-element_type=\"section\" data-settings=\"{&quot;background_background&quot;:&quot;classic&quot;,&quot;_ha_eqh_enable&quot;:false}\">\n\t\t\t\t\t\t\t<div class=\"elementor-background-overlay\"><\/div>\n\t\t\t\t\t\t\t<div class=\"elementor-container elementor-column-gap-default\">\n\t\t\t\t\t<div data-ha-element-link=\"{&quot;url&quot;:&quot;https:\\\/\\\/miastoinspiracji.lublin.eu\\\/en\\\/miejsca_inspiracji\\\/kulturalna\\\/&quot;,&quot;is_external&quot;:&quot;&quot;,&quot;nofollow&quot;:&quot;&quot;}\" style=\"cursor: pointer\" class=\"elementor-column elementor-col-100 elementor-top-column elementor-element elementor-element-788ad73\" data-id=\"788ad73\" data-element_type=\"column\">\n\t\t\t<div class=\"elementor-widget-wrap elementor-element-populated\">\n\t\t\t\t\t\t<div class=\"elementor-element elementor-element-24d15b4 d2c-kafelek-tytul elementor-widget elementor-widget-heading\" data-id=\"24d15b4\" data-element_type=\"widget\" data-widget_type=\"heading.default\">\n\t\t\t\t<div class=\"elementor-widget-container\">\n\t\t\t\t\t<h2 class=\"elementor-heading-title elementor-size-default\"><a href=\"https:\/\/miastoinspiracji.lublin.eu\/en\/miejsca_inspiracji\/kulturalna\/\">Kulturalna<\/a><\/h2>\t\t\t\t<\/div>\n\t\t\t\t<\/div>\n\t\t\t\t\t<\/div>\n\t\t<\/div>\n\t\t\t\t\t<\/div>\n\t\t<\/section>\n\t\t\t\t<\/div>\n\t\t<\/div><!-- start part [2] -->\t\t\t\t<\/div>\n\t\t\t\t<\/div>\n\t\t\t\t\t<\/div>\n\t\t<\/div>\n\t\t\t\t\t<\/div>\n\t\t<\/section>\n\t\t\t\t<section class=\"elementor-section elementor-inner-section elementor-element elementor-element-0388113 elementor-section-boxed elementor-section-height-default elementor-section-height-default\" data-id=\"0388113\" data-element_type=\"section\" data-settings=\"{&quot;_ha_eqh_enable&quot;:false}\">\n\t\t\t\t\t\t<div class=\"elementor-container elementor-column-gap-default\">\n\t\t\t\t\t<div class=\"elementor-column elementor-col-50 elementor-inner-column elementor-element elementor-element-80bd65a\" data-id=\"80bd65a\" data-element_type=\"column\">\n\t\t\t<div class=\"elementor-widget-wrap elementor-element-populated\">\n\t\t\t\t\t\t<div class=\"elementor-element elementor-element-f3fb4ae d2c-mi-gallery-grid3 elementor-widget elementor-widget-ele-loop-item\" data-id=\"f3fb4ae\" data-element_type=\"widget\" data-widget_type=\"ele-loop-item.default\">\n\t\t\t\t<div class=\"elementor-widget-container\">\n\t\t\t\t\t<!-- end part [2] -->\t\t<div id=\"post-23625\" class=\"elementor-post elementor-grid-item ecs-post-loop post-23625 miejsca_inspiracji type-miejsca_inspiracji status-publish has-post-thumbnail hentry category-miejsca-inspiracji tag-ansaldo\">\n\t\t\t\t<div data-elementor-type=\"loop\" data-elementor-id=\"2206\" class=\"elementor elementor-2206 post-23625 miejsca_inspiracji type-miejsca_inspiracji status-publish has-post-thumbnail hentry category-miejsca-inspiracji tag-ansaldo\" data-elementor-settings=\"{&quot;ha_cmc_init_switcher&quot;:&quot;no&quot;}\" data-elementor-post-type=\"elementor_library\">\n\t\t\t<style>#post-23625 .elementor-2206 .elementor-element.elementor-element-f8e0f8d:not(.elementor-motion-effects-element-type-background), #post-23625 .elementor-2206 .elementor-element.elementor-element-f8e0f8d > .elementor-motion-effects-container > .elementor-motion-effects-layer{background-image: url(\"https:\/\/miastoinspiracji.lublin.eu\/wp-content\/uploads\/2023\/06\/DSC_8154-Copy.jpg\");}<\/style>\t\t<section data-ha-element-link=\"{&quot;url&quot;:&quot;https:\\\/\\\/miastoinspiracji.lublin.eu\\\/en\\\/miejsca_inspiracji\\\/ansaldo\\\/&quot;,&quot;is_external&quot;:&quot;&quot;,&quot;nofollow&quot;:&quot;&quot;}\" style=\"cursor: pointer\" class=\"elementor-section elementor-top-section elementor-element elementor-element-f8e0f8d elementor-section-full_width d2c-mi-gallery-grid elementor-section-content-middle elementor-section-height-default elementor-section-height-default\" data-id=\"f8e0f8d\" data-element_type=\"section\" data-settings=\"{&quot;background_background&quot;:&quot;classic&quot;,&quot;_ha_eqh_enable&quot;:false}\">\n\t\t\t\t\t\t\t<div class=\"elementor-background-overlay\"><\/div>\n\t\t\t\t\t\t\t<div class=\"elementor-container elementor-column-gap-default\">\n\t\t\t\t\t<div data-ha-element-link=\"{&quot;url&quot;:&quot;https:\\\/\\\/miastoinspiracji.lublin.eu\\\/en\\\/miejsca_inspiracji\\\/ansaldo\\\/&quot;,&quot;is_external&quot;:&quot;&quot;,&quot;nofollow&quot;:&quot;&quot;}\" style=\"cursor: pointer\" class=\"elementor-column elementor-col-100 elementor-top-column elementor-element elementor-element-788ad73\" data-id=\"788ad73\" data-element_type=\"column\">\n\t\t\t<div class=\"elementor-widget-wrap elementor-element-populated\">\n\t\t\t\t\t\t<div class=\"elementor-element elementor-element-24d15b4 d2c-kafelek-tytul elementor-widget elementor-widget-heading\" data-id=\"24d15b4\" data-element_type=\"widget\" data-widget_type=\"heading.default\">\n\t\t\t\t<div class=\"elementor-widget-container\">\n\t\t\t\t\t<h2 class=\"elementor-heading-title elementor-size-default\"><a href=\"https:\/\/miastoinspiracji.lublin.eu\/en\/miejsca_inspiracji\/ansaldo\/\">Ansaldo<\/a><\/h2>\t\t\t\t<\/div>\n\t\t\t\t<\/div>\n\t\t\t\t\t<\/div>\n\t\t<\/div>\n\t\t\t\t\t<\/div>\n\t\t<\/section>\n\t\t\t\t<\/div>\n\t\t<\/div><!-- start part [3] -->\t\t\t\t<\/div>\n\t\t\t\t<\/div>\n\t\t\t\t\t<\/div>\n\t\t<\/div>\n\t\t\t\t<div class=\"elementor-column elementor-col-50 elementor-inner-column elementor-element elementor-element-e7b36d2\" data-id=\"e7b36d2\" data-element_type=\"column\">\n\t\t\t<div class=\"elementor-widget-wrap elementor-element-populated\">\n\t\t\t\t\t\t<div class=\"elementor-element elementor-element-8000312 d2c-mi-gallery-grid4 elementor-widget elementor-widget-ele-loop-item\" data-id=\"8000312\" data-element_type=\"widget\" data-widget_type=\"ele-loop-item.default\">\n\t\t\t\t<div class=\"elementor-widget-container\">\n\t\t\t\t\t<!-- end part [3] -->\t\t<div id=\"post-23773\" class=\"elementor-post elementor-grid-item ecs-post-loop post-23773 miejsca_inspiracji type-miejsca_inspiracji status-publish has-post-thumbnail hentry category-miejsca-inspiracji tag-ostro\">\n\t\t\t\t<div data-elementor-type=\"loop\" data-elementor-id=\"2206\" class=\"elementor elementor-2206 post-23773 miejsca_inspiracji type-miejsca_inspiracji status-publish has-post-thumbnail hentry category-miejsca-inspiracji tag-ostro\" data-elementor-settings=\"{&quot;ha_cmc_init_switcher&quot;:&quot;no&quot;}\" data-elementor-post-type=\"elementor_library\">\n\t\t\t<style>#post-23773 .elementor-2206 .elementor-element.elementor-element-f8e0f8d:not(.elementor-motion-effects-element-type-background), #post-23773 .elementor-2206 .elementor-element.elementor-element-f8e0f8d > .elementor-motion-effects-container > .elementor-motion-effects-layer{background-image: url(\"https:\/\/miastoinspiracji.lublin.eu\/wp-content\/uploads\/2023\/02\/DSC_6897-Copy.jpg\");}<\/style>\t\t<section data-ha-element-link=\"{&quot;url&quot;:&quot;https:\\\/\\\/miastoinspiracji.lublin.eu\\\/en\\\/miejsca_inspiracji\\\/klubokawiarnia-ostro\\\/&quot;,&quot;is_external&quot;:&quot;&quot;,&quot;nofollow&quot;:&quot;&quot;}\" style=\"cursor: pointer\" class=\"elementor-section elementor-top-section elementor-element elementor-element-f8e0f8d elementor-section-full_width d2c-mi-gallery-grid elementor-section-content-middle elementor-section-height-default elementor-section-height-default\" data-id=\"f8e0f8d\" data-element_type=\"section\" data-settings=\"{&quot;background_background&quot;:&quot;classic&quot;,&quot;_ha_eqh_enable&quot;:false}\">\n\t\t\t\t\t\t\t<div class=\"elementor-background-overlay\"><\/div>\n\t\t\t\t\t\t\t<div class=\"elementor-container elementor-column-gap-default\">\n\t\t\t\t\t<div data-ha-element-link=\"{&quot;url&quot;:&quot;https:\\\/\\\/miastoinspiracji.lublin.eu\\\/en\\\/miejsca_inspiracji\\\/klubokawiarnia-ostro\\\/&quot;,&quot;is_external&quot;:&quot;&quot;,&quot;nofollow&quot;:&quot;&quot;}\" style=\"cursor: pointer\" class=\"elementor-column elementor-col-100 elementor-top-column elementor-element elementor-element-788ad73\" data-id=\"788ad73\" data-element_type=\"column\">\n\t\t\t<div class=\"elementor-widget-wrap elementor-element-populated\">\n\t\t\t\t\t\t<div class=\"elementor-element elementor-element-24d15b4 d2c-kafelek-tytul elementor-widget elementor-widget-heading\" data-id=\"24d15b4\" data-element_type=\"widget\" data-widget_type=\"heading.default\">\n\t\t\t\t<div class=\"elementor-widget-container\">\n\t\t\t\t\t<h2 class=\"elementor-heading-title elementor-size-default\"><a href=\"https:\/\/miastoinspiracji.lublin.eu\/en\/miejsca_inspiracji\/klubokawiarnia-ostro\/\">Klubokawiarnia OSTRO<\/a><\/h2>\t\t\t\t<\/div>\n\t\t\t\t<\/div>\n\t\t\t\t\t<\/div>\n\t\t<\/div>\n\t\t\t\t\t<\/div>\n\t\t<\/section>\n\t\t\t\t<\/div>\n\t\t<\/div><!-- start part [4] -->\t\t\t\t<\/div>\n\t\t\t\t<\/div>\n\t\t\t\t\t<\/div>\n\t\t<\/div>\n\t\t\t\t\t<\/div>\n\t\t<\/section>\n\t\t\t\t\t<\/div>\n\t\t<\/div>\n\t\t\t\t<div class=\"elementor-column elementor-col-33 elementor-inner-column elementor-element elementor-element-4295da6\" data-id=\"4295da6\" data-element_type=\"column\">\n\t\t\t<div class=\"elementor-widget-wrap elementor-element-populated\">\n\t\t\t\t\t\t<div class=\"elementor-element elementor-element-0465ff0 d2c-mi-gallery-grid5 elementor-widget elementor-widget-ele-loop-item\" data-id=\"0465ff0\" data-element_type=\"widget\" data-widget_type=\"ele-loop-item.default\">\n\t\t\t\t<div class=\"elementor-widget-container\">\n\t\t\t\t\t<!-- end part [4] -->\t\t<div id=\"post-23784\" class=\"elementor-post elementor-grid-item ecs-post-loop post-23784 miejsca_inspiracji type-miejsca_inspiracji status-publish has-post-thumbnail hentry category-miejsca-inspiracji tag-perliczka\">\n\t\t\t\t<div data-elementor-type=\"loop\" data-elementor-id=\"2206\" class=\"elementor elementor-2206 post-23784 miejsca_inspiracji type-miejsca_inspiracji status-publish has-post-thumbnail hentry category-miejsca-inspiracji tag-perliczka\" data-elementor-settings=\"{&quot;ha_cmc_init_switcher&quot;:&quot;no&quot;}\" data-elementor-post-type=\"elementor_library\">\n\t\t\t<style>#post-23784 .elementor-2206 .elementor-element.elementor-element-f8e0f8d:not(.elementor-motion-effects-element-type-background), #post-23784 .elementor-2206 .elementor-element.elementor-element-f8e0f8d > .elementor-motion-effects-container > .elementor-motion-effects-layer{background-image: url(\"https:\/\/miastoinspiracji.lublin.eu\/wp-content\/uploads\/2023\/01\/DSC_8513-Copy.jpg\");}<\/style>\t\t<section data-ha-element-link=\"{&quot;url&quot;:&quot;https:\\\/\\\/miastoinspiracji.lublin.eu\\\/en\\\/miejsca_inspiracji\\\/perliczka\\\/&quot;,&quot;is_external&quot;:&quot;&quot;,&quot;nofollow&quot;:&quot;&quot;}\" style=\"cursor: pointer\" class=\"elementor-section elementor-top-section elementor-element elementor-element-f8e0f8d elementor-section-full_width d2c-mi-gallery-grid elementor-section-content-middle elementor-section-height-default elementor-section-height-default\" data-id=\"f8e0f8d\" data-element_type=\"section\" data-settings=\"{&quot;background_background&quot;:&quot;classic&quot;,&quot;_ha_eqh_enable&quot;:false}\">\n\t\t\t\t\t\t\t<div class=\"elementor-background-overlay\"><\/div>\n\t\t\t\t\t\t\t<div class=\"elementor-container elementor-column-gap-default\">\n\t\t\t\t\t<div data-ha-element-link=\"{&quot;url&quot;:&quot;https:\\\/\\\/miastoinspiracji.lublin.eu\\\/en\\\/miejsca_inspiracji\\\/perliczka\\\/&quot;,&quot;is_external&quot;:&quot;&quot;,&quot;nofollow&quot;:&quot;&quot;}\" style=\"cursor: pointer\" class=\"elementor-column elementor-col-100 elementor-top-column elementor-element elementor-element-788ad73\" data-id=\"788ad73\" data-element_type=\"column\">\n\t\t\t<div class=\"elementor-widget-wrap elementor-element-populated\">\n\t\t\t\t\t\t<div class=\"elementor-element elementor-element-24d15b4 d2c-kafelek-tytul elementor-widget elementor-widget-heading\" data-id=\"24d15b4\" data-element_type=\"widget\" data-widget_type=\"heading.default\">\n\t\t\t\t<div class=\"elementor-widget-container\">\n\t\t\t\t\t<h2 class=\"elementor-heading-title elementor-size-default\"><a href=\"https:\/\/miastoinspiracji.lublin.eu\/en\/miejsca_inspiracji\/perliczka\/\">Perliczka<\/a><\/h2>\t\t\t\t<\/div>\n\t\t\t\t<\/div>\n\t\t\t\t\t<\/div>\n\t\t<\/div>\n\t\t\t\t\t<\/div>\n\t\t<\/section>\n\t\t\t\t<\/div>\n\t\t<\/div><!-- start part [5] -->\t\t\t\t<\/div>\n\t\t\t\t<\/div>\n\t\t\t\t\t<\/div>\n\t\t<\/div>\n\t\t\t\t\t<\/div>\n\t\t<\/section>\n\t\t\t\t\t<\/div>\n\t\t<\/div>\n\t\t\t\t<div class=\"elementor-column elementor-col-50 elementor-top-column elementor-element elementor-element-070fe37 no-gap\" data-id=\"070fe37\" data-element_type=\"column\">\n\t\t\t<div class=\"elementor-widget-wrap elementor-element-populated\">\n\t\t\t\t\t\t<section class=\"elementor-section elementor-inner-section elementor-element elementor-element-9999b1e elementor-section-boxed elementor-section-height-default elementor-section-height-default\" data-id=\"9999b1e\" data-element_type=\"section\" data-settings=\"{&quot;_ha_eqh_enable&quot;:false}\">\n\t\t\t\t\t\t<div class=\"elementor-container elementor-column-gap-default\">\n\t\t\t\t\t<div class=\"elementor-column elementor-col-33 elementor-inner-column elementor-element elementor-element-94d72a1\" data-id=\"94d72a1\" data-element_type=\"column\">\n\t\t\t<div class=\"elementor-widget-wrap elementor-element-populated\">\n\t\t\t\t\t\t<div class=\"elementor-element elementor-element-64e9f4d d2c-mi-gallery-grid1 elementor-widget elementor-widget-ele-loop-item\" data-id=\"64e9f4d\" data-element_type=\"widget\" data-widget_type=\"ele-loop-item.default\">\n\t\t\t\t<div class=\"elementor-widget-container\">\n\t\t\t\t\t<!-- end part [5] -->\t\t<div id=\"post-14020\" class=\"elementor-post elementor-grid-item ecs-post-loop post-14020 miejsca_inspiracji type-miejsca_inspiracji status-publish has-post-thumbnail hentry category-miejsca-inspiracji tag-legendy-miasta\">\n\t\t\t\t<div data-elementor-type=\"loop\" data-elementor-id=\"2206\" class=\"elementor elementor-2206 post-14020 miejsca_inspiracji type-miejsca_inspiracji status-publish has-post-thumbnail hentry category-miejsca-inspiracji tag-legendy-miasta\" data-elementor-settings=\"{&quot;ha_cmc_init_switcher&quot;:&quot;no&quot;}\" data-elementor-post-type=\"elementor_library\">\n\t\t\t<style>#post-14020 .elementor-2206 .elementor-element.elementor-element-f8e0f8d:not(.elementor-motion-effects-element-type-background), #post-14020 .elementor-2206 .elementor-element.elementor-element-f8e0f8d > .elementor-motion-effects-container > .elementor-motion-effects-layer{background-image: url(\"https:\/\/miastoinspiracji.lublin.eu\/wp-content\/uploads\/2021\/06\/WAG9487-HDR-Copy.jpg\");}<\/style>\t\t<section data-ha-element-link=\"{&quot;url&quot;:&quot;https:\\\/\\\/miastoinspiracji.lublin.eu\\\/en\\\/miejsca_inspiracji\\\/legendy_miasta\\\/&quot;,&quot;is_external&quot;:&quot;&quot;,&quot;nofollow&quot;:&quot;&quot;}\" style=\"cursor: pointer\" class=\"elementor-section elementor-top-section elementor-element elementor-element-f8e0f8d elementor-section-full_width d2c-mi-gallery-grid elementor-section-content-middle elementor-section-height-default elementor-section-height-default\" data-id=\"f8e0f8d\" data-element_type=\"section\" data-settings=\"{&quot;background_background&quot;:&quot;classic&quot;,&quot;_ha_eqh_enable&quot;:false}\">\n\t\t\t\t\t\t\t<div class=\"elementor-background-overlay\"><\/div>\n\t\t\t\t\t\t\t<div class=\"elementor-container elementor-column-gap-default\">\n\t\t\t\t\t<div data-ha-element-link=\"{&quot;url&quot;:&quot;https:\\\/\\\/miastoinspiracji.lublin.eu\\\/en\\\/miejsca_inspiracji\\\/legendy_miasta\\\/&quot;,&quot;is_external&quot;:&quot;&quot;,&quot;nofollow&quot;:&quot;&quot;}\" style=\"cursor: pointer\" class=\"elementor-column elementor-col-100 elementor-top-column elementor-element elementor-element-788ad73\" data-id=\"788ad73\" data-element_type=\"column\">\n\t\t\t<div class=\"elementor-widget-wrap elementor-element-populated\">\n\t\t\t\t\t\t<div class=\"elementor-element elementor-element-24d15b4 d2c-kafelek-tytul elementor-widget elementor-widget-heading\" data-id=\"24d15b4\" data-element_type=\"widget\" data-widget_type=\"heading.default\">\n\t\t\t\t<div class=\"elementor-widget-container\">\n\t\t\t\t\t<h2 class=\"elementor-heading-title elementor-size-default\"><a href=\"https:\/\/miastoinspiracji.lublin.eu\/en\/miejsca_inspiracji\/legendy_miasta\/\">Legendy Miasta<\/a><\/h2>\t\t\t\t<\/div>\n\t\t\t\t<\/div>\n\t\t\t\t\t<\/div>\n\t\t<\/div>\n\t\t\t\t\t<\/div>\n\t\t<\/section>\n\t\t\t\t<\/div>\n\t\t<\/div><!-- start part [6] -->\t\t\t\t<\/div>\n\t\t\t\t<\/div>\n\t\t\t\t\t<\/div>\n\t\t<\/div>\n\t\t\t\t<div class=\"elementor-column elementor-col-33 elementor-inner-column elementor-element elementor-element-cc39f67 d2c-mi-gallery-column\" data-id=\"cc39f67\" data-element_type=\"column\">\n\t\t\t<div class=\"elementor-widget-wrap elementor-element-populated\">\n\t\t\t\t\t\t<section class=\"elementor-section elementor-inner-section elementor-element elementor-element-37076d3 elementor-section-boxed elementor-section-height-default elementor-section-height-default\" data-id=\"37076d3\" data-element_type=\"section\" data-settings=\"{&quot;_ha_eqh_enable&quot;:false}\">\n\t\t\t\t\t\t<div class=\"elementor-container elementor-column-gap-default\">\n\t\t\t\t\t<div class=\"elementor-column elementor-col-100 elementor-inner-column elementor-element elementor-element-5b31d54\" data-id=\"5b31d54\" data-element_type=\"column\">\n\t\t\t<div class=\"elementor-widget-wrap elementor-element-populated\">\n\t\t\t\t\t\t<div class=\"elementor-element elementor-element-6b22e00 d2c-mi-gallery-grid2 elementor-widget elementor-widget-ele-loop-item\" data-id=\"6b22e00\" data-element_type=\"widget\" data-widget_type=\"ele-loop-item.default\">\n\t\t\t\t<div class=\"elementor-widget-container\">\n\t\t\t\t\t<!-- end part [6] -->\t\t<div id=\"post-4365\" class=\"elementor-post elementor-grid-item ecs-post-loop post-4365 miejsca_inspiracji type-miejsca_inspiracji status-publish has-post-thumbnail hentry category-miejsca-inspiracji tag-perlowa\">\n\t\t\t\t<div data-elementor-type=\"loop\" data-elementor-id=\"2206\" class=\"elementor elementor-2206 post-4365 miejsca_inspiracji type-miejsca_inspiracji status-publish has-post-thumbnail hentry category-miejsca-inspiracji tag-perlowa\" data-elementor-settings=\"{&quot;ha_cmc_init_switcher&quot;:&quot;no&quot;}\" data-elementor-post-type=\"elementor_library\">\n\t\t\t<style>#post-4365 .elementor-2206 .elementor-element.elementor-element-f8e0f8d:not(.elementor-motion-effects-element-type-background), #post-4365 .elementor-2206 .elementor-element.elementor-element-f8e0f8d > .elementor-motion-effects-container > .elementor-motion-effects-layer{background-image: url(\"https:\/\/miastoinspiracji.lublin.eu\/wp-content\/uploads\/2020\/08\/Wnetrze-Perlowej-Pijalni-Piwa_2-Copy.jpg\");}<\/style>\t\t<section data-ha-element-link=\"{&quot;url&quot;:&quot;https:\\\/\\\/miastoinspiracji.lublin.eu\\\/en\\\/miejsca-inspiracji\\\/perlowa-pijalnia-piwa\\\/&quot;,&quot;is_external&quot;:&quot;&quot;,&quot;nofollow&quot;:&quot;&quot;}\" style=\"cursor: pointer\" class=\"elementor-section elementor-top-section elementor-element elementor-element-f8e0f8d elementor-section-full_width d2c-mi-gallery-grid elementor-section-content-middle elementor-section-height-default elementor-section-height-default\" data-id=\"f8e0f8d\" data-element_type=\"section\" data-settings=\"{&quot;background_background&quot;:&quot;classic&quot;,&quot;_ha_eqh_enable&quot;:false}\">\n\t\t\t\t\t\t\t<div class=\"elementor-background-overlay\"><\/div>\n\t\t\t\t\t\t\t<div class=\"elementor-container elementor-column-gap-default\">\n\t\t\t\t\t<div data-ha-element-link=\"{&quot;url&quot;:&quot;https:\\\/\\\/miastoinspiracji.lublin.eu\\\/en\\\/miejsca-inspiracji\\\/perlowa-pijalnia-piwa\\\/&quot;,&quot;is_external&quot;:&quot;&quot;,&quot;nofollow&quot;:&quot;&quot;}\" style=\"cursor: pointer\" class=\"elementor-column elementor-col-100 elementor-top-column elementor-element elementor-element-788ad73\" data-id=\"788ad73\" data-element_type=\"column\">\n\t\t\t<div class=\"elementor-widget-wrap elementor-element-populated\">\n\t\t\t\t\t\t<div class=\"elementor-element elementor-element-24d15b4 d2c-kafelek-tytul elementor-widget elementor-widget-heading\" data-id=\"24d15b4\" data-element_type=\"widget\" data-widget_type=\"heading.default\">\n\t\t\t\t<div class=\"elementor-widget-container\">\n\t\t\t\t\t<h2 class=\"elementor-heading-title elementor-size-default\"><a href=\"https:\/\/miastoinspiracji.lublin.eu\/en\/miejsca-inspiracji\/perlowa-pijalnia-piwa\/\">Per\u0142owa Pijalnia Piwa<\/a><\/h2>\t\t\t\t<\/div>\n\t\t\t\t<\/div>\n\t\t\t\t\t<\/div>\n\t\t<\/div>\n\t\t\t\t\t<\/div>\n\t\t<\/section>\n\t\t\t\t<\/div>\n\t\t<\/div><!-- start part [7] -->\t\t\t\t<\/div>\n\t\t\t\t<\/div>\n\t\t\t\t\t<\/div>\n\t\t<\/div>\n\t\t\t\t\t<\/div>\n\t\t<\/section>\n\t\t\t\t<section class=\"elementor-section elementor-inner-section elementor-element elementor-element-c7dfbbe elementor-section-boxed elementor-section-height-default elementor-section-height-default\" data-id=\"c7dfbbe\" data-element_type=\"section\" data-settings=\"{&quot;_ha_eqh_enable&quot;:false}\">\n\t\t\t\t\t\t<div class=\"elementor-container elementor-column-gap-default\">\n\t\t\t\t\t<div class=\"elementor-column elementor-col-50 elementor-inner-column elementor-element elementor-element-7a0ce9a\" data-id=\"7a0ce9a\" data-element_type=\"column\">\n\t\t\t<div class=\"elementor-widget-wrap elementor-element-populated\">\n\t\t\t\t\t\t<div class=\"elementor-element elementor-element-8aab0e6 d2c-mi-gallery-grid3 elementor-widget elementor-widget-ele-loop-item\" data-id=\"8aab0e6\" data-element_type=\"widget\" data-widget_type=\"ele-loop-item.default\">\n\t\t\t\t<div class=\"elementor-widget-container\">\n\t\t\t\t\t<!-- end part [7] -->\t\t<div id=\"post-3690\" class=\"elementor-post elementor-grid-item ecs-post-loop post-3690 miejsca_inspiracji type-miejsca_inspiracji status-publish has-post-thumbnail hentry category-miejsca-inspiracji tag-mandragora\">\n\t\t\t\t<div data-elementor-type=\"loop\" data-elementor-id=\"2206\" class=\"elementor elementor-2206 post-3690 miejsca_inspiracji type-miejsca_inspiracji status-publish has-post-thumbnail hentry category-miejsca-inspiracji tag-mandragora\" data-elementor-settings=\"{&quot;ha_cmc_init_switcher&quot;:&quot;no&quot;}\" data-elementor-post-type=\"elementor_library\">\n\t\t\t<style>#post-3690 .elementor-2206 .elementor-element.elementor-element-f8e0f8d:not(.elementor-motion-effects-element-type-background), #post-3690 .elementor-2206 .elementor-element.elementor-element-f8e0f8d > .elementor-motion-effects-container > .elementor-motion-effects-layer{background-image: url(\"https:\/\/miastoinspiracji.lublin.eu\/wp-content\/uploads\/2022\/03\/MANDRAGORA-4-Copy.jpg\");}<\/style>\t\t<section data-ha-element-link=\"{&quot;url&quot;:&quot;https:\\\/\\\/miastoinspiracji.lublin.eu\\\/en\\\/miejsca-inspiracji\\\/mandragora-restauracja-zydowska\\\/&quot;,&quot;is_external&quot;:&quot;&quot;,&quot;nofollow&quot;:&quot;&quot;}\" style=\"cursor: pointer\" class=\"elementor-section elementor-top-section elementor-element elementor-element-f8e0f8d elementor-section-full_width d2c-mi-gallery-grid elementor-section-content-middle elementor-section-height-default elementor-section-height-default\" data-id=\"f8e0f8d\" data-element_type=\"section\" data-settings=\"{&quot;background_background&quot;:&quot;classic&quot;,&quot;_ha_eqh_enable&quot;:false}\">\n\t\t\t\t\t\t\t<div class=\"elementor-background-overlay\"><\/div>\n\t\t\t\t\t\t\t<div class=\"elementor-container elementor-column-gap-default\">\n\t\t\t\t\t<div data-ha-element-link=\"{&quot;url&quot;:&quot;https:\\\/\\\/miastoinspiracji.lublin.eu\\\/en\\\/miejsca-inspiracji\\\/mandragora-restauracja-zydowska\\\/&quot;,&quot;is_external&quot;:&quot;&quot;,&quot;nofollow&quot;:&quot;&quot;}\" style=\"cursor: pointer\" class=\"elementor-column elementor-col-100 elementor-top-column elementor-element elementor-element-788ad73\" data-id=\"788ad73\" data-element_type=\"column\">\n\t\t\t<div class=\"elementor-widget-wrap elementor-element-populated\">\n\t\t\t\t\t\t<div class=\"elementor-element elementor-element-24d15b4 d2c-kafelek-tytul elementor-widget elementor-widget-heading\" data-id=\"24d15b4\" data-element_type=\"widget\" data-widget_type=\"heading.default\">\n\t\t\t\t<div class=\"elementor-widget-container\">\n\t\t\t\t\t<h2 class=\"elementor-heading-title elementor-size-default\"><a href=\"https:\/\/miastoinspiracji.lublin.eu\/en\/miejsca-inspiracji\/mandragora-restauracja-zydowska\/\">Mandragora<\/a><\/h2>\t\t\t\t<\/div>\n\t\t\t\t<\/div>\n\t\t\t\t\t<\/div>\n\t\t<\/div>\n\t\t\t\t\t<\/div>\n\t\t<\/section>\n\t\t\t\t<\/div>\n\t\t<\/div><!-- start part [8] -->\t\t\t\t<\/div>\n\t\t\t\t<\/div>\n\t\t\t\t\t<\/div>\n\t\t<\/div>\n\t\t\t\t<div class=\"elementor-column elementor-col-50 elementor-inner-column elementor-element elementor-element-edff743\" data-id=\"edff743\" data-element_type=\"column\">\n\t\t\t<div class=\"elementor-widget-wrap elementor-element-populated\">\n\t\t\t\t\t\t<div class=\"elementor-element elementor-element-cc8bff5 d2c-mi-gallery-grid4 elementor-widget elementor-widget-ele-loop-item\" data-id=\"cc8bff5\" data-element_type=\"widget\" data-widget_type=\"ele-loop-item.default\">\n\t\t\t\t<div class=\"elementor-widget-container\">\n\t\t\t\t\t<!-- end part [8] -->\t\t<div id=\"post-2576\" class=\"elementor-post elementor-grid-item ecs-post-loop post-2576 miejsca_inspiracji type-miejsca_inspiracji status-publish has-post-thumbnail hentry category-miejsca-inspiracji tag-2_pi_er\">\n\t\t\t\t<div data-elementor-type=\"loop\" data-elementor-id=\"2206\" class=\"elementor elementor-2206 post-2576 miejsca_inspiracji type-miejsca_inspiracji status-publish has-post-thumbnail hentry category-miejsca-inspiracji tag-2_pi_er\" data-elementor-settings=\"{&quot;ha_cmc_init_switcher&quot;:&quot;no&quot;}\" data-elementor-post-type=\"elementor_library\">\n\t\t\t<style>#post-2576 .elementor-2206 .elementor-element.elementor-element-f8e0f8d:not(.elementor-motion-effects-element-type-background), #post-2576 .elementor-2206 .elementor-element.elementor-element-f8e0f8d > .elementor-motion-effects-container > .elementor-motion-effects-layer{background-image: url(\"https:\/\/miastoinspiracji.lublin.eu\/wp-content\/uploads\/2023\/10\/DSC_8882-Copy.jpg\");}<\/style>\t\t<section data-ha-element-link=\"{&quot;url&quot;:&quot;https:\\\/\\\/miastoinspiracji.lublin.eu\\\/en\\\/miejsca-inspiracji\\\/2-pi-er\\\/&quot;,&quot;is_external&quot;:&quot;&quot;,&quot;nofollow&quot;:&quot;&quot;}\" style=\"cursor: pointer\" class=\"elementor-section elementor-top-section elementor-element elementor-element-f8e0f8d elementor-section-full_width d2c-mi-gallery-grid elementor-section-content-middle elementor-section-height-default elementor-section-height-default\" data-id=\"f8e0f8d\" data-element_type=\"section\" data-settings=\"{&quot;background_background&quot;:&quot;classic&quot;,&quot;_ha_eqh_enable&quot;:false}\">\n\t\t\t\t\t\t\t<div class=\"elementor-background-overlay\"><\/div>\n\t\t\t\t\t\t\t<div class=\"elementor-container elementor-column-gap-default\">\n\t\t\t\t\t<div data-ha-element-link=\"{&quot;url&quot;:&quot;https:\\\/\\\/miastoinspiracji.lublin.eu\\\/en\\\/miejsca-inspiracji\\\/2-pi-er\\\/&quot;,&quot;is_external&quot;:&quot;&quot;,&quot;nofollow&quot;:&quot;&quot;}\" style=\"cursor: pointer\" class=\"elementor-column elementor-col-100 elementor-top-column elementor-element elementor-element-788ad73\" data-id=\"788ad73\" data-element_type=\"column\">\n\t\t\t<div class=\"elementor-widget-wrap elementor-element-populated\">\n\t\t\t\t\t\t<div class=\"elementor-element elementor-element-24d15b4 d2c-kafelek-tytul elementor-widget elementor-widget-heading\" data-id=\"24d15b4\" data-element_type=\"widget\" data-widget_type=\"heading.default\">\n\t\t\t\t<div class=\"elementor-widget-container\">\n\t\t\t\t\t<h2 class=\"elementor-heading-title elementor-size-default\"><a href=\"https:\/\/miastoinspiracji.lublin.eu\/en\/miejsca-inspiracji\/2-pi-er\/\">2 PI ER<\/a><\/h2>\t\t\t\t<\/div>\n\t\t\t\t<\/div>\n\t\t\t\t\t<\/div>\n\t\t<\/div>\n\t\t\t\t\t<\/div>\n\t\t<\/section>\n\t\t\t\t<\/div>\n\t\t<\/div><!-- start part [9] finishing -->\t\t\t\t<\/div>\n\t\t\t\t<\/div>\n\t\t\t\t\t<\/div>\n\t\t<\/div>\n\t\t\t\t\t<\/div>\n\t\t<\/section>\n\t\t\t\t\t<\/div>\n\t\t<\/div>\n\t\t\t\t<div class=\"elementor-column elementor-col-33 elementor-inner-column elementor-element elementor-element-2738000\" data-id=\"2738000\" data-element_type=\"column\">\n\t\t\t<div class=\"elementor-widget-wrap elementor-element-populated\">\n\t\t\t\t\t\t<div class=\"elementor-element elementor-element-7661c53 d2c-mi-gallery-grid5 elementor-widget elementor-widget-ele-loop-item\" data-id=\"7661c53\" data-element_type=\"widget\" data-widget_type=\"ele-loop-item.default\">\n\t\t\t\t<div class=\"elementor-widget-container\">\n\t\t\t\t\t<!-- end part [9] finishing --><!-- start part [10] finishing -->\t\t\t\t<\/div>\n\t\t\t\t<\/div>\n\t\t\t\t\t<\/div>\n\t\t<\/div>\n\t\t\t\t\t<\/div>\n\t\t<\/section>\n\t\t\t\t\t<\/div>\n\t\t<\/div>\n\t\t\t\t\t<\/div>\n\t\t<\/section>\n\t\t\t\t<\/div>\n\t\t<!-- end part [10] finishing -->\t\t<\/div>\n\t\t\t\t\t\t<\/div>\n\t\t\t\t<\/div>\n\t\t\t\t\t<\/div>\n\t\t<\/div>\n\t\t\t\t\t<\/div>\n\t\t<\/section>\n\t\t\t\t<section class=\"elementor-section elementor-top-section elementor-element elementor-element-7d660324 elementor-section-full_width elementor-section-content-middle menu-section elementor-section-height-default elementor-section-height-default\" data-id=\"7d660324\" data-element_type=\"section\" id=\"main-przewodnicy-inspiracji\" data-settings=\"{&quot;background_background&quot;:&quot;classic&quot;,&quot;_ha_eqh_enable&quot;:false}\" data-section-name=\"przewodnicy-inspiracji\">\n\t\t\t\t\t\t<div class=\"elementor-container elementor-column-gap-default\">\n\t\t\t\t\t<div class=\"elementor-column elementor-col-66 elementor-top-column elementor-element elementor-element-294b3b60\" data-id=\"294b3b60\" data-element_type=\"column\">\n\t\t\t<div class=\"elementor-widget-wrap elementor-element-populated\">\n\t\t\t\t\t\t<div class=\"elementor-element elementor-element-590d7230 elementor-nav-menu--dropdown-none d2c-vertical-menu lvl-2-menu elementor-widget elementor-widget-nav-menu\" data-id=\"590d7230\" data-element_type=\"widget\" data-settings=\"{&quot;layout&quot;:&quot;vertical&quot;,&quot;submenu_icon&quot;:{&quot;value&quot;:&quot;&lt;i class=\\&quot;\\&quot;&gt;&lt;\\\/i&gt;&quot;,&quot;library&quot;:&quot;&quot;}}\" data-widget_type=\"nav-menu.default\">\n\t\t\t\t<div class=\"elementor-widget-container\">\n\t\t\t\t\t\t\t\t<nav aria-label=\"Menu\" class=\"elementor-nav-menu--main elementor-nav-menu__container elementor-nav-menu--layout-vertical e--pointer-background e--animation-sweep-right\">\n\t\t\t\t<ul id=\"menu-1-590d7230\" class=\"elementor-nav-menu sm-vertical\"><li class=\"menu-item menu-item-type-post_type menu-item-object-page menu-item-2765\"><a href=\"https:\/\/miastoinspiracji.lublin.eu\/en\/przewodnicy-inspiracji\/poznaj-przewodnikow\/\" class=\"elementor-item\">Meet the Guides<\/a><\/li>\n<li class=\"menu-item menu-item-type-post_type menu-item-object-page menu-item-1408\"><a href=\"https:\/\/miastoinspiracji.lublin.eu\/en\/przewodnicy-inspiracji\/wyszukiwarka-tras\/\" class=\"elementor-item\">Find a tour<\/a><\/li>\n<li class=\"menu-item menu-item-type-post_type menu-item-object-page menu-item-1409\"><a href=\"https:\/\/miastoinspiracji.lublin.eu\/en\/przewodnicy-inspiracji\/idea\/\" class=\"elementor-item\">Idea<\/a><\/li>\n<li class=\"menu-item menu-item-type-post_type menu-item-object-page menu-item-1931\"><a href=\"https:\/\/miastoinspiracji.lublin.eu\/en\/przewodnicy-inspiracji\/nabor-2026\/\" class=\"elementor-item\">Nab\u00f3r 2026<\/a><\/li>\n<\/ul>\t\t\t<\/nav>\n\t\t\t\t\t\t<nav class=\"elementor-nav-menu--dropdown elementor-nav-menu__container\" aria-hidden=\"true\">\n\t\t\t\t<ul id=\"menu-2-590d7230\" class=\"elementor-nav-menu sm-vertical\"><li class=\"menu-item menu-item-type-post_type menu-item-object-page menu-item-2765\"><a href=\"https:\/\/miastoinspiracji.lublin.eu\/en\/przewodnicy-inspiracji\/poznaj-przewodnikow\/\" class=\"elementor-item\" tabindex=\"-1\">Meet the Guides<\/a><\/li>\n<li class=\"menu-item menu-item-type-post_type menu-item-object-page menu-item-1408\"><a href=\"https:\/\/miastoinspiracji.lublin.eu\/en\/przewodnicy-inspiracji\/wyszukiwarka-tras\/\" class=\"elementor-item\" tabindex=\"-1\">Find a tour<\/a><\/li>\n<li class=\"menu-item menu-item-type-post_type menu-item-object-page menu-item-1409\"><a href=\"https:\/\/miastoinspiracji.lublin.eu\/en\/przewodnicy-inspiracji\/idea\/\" class=\"elementor-item\" tabindex=\"-1\">Idea<\/a><\/li>\n<li class=\"menu-item menu-item-type-post_type menu-item-object-page menu-item-1931\"><a href=\"https:\/\/miastoinspiracji.lublin.eu\/en\/przewodnicy-inspiracji\/nabor-2026\/\" class=\"elementor-item\" tabindex=\"-1\">Nab\u00f3r 2026<\/a><\/li>\n<\/ul>\t\t\t<\/nav>\n\t\t\t\t\t\t<\/div>\n\t\t\t\t<\/div>\n\t\t\t\t<div class=\"elementor-element elementor-element-25f93e6a elementor-widget elementor-widget-heading\" data-id=\"25f93e6a\" data-element_type=\"widget\" data-widget_type=\"heading.default\">\n\t\t\t\t<div class=\"elementor-widget-container\">\n\t\t\t\t\t<h2 class=\"elementor-heading-title elementor-size-default\">Guides of Inspiration<\/h2>\t\t\t\t<\/div>\n\t\t\t\t<\/div>\n\t\t\t\t<div class=\"elementor-element elementor-element-3eb669a2 elementor-widget elementor-widget-text-editor\" data-id=\"3eb669a2\" data-element_type=\"widget\" data-widget_type=\"text-editor.default\">\n\t\t\t\t<div class=\"elementor-widget-container\">\n\t\t\t\t\t\t\t\t\t<p>You can explore Lublin on your own \u2013 it is undoubtedly enough to be astonished by the City of Inspiration. However, no one can take visitors on a fantastic journey through unobvious Lublin as the Inspiration Guides do. They are the best of the best experts in history, curiosities and subtleties about our city.<\/p>\t\t\t\t\t\t\t\t<\/div>\n\t\t\t\t<\/div>\n\t\t\t\t\t<\/div>\n\t\t<\/div>\n\t\t\t\t<div class=\"elementor-column elementor-col-33 elementor-top-column elementor-element elementor-element-1f49fff2\" data-id=\"1f49fff2\" data-element_type=\"column\">\n\t\t\t<div class=\"elementor-widget-wrap elementor-element-populated\">\n\t\t\t\t\t\t<div class=\"elementor-element elementor-element-6b4e08a elementor-grid-4 elementor-grid-mobile-3 elementor-posts--thumbnail-top elementor-grid-tablet-2 elementor-widget elementor-widget-posts\" data-id=\"6b4e08a\" data-element_type=\"widget\" id=\"pi-main-galeria\" data-settings=\"{&quot;custom_columns&quot;:&quot;4&quot;,&quot;custom_columns_mobile&quot;:&quot;3&quot;,&quot;custom_columns_tablet&quot;:&quot;2&quot;,&quot;custom_row_gap&quot;:{&quot;unit&quot;:&quot;px&quot;,&quot;size&quot;:35,&quot;sizes&quot;:[]},&quot;custom_row_gap_tablet&quot;:{&quot;unit&quot;:&quot;px&quot;,&quot;size&quot;:&quot;&quot;,&quot;sizes&quot;:[]},&quot;custom_row_gap_mobile&quot;:{&quot;unit&quot;:&quot;px&quot;,&quot;size&quot;:&quot;&quot;,&quot;sizes&quot;:[]}}\" data-widget_type=\"posts.custom\">\n\t\t\t\t<div class=\"elementor-widget-container\">\n\t\t\t\t\t      <div class=\"ecs-posts elementor-posts-container elementor-posts   elementor-grid elementor-posts--skin-custom\" data-settings=\"{&quot;current_page&quot;:1,&quot;max_num_pages&quot;:&quot;5&quot;,&quot;load_method&quot;:&quot;&quot;,&quot;widget_id&quot;:&quot;6b4e08a&quot;,&quot;post_id&quot;:2576,&quot;theme_id&quot;:8,&quot;change_url&quot;:false,&quot;reinit_js&quot;:false}\">\n      \t\t<article id=\"post-5919\" class=\"elementor-post elementor-grid-item ecs-post-loop post-5919 trasy type-trasy status-publish has-post-thumbnail hentry jezyki-polish jezyki-french-en jezyki-polski jezyki-francuski dzien_tygodnia-wtorek dzien_tygodnia-sroda dzien_tygodnia-czwartek dzien_tygodnia-monday dzien_tygodnia-piatek dzien_tygodnia-tuesday dzien_tygodnia-sobota dzien_tygodnia-wednesday dzien_tygodnia-niedziela dzien_tygodnia-thursday dzien_tygodnia-friday dzien_tygodnia-saturday dzien_tygodnia-sunday dzien_tygodnia-poniedzialek liczba_osob-20-and-less liczba_osob-more-than-20 liczba_osob-do-5 liczba_osob-do-20 liczba_osob-ponad-20 liczba_osob-5-and-less tematyka-general-tour tematyka-ogolny czas_trwania-up-to-2-hours czas_trwania-97\">\n\t\t\t\t<div data-elementor-type=\"loop\" data-elementor-id=\"5102\" class=\"elementor elementor-5102 post-5919 trasy type-trasy status-publish has-post-thumbnail hentry jezyki-polish jezyki-french-en jezyki-polski jezyki-francuski dzien_tygodnia-wtorek dzien_tygodnia-sroda dzien_tygodnia-czwartek dzien_tygodnia-monday dzien_tygodnia-piatek dzien_tygodnia-tuesday dzien_tygodnia-sobota dzien_tygodnia-wednesday dzien_tygodnia-niedziela dzien_tygodnia-thursday dzien_tygodnia-friday dzien_tygodnia-saturday dzien_tygodnia-sunday dzien_tygodnia-poniedzialek liczba_osob-20-and-less liczba_osob-more-than-20 liczba_osob-do-5 liczba_osob-do-20 liczba_osob-ponad-20 liczba_osob-5-and-less tematyka-general-tour tematyka-ogolny czas_trwania-up-to-2-hours czas_trwania-97\" data-elementor-settings=\"{&quot;ha_cmc_init_switcher&quot;:&quot;no&quot;}\" data-elementor-post-type=\"elementor_library\">\n\t\t\t\t\t<section class=\"elementor-section elementor-top-section elementor-element elementor-element-3d622c0 elementor-section-full_width elementor-section-height-default elementor-section-height-default\" data-id=\"3d622c0\" data-element_type=\"section\" data-settings=\"{&quot;_ha_eqh_enable&quot;:false}\">\n\t\t\t\t\t\t<div class=\"elementor-container elementor-column-gap-default\">\n\t\t\t<style>#post-5919 .elementor-5102 .elementor-element.elementor-element-8478670:not(.elementor-motion-effects-element-type-background) > .elementor-widget-wrap, #post-5919 .elementor-5102 .elementor-element.elementor-element-8478670 > .elementor-widget-wrap > .elementor-motion-effects-container > .elementor-motion-effects-layer{background-image: url(\"https:\/\/miastoinspiracji.lublin.eu\/wp-content\/uploads\/2020\/11\/Lublin-klasycznie-plus.-Czyli-spacer-szyty-na-miare-1.jpg\");}<\/style>\t\t<div data-ha-element-link=\"{&quot;url&quot;:&quot;\\\/przewodnicy-inspiracji\\\/wyszukiwarka-tras\\\/&quot;,&quot;is_external&quot;:&quot;&quot;,&quot;nofollow&quot;:&quot;&quot;}\" style=\"cursor: pointer\" class=\"elementor-column elementor-col-100 elementor-top-column elementor-element elementor-element-8478670\" data-id=\"8478670\" data-element_type=\"column\" data-settings=\"{&quot;background_background&quot;:&quot;classic&quot;}\">\n\t\t\t<div class=\"elementor-widget-wrap\">\n\t\t\t\t\t\t\t<\/div>\n\t\t<\/div>\n\t\t\t\t\t<\/div>\n\t\t<\/section>\n\t\t\t\t<\/div>\n\t\t\t\t<\/article>\n\t\t\t\t<article id=\"post-5162\" class=\"elementor-post elementor-grid-item ecs-post-loop post-5162 trasy type-trasy status-publish has-post-thumbnail hentry jezyki-polski jezyki-angielski jezyki-polish jezyki-english dzien_tygodnia-sobota dzien_tygodnia-wednesday dzien_tygodnia-niedziela dzien_tygodnia-thursday dzien_tygodnia-friday dzien_tygodnia-saturday dzien_tygodnia-sunday dzien_tygodnia-poniedzialek dzien_tygodnia-wtorek dzien_tygodnia-sroda dzien_tygodnia-czwartek dzien_tygodnia-monday dzien_tygodnia-piatek dzien_tygodnia-tuesday liczba_osob-do-5 liczba_osob-do-20 liczba_osob-ponad-20 liczba_osob-5-and-less liczba_osob-20-and-less liczba_osob-more-than-20 tematyka-tematyczny tematyka-specialised-tour czas_trwania-97 czas_trwania-up-to-2-hours\">\n\t\t\t\t<div data-elementor-type=\"loop\" data-elementor-id=\"5102\" class=\"elementor elementor-5102 post-5162 trasy type-trasy status-publish has-post-thumbnail hentry jezyki-polski jezyki-angielski jezyki-polish jezyki-english dzien_tygodnia-sobota dzien_tygodnia-wednesday dzien_tygodnia-niedziela dzien_tygodnia-thursday dzien_tygodnia-friday dzien_tygodnia-saturday dzien_tygodnia-sunday dzien_tygodnia-poniedzialek dzien_tygodnia-wtorek dzien_tygodnia-sroda dzien_tygodnia-czwartek dzien_tygodnia-monday dzien_tygodnia-piatek dzien_tygodnia-tuesday liczba_osob-do-5 liczba_osob-do-20 liczba_osob-ponad-20 liczba_osob-5-and-less liczba_osob-20-and-less liczba_osob-more-than-20 tematyka-tematyczny tematyka-specialised-tour czas_trwania-97 czas_trwania-up-to-2-hours\" data-elementor-settings=\"{&quot;ha_cmc_init_switcher&quot;:&quot;no&quot;}\" data-elementor-post-type=\"elementor_library\">\n\t\t\t\t\t<section class=\"elementor-section elementor-top-section elementor-element elementor-element-3d622c0 elementor-section-full_width elementor-section-height-default elementor-section-height-default\" data-id=\"3d622c0\" data-element_type=\"section\" data-settings=\"{&quot;_ha_eqh_enable&quot;:false}\">\n\t\t\t\t\t\t<div class=\"elementor-container elementor-column-gap-default\">\n\t\t\t<style>#post-5162 .elementor-5102 .elementor-element.elementor-element-8478670:not(.elementor-motion-effects-element-type-background) > .elementor-widget-wrap, #post-5162 .elementor-5102 .elementor-element.elementor-element-8478670 > .elementor-widget-wrap > .elementor-motion-effects-container > .elementor-motion-effects-layer{background-image: url(\"https:\/\/miastoinspiracji.lublin.eu\/wp-content\/uploads\/2020\/11\/Zagadki-Lubelskiej-mieszczki-1.jpg\");}<\/style>\t\t<div data-ha-element-link=\"{&quot;url&quot;:&quot;\\\/przewodnicy-inspiracji\\\/wyszukiwarka-tras\\\/&quot;,&quot;is_external&quot;:&quot;&quot;,&quot;nofollow&quot;:&quot;&quot;}\" style=\"cursor: pointer\" class=\"elementor-column elementor-col-100 elementor-top-column elementor-element elementor-element-8478670\" data-id=\"8478670\" data-element_type=\"column\" data-settings=\"{&quot;background_background&quot;:&quot;classic&quot;}\">\n\t\t\t<div class=\"elementor-widget-wrap\">\n\t\t\t\t\t\t\t<\/div>\n\t\t<\/div>\n\t\t\t\t\t<\/div>\n\t\t<\/section>\n\t\t\t\t<\/div>\n\t\t\t\t<\/article>\n\t\t\t\t<article id=\"post-9960\" class=\"elementor-post elementor-grid-item ecs-post-loop post-9960 trasy type-trasy status-publish has-post-thumbnail hentry jezyki-polski dzien_tygodnia-czwartek dzien_tygodnia-piatek dzien_tygodnia-sobota dzien_tygodnia-niedziela dzien_tygodnia-poniedzialek dzien_tygodnia-wtorek dzien_tygodnia-sroda liczba_osob-91 liczba_osob-do-5 liczba_osob-do-20 liczba_osob-ponad-20 tematyka-tematyczny czas_trwania-97\">\n\t\t\t\t<div data-elementor-type=\"loop\" data-elementor-id=\"5102\" class=\"elementor elementor-5102 post-9960 trasy type-trasy status-publish has-post-thumbnail hentry jezyki-polski dzien_tygodnia-czwartek dzien_tygodnia-piatek dzien_tygodnia-sobota dzien_tygodnia-niedziela dzien_tygodnia-poniedzialek dzien_tygodnia-wtorek dzien_tygodnia-sroda liczba_osob-91 liczba_osob-do-5 liczba_osob-do-20 liczba_osob-ponad-20 tematyka-tematyczny czas_trwania-97\" data-elementor-settings=\"{&quot;ha_cmc_init_switcher&quot;:&quot;no&quot;}\" data-elementor-post-type=\"elementor_library\">\n\t\t\t\t\t<section class=\"elementor-section elementor-top-section elementor-element elementor-element-3d622c0 elementor-section-full_width elementor-section-height-default elementor-section-height-default\" data-id=\"3d622c0\" data-element_type=\"section\" data-settings=\"{&quot;_ha_eqh_enable&quot;:false}\">\n\t\t\t\t\t\t<div class=\"elementor-container elementor-column-gap-default\">\n\t\t\t<style>#post-9960 .elementor-5102 .elementor-element.elementor-element-8478670:not(.elementor-motion-effects-element-type-background) > .elementor-widget-wrap, #post-9960 .elementor-5102 .elementor-element.elementor-element-8478670 > .elementor-widget-wrap > .elementor-motion-effects-container > .elementor-motion-effects-layer{background-image: url(\"https:\/\/miastoinspiracji.lublin.eu\/wp-content\/uploads\/2021\/02\/Dziedziniec-Zamku-Lubelskiego-baszta-oraz-Kaplica-Trojcy-Swietej.jpg\");}<\/style>\t\t<div data-ha-element-link=\"{&quot;url&quot;:&quot;\\\/przewodnicy-inspiracji\\\/wyszukiwarka-tras\\\/&quot;,&quot;is_external&quot;:&quot;&quot;,&quot;nofollow&quot;:&quot;&quot;}\" style=\"cursor: pointer\" class=\"elementor-column elementor-col-100 elementor-top-column elementor-element elementor-element-8478670\" data-id=\"8478670\" data-element_type=\"column\" data-settings=\"{&quot;background_background&quot;:&quot;classic&quot;}\">\n\t\t\t<div class=\"elementor-widget-wrap\">\n\t\t\t\t\t\t\t<\/div>\n\t\t<\/div>\n\t\t\t\t\t<\/div>\n\t\t<\/section>\n\t\t\t\t<\/div>\n\t\t\t\t<\/article>\n\t\t\t\t<article id=\"post-4688\" class=\"elementor-post elementor-grid-item ecs-post-loop post-4688 przewodnicy type-przewodnicy status-publish has-post-thumbnail hentry category-przewodnicy-inspiracji jezyki-polski\">\n\t\t\t\t<div data-elementor-type=\"loop\" data-elementor-id=\"5102\" class=\"elementor elementor-5102 post-4688 przewodnicy type-przewodnicy status-publish has-post-thumbnail hentry category-przewodnicy-inspiracji jezyki-polski\" data-elementor-settings=\"{&quot;ha_cmc_init_switcher&quot;:&quot;no&quot;}\" data-elementor-post-type=\"elementor_library\">\n\t\t\t\t\t<section class=\"elementor-section elementor-top-section elementor-element elementor-element-3d622c0 elementor-section-full_width elementor-section-height-default elementor-section-height-default\" data-id=\"3d622c0\" data-element_type=\"section\" data-settings=\"{&quot;_ha_eqh_enable&quot;:false}\">\n\t\t\t\t\t\t<div class=\"elementor-container elementor-column-gap-default\">\n\t\t\t<style>#post-4688 .elementor-5102 .elementor-element.elementor-element-8478670:not(.elementor-motion-effects-element-type-background) > .elementor-widget-wrap, #post-4688 .elementor-5102 .elementor-element.elementor-element-8478670 > .elementor-widget-wrap > .elementor-motion-effects-container > .elementor-motion-effects-layer{background-image: url(\"https:\/\/miastoinspiracji.lublin.eu\/wp-content\/uploads\/2020\/08\/Iwona-Kwiecinska-1.jpg\");}<\/style>\t\t<div data-ha-element-link=\"{&quot;url&quot;:&quot;\\\/przewodnicy-inspiracji\\\/wyszukiwarka-tras\\\/&quot;,&quot;is_external&quot;:&quot;&quot;,&quot;nofollow&quot;:&quot;&quot;}\" style=\"cursor: pointer\" class=\"elementor-column elementor-col-100 elementor-top-column elementor-element elementor-element-8478670\" data-id=\"8478670\" data-element_type=\"column\" data-settings=\"{&quot;background_background&quot;:&quot;classic&quot;}\">\n\t\t\t<div class=\"elementor-widget-wrap\">\n\t\t\t\t\t\t\t<\/div>\n\t\t<\/div>\n\t\t\t\t\t<\/div>\n\t\t<\/section>\n\t\t\t\t<\/div>\n\t\t\t\t<\/article>\n\t\t\t\t<article id=\"post-9896\" class=\"elementor-post elementor-grid-item ecs-post-loop post-9896 trasy type-trasy status-publish has-post-thumbnail hentry jezyki-polski dzien_tygodnia-niedziela dzien_tygodnia-poniedzialek dzien_tygodnia-wtorek dzien_tygodnia-sroda dzien_tygodnia-czwartek dzien_tygodnia-piatek dzien_tygodnia-sobota liczba_osob-91 liczba_osob-do-5 liczba_osob-do-20 liczba_osob-ponad-20 tematyka-tematyczny czas_trwania-97\">\n\t\t\t\t<div data-elementor-type=\"loop\" data-elementor-id=\"5102\" class=\"elementor elementor-5102 post-9896 trasy type-trasy status-publish has-post-thumbnail hentry jezyki-polski dzien_tygodnia-niedziela dzien_tygodnia-poniedzialek dzien_tygodnia-wtorek dzien_tygodnia-sroda dzien_tygodnia-czwartek dzien_tygodnia-piatek dzien_tygodnia-sobota liczba_osob-91 liczba_osob-do-5 liczba_osob-do-20 liczba_osob-ponad-20 tematyka-tematyczny czas_trwania-97\" data-elementor-settings=\"{&quot;ha_cmc_init_switcher&quot;:&quot;no&quot;}\" data-elementor-post-type=\"elementor_library\">\n\t\t\t\t\t<section class=\"elementor-section elementor-top-section elementor-element elementor-element-3d622c0 elementor-section-full_width elementor-section-height-default elementor-section-height-default\" data-id=\"3d622c0\" data-element_type=\"section\" data-settings=\"{&quot;_ha_eqh_enable&quot;:false}\">\n\t\t\t\t\t\t<div class=\"elementor-container elementor-column-gap-default\">\n\t\t\t<style>#post-9896 .elementor-5102 .elementor-element.elementor-element-8478670:not(.elementor-motion-effects-element-type-background) > .elementor-widget-wrap, #post-9896 .elementor-5102 .elementor-element.elementor-element-8478670 > .elementor-widget-wrap > .elementor-motion-effects-container > .elementor-motion-effects-layer{background-image: url(\"https:\/\/miastoinspiracji.lublin.eu\/wp-content\/uploads\/2021\/02\/Pomnik-Jana-Pawla-II-i-prymasa-tysiaclecia-Stefana-Wyszynskiego.jpg\");}<\/style>\t\t<div data-ha-element-link=\"{&quot;url&quot;:&quot;\\\/przewodnicy-inspiracji\\\/wyszukiwarka-tras\\\/&quot;,&quot;is_external&quot;:&quot;&quot;,&quot;nofollow&quot;:&quot;&quot;}\" style=\"cursor: pointer\" class=\"elementor-column elementor-col-100 elementor-top-column elementor-element elementor-element-8478670\" data-id=\"8478670\" data-element_type=\"column\" data-settings=\"{&quot;background_background&quot;:&quot;classic&quot;}\">\n\t\t\t<div class=\"elementor-widget-wrap\">\n\t\t\t\t\t\t\t<\/div>\n\t\t<\/div>\n\t\t\t\t\t<\/div>\n\t\t<\/section>\n\t\t\t\t<\/div>\n\t\t\t\t<\/article>\n\t\t\t\t<article id=\"post-29432\" class=\"elementor-post elementor-grid-item ecs-post-loop post-29432 trasy type-trasy status-publish has-post-thumbnail hentry jezyki-polski dzien_tygodnia-sroda dzien_tygodnia-czwartek dzien_tygodnia-piatek dzien_tygodnia-sobota dzien_tygodnia-niedziela dzien_tygodnia-poniedzialek dzien_tygodnia-wtorek liczba_osob-91 liczba_osob-do-5 liczba_osob-do-20 liczba_osob-ponad-20 tematyka-tematyczny czas_trwania-98\">\n\t\t\t\t<div data-elementor-type=\"loop\" data-elementor-id=\"5102\" class=\"elementor elementor-5102 post-29432 trasy type-trasy status-publish has-post-thumbnail hentry jezyki-polski dzien_tygodnia-sroda dzien_tygodnia-czwartek dzien_tygodnia-piatek dzien_tygodnia-sobota dzien_tygodnia-niedziela dzien_tygodnia-poniedzialek dzien_tygodnia-wtorek liczba_osob-91 liczba_osob-do-5 liczba_osob-do-20 liczba_osob-ponad-20 tematyka-tematyczny czas_trwania-98\" data-elementor-settings=\"{&quot;ha_cmc_init_switcher&quot;:&quot;no&quot;}\" data-elementor-post-type=\"elementor_library\">\n\t\t\t\t\t<section class=\"elementor-section elementor-top-section elementor-element elementor-element-3d622c0 elementor-section-full_width elementor-section-height-default elementor-section-height-default\" data-id=\"3d622c0\" data-element_type=\"section\" data-settings=\"{&quot;_ha_eqh_enable&quot;:false}\">\n\t\t\t\t\t\t<div class=\"elementor-container elementor-column-gap-default\">\n\t\t\t<style>#post-29432 .elementor-5102 .elementor-element.elementor-element-8478670:not(.elementor-motion-effects-element-type-background) > .elementor-widget-wrap, #post-29432 .elementor-5102 .elementor-element.elementor-element-8478670 > .elementor-widget-wrap > .elementor-motion-effects-container > .elementor-motion-effects-layer{background-image: url(\"https:\/\/miastoinspiracji.lublin.eu\/wp-content\/uploads\/2026\/03\/VOLTA-werki-0127-Copy-Copy-scaled.jpg\");}<\/style>\t\t<div data-ha-element-link=\"{&quot;url&quot;:&quot;\\\/przewodnicy-inspiracji\\\/wyszukiwarka-tras\\\/&quot;,&quot;is_external&quot;:&quot;&quot;,&quot;nofollow&quot;:&quot;&quot;}\" style=\"cursor: pointer\" class=\"elementor-column elementor-col-100 elementor-top-column elementor-element elementor-element-8478670\" data-id=\"8478670\" data-element_type=\"column\" data-settings=\"{&quot;background_background&quot;:&quot;classic&quot;}\">\n\t\t\t<div class=\"elementor-widget-wrap\">\n\t\t\t\t\t\t\t<\/div>\n\t\t<\/div>\n\t\t\t\t\t<\/div>\n\t\t<\/section>\n\t\t\t\t<\/div>\n\t\t\t\t<\/article>\n\t\t\t\t<article id=\"post-29070\" class=\"elementor-post elementor-grid-item ecs-post-loop post-29070 trasy type-trasy status-publish has-post-thumbnail hentry jezyki-polski dzien_tygodnia-sroda dzien_tygodnia-czwartek dzien_tygodnia-piatek dzien_tygodnia-sobota dzien_tygodnia-niedziela dzien_tygodnia-poniedzialek dzien_tygodnia-wtorek liczba_osob-91 liczba_osob-do-5 liczba_osob-do-20 liczba_osob-ponad-20 tematyka-tematyczny czas_trwania-97\">\n\t\t\t\t<div data-elementor-type=\"loop\" data-elementor-id=\"5102\" class=\"elementor elementor-5102 post-29070 trasy type-trasy status-publish has-post-thumbnail hentry jezyki-polski dzien_tygodnia-sroda dzien_tygodnia-czwartek dzien_tygodnia-piatek dzien_tygodnia-sobota dzien_tygodnia-niedziela dzien_tygodnia-poniedzialek dzien_tygodnia-wtorek liczba_osob-91 liczba_osob-do-5 liczba_osob-do-20 liczba_osob-ponad-20 tematyka-tematyczny czas_trwania-97\" data-elementor-settings=\"{&quot;ha_cmc_init_switcher&quot;:&quot;no&quot;}\" data-elementor-post-type=\"elementor_library\">\n\t\t\t\t\t<section class=\"elementor-section elementor-top-section elementor-element elementor-element-3d622c0 elementor-section-full_width elementor-section-height-default elementor-section-height-default\" data-id=\"3d622c0\" data-element_type=\"section\" data-settings=\"{&quot;_ha_eqh_enable&quot;:false}\">\n\t\t\t\t\t\t<div class=\"elementor-container elementor-column-gap-default\">\n\t\t\t<style>#post-29070 .elementor-5102 .elementor-element.elementor-element-8478670:not(.elementor-motion-effects-element-type-background) > .elementor-widget-wrap, #post-29070 .elementor-5102 .elementor-element.elementor-element-8478670 > .elementor-widget-wrap > .elementor-motion-effects-container > .elementor-motion-effects-layer{background-image: url(\"https:\/\/miastoinspiracji.lublin.eu\/wp-content\/uploads\/2022\/05\/Botanik03-Copy.jpg\");}<\/style>\t\t<div data-ha-element-link=\"{&quot;url&quot;:&quot;\\\/przewodnicy-inspiracji\\\/wyszukiwarka-tras\\\/&quot;,&quot;is_external&quot;:&quot;&quot;,&quot;nofollow&quot;:&quot;&quot;}\" style=\"cursor: pointer\" class=\"elementor-column elementor-col-100 elementor-top-column elementor-element elementor-element-8478670\" data-id=\"8478670\" data-element_type=\"column\" data-settings=\"{&quot;background_background&quot;:&quot;classic&quot;}\">\n\t\t\t<div class=\"elementor-widget-wrap\">\n\t\t\t\t\t\t\t<\/div>\n\t\t<\/div>\n\t\t\t\t\t<\/div>\n\t\t<\/section>\n\t\t\t\t<\/div>\n\t\t\t\t<\/article>\n\t\t\t\t<article id=\"post-5443\" class=\"elementor-post elementor-grid-item ecs-post-loop post-5443 trasy type-trasy status-publish has-post-thumbnail hentry jezyki-polski dzien_tygodnia-poniedzialek dzien_tygodnia-wtorek dzien_tygodnia-sroda dzien_tygodnia-czwartek dzien_tygodnia-piatek dzien_tygodnia-sobota dzien_tygodnia-niedziela liczba_osob-91 liczba_osob-do-5 liczba_osob-do-20 tematyka-tematyczny czas_trwania-97\">\n\t\t\t\t<div data-elementor-type=\"loop\" data-elementor-id=\"5102\" class=\"elementor elementor-5102 post-5443 trasy type-trasy status-publish has-post-thumbnail hentry jezyki-polski dzien_tygodnia-poniedzialek dzien_tygodnia-wtorek dzien_tygodnia-sroda dzien_tygodnia-czwartek dzien_tygodnia-piatek dzien_tygodnia-sobota dzien_tygodnia-niedziela liczba_osob-91 liczba_osob-do-5 liczba_osob-do-20 tematyka-tematyczny czas_trwania-97\" data-elementor-settings=\"{&quot;ha_cmc_init_switcher&quot;:&quot;no&quot;}\" data-elementor-post-type=\"elementor_library\">\n\t\t\t\t\t<section class=\"elementor-section elementor-top-section elementor-element elementor-element-3d622c0 elementor-section-full_width elementor-section-height-default elementor-section-height-default\" data-id=\"3d622c0\" data-element_type=\"section\" data-settings=\"{&quot;_ha_eqh_enable&quot;:false}\">\n\t\t\t\t\t\t<div class=\"elementor-container elementor-column-gap-default\">\n\t\t\t<style>#post-5443 .elementor-5102 .elementor-element.elementor-element-8478670:not(.elementor-motion-effects-element-type-background) > .elementor-widget-wrap, #post-5443 .elementor-5102 .elementor-element.elementor-element-8478670 > .elementor-widget-wrap > .elementor-motion-effects-container > .elementor-motion-effects-layer{background-image: url(\"https:\/\/miastoinspiracji.lublin.eu\/wp-content\/uploads\/2020\/11\/Miejskie-eksploracje-1.jpg\");}<\/style>\t\t<div data-ha-element-link=\"{&quot;url&quot;:&quot;\\\/przewodnicy-inspiracji\\\/wyszukiwarka-tras\\\/&quot;,&quot;is_external&quot;:&quot;&quot;,&quot;nofollow&quot;:&quot;&quot;}\" style=\"cursor: pointer\" class=\"elementor-column elementor-col-100 elementor-top-column elementor-element elementor-element-8478670\" data-id=\"8478670\" data-element_type=\"column\" data-settings=\"{&quot;background_background&quot;:&quot;classic&quot;}\">\n\t\t\t<div class=\"elementor-widget-wrap\">\n\t\t\t\t\t\t\t<\/div>\n\t\t<\/div>\n\t\t\t\t\t<\/div>\n\t\t<\/section>\n\t\t\t\t<\/div>\n\t\t\t\t<\/article>\n\t\t\t\t<article id=\"post-29077\" class=\"elementor-post elementor-grid-item ecs-post-loop post-29077 trasy type-trasy status-publish has-post-thumbnail hentry jezyki-polski dzien_tygodnia-poniedzialek dzien_tygodnia-wtorek dzien_tygodnia-sroda dzien_tygodnia-czwartek dzien_tygodnia-piatek dzien_tygodnia-sobota dzien_tygodnia-niedziela liczba_osob-do-20 liczba_osob-ponad-20 liczba_osob-91 liczba_osob-do-5 tematyka-tematyczny czas_trwania-97\">\n\t\t\t\t<div data-elementor-type=\"loop\" data-elementor-id=\"5102\" class=\"elementor elementor-5102 post-29077 trasy type-trasy status-publish has-post-thumbnail hentry jezyki-polski dzien_tygodnia-poniedzialek dzien_tygodnia-wtorek dzien_tygodnia-sroda dzien_tygodnia-czwartek dzien_tygodnia-piatek dzien_tygodnia-sobota dzien_tygodnia-niedziela liczba_osob-do-20 liczba_osob-ponad-20 liczba_osob-91 liczba_osob-do-5 tematyka-tematyczny czas_trwania-97\" data-elementor-settings=\"{&quot;ha_cmc_init_switcher&quot;:&quot;no&quot;}\" data-elementor-post-type=\"elementor_library\">\n\t\t\t\t\t<section class=\"elementor-section elementor-top-section elementor-element elementor-element-3d622c0 elementor-section-full_width elementor-section-height-default elementor-section-height-default\" data-id=\"3d622c0\" data-element_type=\"section\" data-settings=\"{&quot;_ha_eqh_enable&quot;:false}\">\n\t\t\t\t\t\t<div class=\"elementor-container elementor-column-gap-default\">\n\t\t\t<style>#post-29077 .elementor-5102 .elementor-element.elementor-element-8478670:not(.elementor-motion-effects-element-type-background) > .elementor-widget-wrap, #post-29077 .elementor-5102 .elementor-element.elementor-element-8478670 > .elementor-widget-wrap > .elementor-motion-effects-container > .elementor-motion-effects-layer{background-image: url(\"https:\/\/miastoinspiracji.lublin.eu\/wp-content\/uploads\/2025\/08\/Mikolaj_fot.-BRT-14-scaled.jpg\");}<\/style>\t\t<div data-ha-element-link=\"{&quot;url&quot;:&quot;\\\/przewodnicy-inspiracji\\\/wyszukiwarka-tras\\\/&quot;,&quot;is_external&quot;:&quot;&quot;,&quot;nofollow&quot;:&quot;&quot;}\" style=\"cursor: pointer\" class=\"elementor-column elementor-col-100 elementor-top-column elementor-element elementor-element-8478670\" data-id=\"8478670\" data-element_type=\"column\" data-settings=\"{&quot;background_background&quot;:&quot;classic&quot;}\">\n\t\t\t<div class=\"elementor-widget-wrap\">\n\t\t\t\t\t\t\t<\/div>\n\t\t<\/div>\n\t\t\t\t\t<\/div>\n\t\t<\/section>\n\t\t\t\t<\/div>\n\t\t\t\t<\/article>\n\t\t\t\t<article id=\"post-25206\" class=\"elementor-post elementor-grid-item ecs-post-loop post-25206 trasy type-trasy status-publish has-post-thumbnail hentry jezyki-polski dzien_tygodnia-sobota dzien_tygodnia-niedziela dzien_tygodnia-poniedzialek dzien_tygodnia-wtorek dzien_tygodnia-sroda dzien_tygodnia-czwartek dzien_tygodnia-piatek liczba_osob-91 liczba_osob-do-5 liczba_osob-do-20 liczba_osob-1-en tematyka-tematyczny czas_trwania-97\">\n\t\t\t\t<div data-elementor-type=\"loop\" data-elementor-id=\"5102\" class=\"elementor elementor-5102 post-25206 trasy type-trasy status-publish has-post-thumbnail hentry jezyki-polski dzien_tygodnia-sobota dzien_tygodnia-niedziela dzien_tygodnia-poniedzialek dzien_tygodnia-wtorek dzien_tygodnia-sroda dzien_tygodnia-czwartek dzien_tygodnia-piatek liczba_osob-91 liczba_osob-do-5 liczba_osob-do-20 liczba_osob-1-en tematyka-tematyczny czas_trwania-97\" data-elementor-settings=\"{&quot;ha_cmc_init_switcher&quot;:&quot;no&quot;}\" data-elementor-post-type=\"elementor_library\">\n\t\t\t\t\t<section class=\"elementor-section elementor-top-section elementor-element elementor-element-3d622c0 elementor-section-full_width elementor-section-height-default elementor-section-height-default\" data-id=\"3d622c0\" data-element_type=\"section\" data-settings=\"{&quot;_ha_eqh_enable&quot;:false}\">\n\t\t\t\t\t\t<div class=\"elementor-container elementor-column-gap-default\">\n\t\t\t<style>#post-25206 .elementor-5102 .elementor-element.elementor-element-8478670:not(.elementor-motion-effects-element-type-background) > .elementor-widget-wrap, #post-25206 .elementor-5102 .elementor-element.elementor-element-8478670 > .elementor-widget-wrap > .elementor-motion-effects-container > .elementor-motion-effects-layer{background-image: url(\"https:\/\/miastoinspiracji.lublin.eu\/wp-content\/uploads\/2024\/03\/Gra-miejska-Tajmice-Lublina.jpg\");}<\/style>\t\t<div data-ha-element-link=\"{&quot;url&quot;:&quot;\\\/przewodnicy-inspiracji\\\/wyszukiwarka-tras\\\/&quot;,&quot;is_external&quot;:&quot;&quot;,&quot;nofollow&quot;:&quot;&quot;}\" style=\"cursor: pointer\" class=\"elementor-column elementor-col-100 elementor-top-column elementor-element elementor-element-8478670\" data-id=\"8478670\" data-element_type=\"column\" data-settings=\"{&quot;background_background&quot;:&quot;classic&quot;}\">\n\t\t\t<div class=\"elementor-widget-wrap\">\n\t\t\t\t\t\t\t<\/div>\n\t\t<\/div>\n\t\t\t\t\t<\/div>\n\t\t<\/section>\n\t\t\t\t<\/div>\n\t\t\t\t<\/article>\n\t\t\t\t<article id=\"post-5909\" class=\"elementor-post elementor-grid-item ecs-post-loop post-5909 trasy type-trasy status-publish has-post-thumbnail hentry jezyki-polski jezyki-francuski jezyki-polish jezyki-french-en dzien_tygodnia-wednesday dzien_tygodnia-piatek dzien_tygodnia-thursday dzien_tygodnia-sobota dzien_tygodnia-friday dzien_tygodnia-niedziela dzien_tygodnia-saturday dzien_tygodnia-sunday dzien_tygodnia-poniedzialek dzien_tygodnia-wtorek dzien_tygodnia-monday dzien_tygodnia-sroda dzien_tygodnia-tuesday dzien_tygodnia-czwartek liczba_osob-do-20 liczba_osob-20-and-less tematyka-tematyczny tematyka-specialised-tour czas_trwania-97 czas_trwania-up-to-2-hours\">\n\t\t\t\t<div data-elementor-type=\"loop\" data-elementor-id=\"5102\" class=\"elementor elementor-5102 post-5909 trasy type-trasy status-publish has-post-thumbnail hentry jezyki-polski jezyki-francuski jezyki-polish jezyki-french-en dzien_tygodnia-wednesday dzien_tygodnia-piatek dzien_tygodnia-thursday dzien_tygodnia-sobota dzien_tygodnia-friday dzien_tygodnia-niedziela dzien_tygodnia-saturday dzien_tygodnia-sunday dzien_tygodnia-poniedzialek dzien_tygodnia-wtorek dzien_tygodnia-monday dzien_tygodnia-sroda dzien_tygodnia-tuesday dzien_tygodnia-czwartek liczba_osob-do-20 liczba_osob-20-and-less tematyka-tematyczny tematyka-specialised-tour czas_trwania-97 czas_trwania-up-to-2-hours\" data-elementor-settings=\"{&quot;ha_cmc_init_switcher&quot;:&quot;no&quot;}\" data-elementor-post-type=\"elementor_library\">\n\t\t\t\t\t<section class=\"elementor-section elementor-top-section elementor-element elementor-element-3d622c0 elementor-section-full_width elementor-section-height-default elementor-section-height-default\" data-id=\"3d622c0\" data-element_type=\"section\" data-settings=\"{&quot;_ha_eqh_enable&quot;:false}\">\n\t\t\t\t\t\t<div class=\"elementor-container elementor-column-gap-default\">\n\t\t\t<style>#post-5909 .elementor-5102 .elementor-element.elementor-element-8478670:not(.elementor-motion-effects-element-type-background) > .elementor-widget-wrap, #post-5909 .elementor-5102 .elementor-element.elementor-element-8478670 > .elementor-widget-wrap > .elementor-motion-effects-container > .elementor-motion-effects-layer{background-image: url(\"https:\/\/miastoinspiracji.lublin.eu\/wp-content\/uploads\/2020\/11\/Plac-po-Farze-1.jpg\");}<\/style>\t\t<div data-ha-element-link=\"{&quot;url&quot;:&quot;\\\/przewodnicy-inspiracji\\\/wyszukiwarka-tras\\\/&quot;,&quot;is_external&quot;:&quot;&quot;,&quot;nofollow&quot;:&quot;&quot;}\" style=\"cursor: pointer\" class=\"elementor-column elementor-col-100 elementor-top-column elementor-element elementor-element-8478670\" data-id=\"8478670\" data-element_type=\"column\" data-settings=\"{&quot;background_background&quot;:&quot;classic&quot;}\">\n\t\t\t<div class=\"elementor-widget-wrap\">\n\t\t\t\t\t\t\t<\/div>\n\t\t<\/div>\n\t\t\t\t\t<\/div>\n\t\t<\/section>\n\t\t\t\t<\/div>\n\t\t\t\t<\/article>\n\t\t\t\t<article id=\"post-29112\" class=\"elementor-post elementor-grid-item ecs-post-loop post-29112 przewodnicy type-przewodnicy status-publish has-post-thumbnail hentry category-przewodnicy-inspiracji jezyki-polski jezyki-angielski jezyki-niemiecki\">\n\t\t\t\t<div data-elementor-type=\"loop\" data-elementor-id=\"5102\" class=\"elementor elementor-5102 post-29112 przewodnicy type-przewodnicy status-publish has-post-thumbnail hentry category-przewodnicy-inspiracji jezyki-polski jezyki-angielski jezyki-niemiecki\" data-elementor-settings=\"{&quot;ha_cmc_init_switcher&quot;:&quot;no&quot;}\" data-elementor-post-type=\"elementor_library\">\n\t\t\t\t\t<section class=\"elementor-section elementor-top-section elementor-element elementor-element-3d622c0 elementor-section-full_width elementor-section-height-default elementor-section-height-default\" data-id=\"3d622c0\" data-element_type=\"section\" data-settings=\"{&quot;_ha_eqh_enable&quot;:false}\">\n\t\t\t\t\t\t<div class=\"elementor-container elementor-column-gap-default\">\n\t\t\t<style>#post-29112 .elementor-5102 .elementor-element.elementor-element-8478670:not(.elementor-motion-effects-element-type-background) > .elementor-widget-wrap, #post-29112 .elementor-5102 .elementor-element.elementor-element-8478670 > .elementor-widget-wrap > .elementor-motion-effects-container > .elementor-motion-effects-layer{background-image: url(\"https:\/\/miastoinspiracji.lublin.eu\/wp-content\/uploads\/2025\/10\/Przewodniczka-Inspiracji_Natalia-Sekula_fla-scaled.jpg\");}<\/style>\t\t<div data-ha-element-link=\"{&quot;url&quot;:&quot;\\\/przewodnicy-inspiracji\\\/wyszukiwarka-tras\\\/&quot;,&quot;is_external&quot;:&quot;&quot;,&quot;nofollow&quot;:&quot;&quot;}\" style=\"cursor: pointer\" class=\"elementor-column elementor-col-100 elementor-top-column elementor-element elementor-element-8478670\" data-id=\"8478670\" data-element_type=\"column\" data-settings=\"{&quot;background_background&quot;:&quot;classic&quot;}\">\n\t\t\t<div class=\"elementor-widget-wrap\">\n\t\t\t\t\t\t\t<\/div>\n\t\t<\/div>\n\t\t\t\t\t<\/div>\n\t\t<\/section>\n\t\t\t\t<\/div>\n\t\t\t\t<\/article>\n\t\t\t\t<article id=\"post-25146\" class=\"elementor-post elementor-grid-item ecs-post-loop post-25146 trasy type-trasy status-publish has-post-thumbnail hentry jezyki-polski dzien_tygodnia-niedziela dzien_tygodnia-poniedzialek dzien_tygodnia-wtorek dzien_tygodnia-sroda dzien_tygodnia-czwartek dzien_tygodnia-piatek dzien_tygodnia-sobota liczba_osob-ponad-20 tematyka-tematyczny czas_trwania-97\">\n\t\t\t\t<div data-elementor-type=\"loop\" data-elementor-id=\"5102\" class=\"elementor elementor-5102 post-25146 trasy type-trasy status-publish has-post-thumbnail hentry jezyki-polski dzien_tygodnia-niedziela dzien_tygodnia-poniedzialek dzien_tygodnia-wtorek dzien_tygodnia-sroda dzien_tygodnia-czwartek dzien_tygodnia-piatek dzien_tygodnia-sobota liczba_osob-ponad-20 tematyka-tematyczny czas_trwania-97\" data-elementor-settings=\"{&quot;ha_cmc_init_switcher&quot;:&quot;no&quot;}\" data-elementor-post-type=\"elementor_library\">\n\t\t\t\t\t<section class=\"elementor-section elementor-top-section elementor-element elementor-element-3d622c0 elementor-section-full_width elementor-section-height-default elementor-section-height-default\" data-id=\"3d622c0\" data-element_type=\"section\" data-settings=\"{&quot;_ha_eqh_enable&quot;:false}\">\n\t\t\t\t\t\t<div class=\"elementor-container elementor-column-gap-default\">\n\t\t\t<style>#post-25146 .elementor-5102 .elementor-element.elementor-element-8478670:not(.elementor-motion-effects-element-type-background) > .elementor-widget-wrap, #post-25146 .elementor-5102 .elementor-element.elementor-element-8478670 > .elementor-widget-wrap > .elementor-motion-effects-container > .elementor-motion-effects-layer{background-image: url(\"https:\/\/miastoinspiracji.lublin.eu\/wp-content\/uploads\/2024\/02\/FB_IMG_1691859713739.jpg\");}<\/style>\t\t<div data-ha-element-link=\"{&quot;url&quot;:&quot;\\\/przewodnicy-inspiracji\\\/wyszukiwarka-tras\\\/&quot;,&quot;is_external&quot;:&quot;&quot;,&quot;nofollow&quot;:&quot;&quot;}\" style=\"cursor: pointer\" class=\"elementor-column elementor-col-100 elementor-top-column elementor-element elementor-element-8478670\" data-id=\"8478670\" data-element_type=\"column\" data-settings=\"{&quot;background_background&quot;:&quot;classic&quot;}\">\n\t\t\t<div class=\"elementor-widget-wrap\">\n\t\t\t\t\t\t\t<\/div>\n\t\t<\/div>\n\t\t\t\t\t<\/div>\n\t\t<\/section>\n\t\t\t\t<\/div>\n\t\t\t\t<\/article>\n\t\t\t\t<article id=\"post-25149\" class=\"elementor-post elementor-grid-item ecs-post-loop post-25149 trasy type-trasy status-publish has-post-thumbnail hentry jezyki-polski dzien_tygodnia-sobota dzien_tygodnia-niedziela dzien_tygodnia-poniedzialek dzien_tygodnia-wtorek dzien_tygodnia-sroda dzien_tygodnia-czwartek dzien_tygodnia-piatek liczba_osob-do-20 tematyka-tematyczny czas_trwania-97\">\n\t\t\t\t<div data-elementor-type=\"loop\" data-elementor-id=\"5102\" class=\"elementor elementor-5102 post-25149 trasy type-trasy status-publish has-post-thumbnail hentry jezyki-polski dzien_tygodnia-sobota dzien_tygodnia-niedziela dzien_tygodnia-poniedzialek dzien_tygodnia-wtorek dzien_tygodnia-sroda dzien_tygodnia-czwartek dzien_tygodnia-piatek liczba_osob-do-20 tematyka-tematyczny czas_trwania-97\" data-elementor-settings=\"{&quot;ha_cmc_init_switcher&quot;:&quot;no&quot;}\" data-elementor-post-type=\"elementor_library\">\n\t\t\t\t\t<section class=\"elementor-section elementor-top-section elementor-element elementor-element-3d622c0 elementor-section-full_width elementor-section-height-default elementor-section-height-default\" data-id=\"3d622c0\" data-element_type=\"section\" data-settings=\"{&quot;_ha_eqh_enable&quot;:false}\">\n\t\t\t\t\t\t<div class=\"elementor-container elementor-column-gap-default\">\n\t\t\t<style>#post-25149 .elementor-5102 .elementor-element.elementor-element-8478670:not(.elementor-motion-effects-element-type-background) > .elementor-widget-wrap, #post-25149 .elementor-5102 .elementor-element.elementor-element-8478670 > .elementor-widget-wrap > .elementor-motion-effects-container > .elementor-motion-effects-layer{background-image: url(\"https:\/\/miastoinspiracji.lublin.eu\/wp-content\/uploads\/2021\/02\/Dziecko-przy-tablicy-maluje-kreda.jpg\");}<\/style>\t\t<div data-ha-element-link=\"{&quot;url&quot;:&quot;\\\/przewodnicy-inspiracji\\\/wyszukiwarka-tras\\\/&quot;,&quot;is_external&quot;:&quot;&quot;,&quot;nofollow&quot;:&quot;&quot;}\" style=\"cursor: pointer\" class=\"elementor-column elementor-col-100 elementor-top-column elementor-element elementor-element-8478670\" data-id=\"8478670\" data-element_type=\"column\" data-settings=\"{&quot;background_background&quot;:&quot;classic&quot;}\">\n\t\t\t<div class=\"elementor-widget-wrap\">\n\t\t\t\t\t\t\t<\/div>\n\t\t<\/div>\n\t\t\t\t\t<\/div>\n\t\t<\/section>\n\t\t\t\t<\/div>\n\t\t\t\t<\/article>\n\t\t\t\t<article id=\"post-5589\" class=\"elementor-post elementor-grid-item ecs-post-loop post-5589 trasy type-trasy status-publish has-post-thumbnail hentry jezyki-polski dzien_tygodnia-poniedzialek dzien_tygodnia-wtorek dzien_tygodnia-sroda dzien_tygodnia-czwartek dzien_tygodnia-piatek dzien_tygodnia-sobota dzien_tygodnia-niedziela liczba_osob-do-5 liczba_osob-do-20 liczba_osob-ponad-20 liczba_osob-91 tematyka-tematyczny czas_trwania-97\">\n\t\t\t\t<div data-elementor-type=\"loop\" data-elementor-id=\"5102\" class=\"elementor elementor-5102 post-5589 trasy type-trasy status-publish has-post-thumbnail hentry jezyki-polski dzien_tygodnia-poniedzialek dzien_tygodnia-wtorek dzien_tygodnia-sroda dzien_tygodnia-czwartek dzien_tygodnia-piatek dzien_tygodnia-sobota dzien_tygodnia-niedziela liczba_osob-do-5 liczba_osob-do-20 liczba_osob-ponad-20 liczba_osob-91 tematyka-tematyczny czas_trwania-97\" data-elementor-settings=\"{&quot;ha_cmc_init_switcher&quot;:&quot;no&quot;}\" data-elementor-post-type=\"elementor_library\">\n\t\t\t\t\t<section class=\"elementor-section elementor-top-section elementor-element elementor-element-3d622c0 elementor-section-full_width elementor-section-height-default elementor-section-height-default\" data-id=\"3d622c0\" data-element_type=\"section\" data-settings=\"{&quot;_ha_eqh_enable&quot;:false}\">\n\t\t\t\t\t\t<div class=\"elementor-container elementor-column-gap-default\">\n\t\t\t<style>#post-5589 .elementor-5102 .elementor-element.elementor-element-8478670:not(.elementor-motion-effects-element-type-background) > .elementor-widget-wrap, #post-5589 .elementor-5102 .elementor-element.elementor-element-8478670 > .elementor-widget-wrap > .elementor-motion-effects-container > .elementor-motion-effects-layer{background-image: url(\"https:\/\/miastoinspiracji.lublin.eu\/wp-content\/uploads\/2020\/11\/Wieniawskich-muzyczna-familia-1.png\");}<\/style>\t\t<div data-ha-element-link=\"{&quot;url&quot;:&quot;\\\/przewodnicy-inspiracji\\\/wyszukiwarka-tras\\\/&quot;,&quot;is_external&quot;:&quot;&quot;,&quot;nofollow&quot;:&quot;&quot;}\" style=\"cursor: pointer\" class=\"elementor-column elementor-col-100 elementor-top-column elementor-element elementor-element-8478670\" data-id=\"8478670\" data-element_type=\"column\" data-settings=\"{&quot;background_background&quot;:&quot;classic&quot;}\">\n\t\t\t<div class=\"elementor-widget-wrap\">\n\t\t\t\t\t\t\t<\/div>\n\t\t<\/div>\n\t\t\t\t\t<\/div>\n\t\t<\/section>\n\t\t\t\t<\/div>\n\t\t\t\t<\/article>\n\t\t\t\t<article id=\"post-25098\" class=\"elementor-post elementor-grid-item ecs-post-loop post-25098 trasy type-trasy status-publish has-post-thumbnail hentry jezyki-polski jezyki-angielski dzien_tygodnia-poniedzialek dzien_tygodnia-wtorek dzien_tygodnia-sroda dzien_tygodnia-czwartek dzien_tygodnia-piatek dzien_tygodnia-sobota dzien_tygodnia-niedziela liczba_osob-ponad-20 liczba_osob-1-en liczba_osob-do-5 liczba_osob-do-20 tematyka-ogolny czas_trwania-3-2\">\n\t\t\t\t<div data-elementor-type=\"loop\" data-elementor-id=\"5102\" class=\"elementor elementor-5102 post-25098 trasy type-trasy status-publish has-post-thumbnail hentry jezyki-polski jezyki-angielski dzien_tygodnia-poniedzialek dzien_tygodnia-wtorek dzien_tygodnia-sroda dzien_tygodnia-czwartek dzien_tygodnia-piatek dzien_tygodnia-sobota dzien_tygodnia-niedziela liczba_osob-ponad-20 liczba_osob-1-en liczba_osob-do-5 liczba_osob-do-20 tematyka-ogolny czas_trwania-3-2\" data-elementor-settings=\"{&quot;ha_cmc_init_switcher&quot;:&quot;no&quot;}\" data-elementor-post-type=\"elementor_library\">\n\t\t\t\t\t<section class=\"elementor-section elementor-top-section elementor-element elementor-element-3d622c0 elementor-section-full_width elementor-section-height-default elementor-section-height-default\" data-id=\"3d622c0\" data-element_type=\"section\" data-settings=\"{&quot;_ha_eqh_enable&quot;:false}\">\n\t\t\t\t\t\t<div class=\"elementor-container elementor-column-gap-default\">\n\t\t\t<style>#post-25098 .elementor-5102 .elementor-element.elementor-element-8478670:not(.elementor-motion-effects-element-type-background) > .elementor-widget-wrap, #post-25098 .elementor-5102 .elementor-element.elementor-element-8478670 > .elementor-widget-wrap > .elementor-motion-effects-container > .elementor-motion-effects-layer{background-image: url(\"https:\/\/miastoinspiracji.lublin.eu\/wp-content\/uploads\/2024\/01\/20230916_162952-scaled.jpg\");}<\/style>\t\t<div data-ha-element-link=\"{&quot;url&quot;:&quot;\\\/przewodnicy-inspiracji\\\/wyszukiwarka-tras\\\/&quot;,&quot;is_external&quot;:&quot;&quot;,&quot;nofollow&quot;:&quot;&quot;}\" style=\"cursor: pointer\" class=\"elementor-column elementor-col-100 elementor-top-column elementor-element elementor-element-8478670\" data-id=\"8478670\" data-element_type=\"column\" data-settings=\"{&quot;background_background&quot;:&quot;classic&quot;}\">\n\t\t\t<div class=\"elementor-widget-wrap\">\n\t\t\t\t\t\t\t<\/div>\n\t\t<\/div>\n\t\t\t\t\t<\/div>\n\t\t<\/section>\n\t\t\t\t<\/div>\n\t\t\t\t<\/article>\n\t\t\t\t<\/div>\n\t\t\t\t\t\t<\/div>\n\t\t\t\t<\/div>\n\t\t\t\t\t<\/div>\n\t\t<\/div>\n\t\t\t\t\t<\/div>\n\t\t<\/section>\n\t\t\t\t<section class=\"elementor-section elementor-top-section elementor-element elementor-element-3cf56c7f elementor-section-content-middle elementor-section-full_width elementor-section-height-min-height menu-section elementor-section-height-default elementor-section-items-middle\" data-id=\"3cf56c7f\" data-element_type=\"section\" id=\"main-sezon-lublin\" data-settings=\"{&quot;background_background&quot;:&quot;classic&quot;,&quot;_ha_eqh_enable&quot;:false}\" data-section-name=\"sezon-lublin\">\n\t\t\t\t\t\t<div class=\"elementor-container elementor-column-gap-default\">\n\t\t\t\t\t<div class=\"elementor-column elementor-col-50 elementor-top-column elementor-element elementor-element-2d6fbbc0\" data-id=\"2d6fbbc0\" data-element_type=\"column\">\n\t\t\t<div class=\"elementor-widget-wrap elementor-element-populated\">\n\t\t\t\t\t\t<div class=\"elementor-element elementor-element-120b0a2 d2c-vertical-menu elementor-nav-menu--dropdown-none elementor-widget elementor-widget-nav-menu\" data-id=\"120b0a2\" data-element_type=\"widget\" id=\"sezon-lublin-menu\" data-settings=\"{&quot;layout&quot;:&quot;vertical&quot;,&quot;submenu_icon&quot;:{&quot;value&quot;:&quot;&lt;i class=\\&quot;\\&quot;&gt;&lt;\\\/i&gt;&quot;,&quot;library&quot;:&quot;&quot;}}\" data-widget_type=\"nav-menu.default\">\n\t\t\t\t<div class=\"elementor-widget-container\">\n\t\t\t\t\t\t\t\t<nav aria-label=\"Menu\" class=\"elementor-nav-menu--main elementor-nav-menu__container elementor-nav-menu--layout-vertical e--pointer-background e--animation-sweep-right\">\n\t\t\t\t<ul id=\"menu-1-120b0a2\" class=\"elementor-nav-menu sm-vertical\"><li class=\"menu-item menu-item-type-post_type menu-item-object-page menu-item-1240\"><a href=\"https:\/\/miastoinspiracji.lublin.eu\/en\/sezon-lublin\/o-sezonie\/\" class=\"elementor-item\">About the Season<\/a><\/li>\n<li class=\"menu-item menu-item-type-post_type menu-item-object-page menu-item-13197\"><a href=\"https:\/\/miastoinspiracji.lublin.eu\/en\/sezon-lublin\/jak-dziala-sezon-lublin\/\" class=\"elementor-item\">Sezon Lublin 2025<\/a><\/li>\n<li class=\"menu-item menu-item-type-post_type menu-item-object-page menu-item-15303\"><a href=\"https:\/\/miastoinspiracji.lublin.eu\/en\/sezon-lublin-kategorie\/\" class=\"elementor-item\">Offer by categories<\/a><\/li>\n<li class=\"menu-item menu-item-type-post_type menu-item-object-page menu-item-1239\"><a href=\"https:\/\/miastoinspiracji.lublin.eu\/en\/sezon-lublin\/partnerzy\/\" class=\"elementor-item\">Partners<\/a><\/li>\n<li class=\"menu-item menu-item-type-post_type menu-item-object-page menu-item-1238\"><a href=\"https:\/\/miastoinspiracji.lublin.eu\/en\/sezon-lublin\/poprzednie-edycje\/\" class=\"elementor-item\">Previous editions<\/a><\/li>\n<li class=\"menu-item menu-item-type-post_type menu-item-object-page menu-item-13220\"><a href=\"https:\/\/miastoinspiracji.lublin.eu\/en\/sezon-lublin\/nabor\/\" class=\"elementor-item\">Nab\u00f3r 2026<\/a><\/li>\n<\/ul>\t\t\t<\/nav>\n\t\t\t\t\t\t<nav class=\"elementor-nav-menu--dropdown elementor-nav-menu__container\" aria-hidden=\"true\">\n\t\t\t\t<ul id=\"menu-2-120b0a2\" class=\"elementor-nav-menu sm-vertical\"><li class=\"menu-item menu-item-type-post_type menu-item-object-page menu-item-1240\"><a href=\"https:\/\/miastoinspiracji.lublin.eu\/en\/sezon-lublin\/o-sezonie\/\" class=\"elementor-item\" tabindex=\"-1\">About the Season<\/a><\/li>\n<li class=\"menu-item menu-item-type-post_type menu-item-object-page menu-item-13197\"><a href=\"https:\/\/miastoinspiracji.lublin.eu\/en\/sezon-lublin\/jak-dziala-sezon-lublin\/\" class=\"elementor-item\" tabindex=\"-1\">Sezon Lublin 2025<\/a><\/li>\n<li class=\"menu-item menu-item-type-post_type menu-item-object-page menu-item-15303\"><a href=\"https:\/\/miastoinspiracji.lublin.eu\/en\/sezon-lublin-kategorie\/\" class=\"elementor-item\" tabindex=\"-1\">Offer by categories<\/a><\/li>\n<li class=\"menu-item menu-item-type-post_type menu-item-object-page menu-item-1239\"><a href=\"https:\/\/miastoinspiracji.lublin.eu\/en\/sezon-lublin\/partnerzy\/\" class=\"elementor-item\" tabindex=\"-1\">Partners<\/a><\/li>\n<li class=\"menu-item menu-item-type-post_type menu-item-object-page menu-item-1238\"><a href=\"https:\/\/miastoinspiracji.lublin.eu\/en\/sezon-lublin\/poprzednie-edycje\/\" class=\"elementor-item\" tabindex=\"-1\">Previous editions<\/a><\/li>\n<li class=\"menu-item menu-item-type-post_type menu-item-object-page menu-item-13220\"><a href=\"https:\/\/miastoinspiracji.lublin.eu\/en\/sezon-lublin\/nabor\/\" class=\"elementor-item\" tabindex=\"-1\">Nab\u00f3r 2026<\/a><\/li>\n<\/ul>\t\t\t<\/nav>\n\t\t\t\t\t\t<\/div>\n\t\t\t\t<\/div>\n\t\t\t\t<div class=\"elementor-element elementor-element-217fc3dc elementor-widget elementor-widget-heading\" data-id=\"217fc3dc\" data-element_type=\"widget\" data-widget_type=\"heading.default\">\n\t\t\t\t<div class=\"elementor-widget-container\">\n\t\t\t\t\t<h2 class=\"elementor-heading-title elementor-size-default\">Lublin Season<\/h2>\t\t\t\t<\/div>\n\t\t\t\t<\/div>\n\t\t\t\t<div class=\"elementor-element elementor-element-32ea70f2 elementor-widget__width-initial elementor-widget elementor-widget-text-editor\" data-id=\"32ea70f2\" data-element_type=\"widget\" data-widget_type=\"text-editor.default\">\n\t\t\t\t<div class=\"elementor-widget-container\">\n\t\t\t\t\t\t\t\t\t<p>Przed nami Sezon Lublin 2026! Ponownie akcja zaskoczy nas wyzwaniami, ciekawymi odkryciami i nagrodami! Poznajcie Lublin od podszewki, zwiedzaj\u0105c muzea, wypiekaj\u0105c cebularza, spaceruj\u0105c z przewodnikiem i relaksuj\u0105c si\u0119 w spa. Liczymy na Wasz\u0105 obecno\u015b\u0107 i owocn\u0105 grywalizacj\u0119 r\u00f3wnie\u017c w tym roku!<\/p>\t\t\t\t\t\t\t\t<\/div>\n\t\t\t\t<\/div>\n\t\t\t\t<div class=\"elementor-element elementor-element-4530582 elementor-widget__width-auto elementor-absolute horizontal-sticky-scroll elementor-widget elementor-widget-image\" data-id=\"4530582\" data-element_type=\"widget\" data-settings=\"{&quot;_position&quot;:&quot;absolute&quot;}\" data-widget_type=\"image.default\">\n\t\t\t\t<div class=\"elementor-widget-container\">\n\t\t\t\t\t\t\t\t\t\t\t\t\t\t\t<img decoding=\"async\" width=\"1\" height=\"1\" src=\"https:\/\/miastoinspiracji.lublin.eu\/wp-content\/uploads\/2020\/08\/scrollLR.svg\" class=\"attachment-thumbnail size-thumbnail wp-image-5530\" alt=\"ikona scroll\" \/>\t\t\t\t\t\t\t\t\t\t\t\t\t\t\t<\/div>\n\t\t\t\t<\/div>\n\t\t\t\t\t<\/div>\n\t\t<\/div>\n\t\t\t\t<div class=\"elementor-column elementor-col-50 elementor-top-column elementor-element elementor-element-83af923\" data-id=\"83af923\" data-element_type=\"column\">\n\t\t\t<div class=\"elementor-widget-wrap elementor-element-populated\">\n\t\t\t\t\t\t<div class=\"elementor-element elementor-element-16ec6ae elementor-widget__width-initial elementor-widget elementor-widget-image\" data-id=\"16ec6ae\" data-element_type=\"widget\" data-widget_type=\"image.default\">\n\t\t\t\t<div class=\"elementor-widget-container\">\n\t\t\t\t\t\t\t\t\t\t\t\t\t\t\t\t<a href=\"https:\/\/miastoinspiracji.lublin.eu\/en\/sezon-lublin\/jak-dziala-sezon-lublin\/\">\n\t\t\t\t\t\t\t<img fetchpriority=\"high\" decoding=\"async\" width=\"800\" height=\"534\" src=\"https:\/\/miastoinspiracji.lublin.eu\/wp-content\/uploads\/2024\/05\/Kreacja-Sezon-Lublin-2025-1024x683.jpg\" class=\"attachment-large size-large wp-image-28651\" alt=\"Grafika z\u0142o\u017cona z napisu Lublin, w kt\u00f3ry wkomponowane s\u0105 postacie i elementy architektury, symboli zwi\u0105zanych z miastem.\" srcset=\"https:\/\/miastoinspiracji.lublin.eu\/wp-content\/uploads\/2024\/05\/Kreacja-Sezon-Lublin-2025-1024x683.jpg 1024w, https:\/\/miastoinspiracji.lublin.eu\/wp-content\/uploads\/2024\/05\/Kreacja-Sezon-Lublin-2025-300x200.jpg 300w, https:\/\/miastoinspiracji.lublin.eu\/wp-content\/uploads\/2024\/05\/Kreacja-Sezon-Lublin-2025-768x512.jpg 768w, https:\/\/miastoinspiracji.lublin.eu\/wp-content\/uploads\/2024\/05\/Kreacja-Sezon-Lublin-2025-1536x1024.jpg 1536w, https:\/\/miastoinspiracji.lublin.eu\/wp-content\/uploads\/2024\/05\/Kreacja-Sezon-Lublin-2025-2048x1365.jpg 2048w, https:\/\/miastoinspiracji.lublin.eu\/wp-content\/uploads\/2024\/05\/Kreacja-Sezon-Lublin-2025-18x12.jpg 18w\" sizes=\"(max-width: 800px) 100vw, 800px\" \/>\t\t\t\t\t\t\t\t<\/a>\n\t\t\t\t\t\t\t\t\t\t\t\t\t\t\t<\/div>\n\t\t\t\t<\/div>\n\t\t\t\t\t<\/div>\n\t\t<\/div>\n\t\t\t\t\t<\/div>\n\t\t<\/section>\n\t\t\t\t<section class=\"elementor-section elementor-top-section elementor-element elementor-element-7c5060b menu-section elementor-section-boxed elementor-section-height-default elementor-section-height-default\" data-id=\"7c5060b\" data-element_type=\"section\" id=\"main-szlaki-i-publikacje\" data-settings=\"{&quot;_ha_eqh_enable&quot;:false}\">\n\t\t\t\t\t\t<div class=\"elementor-container elementor-column-gap-default\">\n\t\t\t\t\t<div class=\"elementor-column elementor-col-100 elementor-top-column elementor-element elementor-element-19c58d5\" data-id=\"19c58d5\" data-element_type=\"column\">\n\t\t\t<div class=\"elementor-widget-wrap elementor-element-populated\">\n\t\t\t\t\t\t<div class=\"elementor-element elementor-element-4921a43 elementor-widget elementor-widget-html\" data-id=\"4921a43\" data-element_type=\"widget\" data-widget_type=\"html.default\">\n\t\t\t\t<div class=\"elementor-widget-container\">\n\t\t\t\t\t<div id=\"szlaki-i-publikacje\" class=\"section\" data-section-name=\"szlaki-i-publikacje\">\n   \n<\/div>\n\n\n\t\t\t\t<\/div>\n\t\t\t\t<\/div>\n\t\t\t\t\t<\/div>\n\t\t<\/div>\n\t\t\t\t\t<\/div>\n\t\t<\/section>\n\t\t\t\t<\/div>","protected":false},"excerpt":{"rendered":"<p>Lublin &#8211; Miasto Inspiracji Lublin to prawdziwe Miasto Inspiracji. \u017beby si\u0119 o tym przekona\u0107, trzeba Lublina do\u015bwiadczy\u0107. Przyjecha\u0107, poczu\u0107 wyj\u0105tkow\u0105 atmosfer\u0119 t\u0119tni\u0105cego \u017cyciem i \u0142\u0105cz\u0105cego przesz\u0142o\u015b\u0107 z tera\u017aniejszo\u015bci\u0105 Starego Miasta i da\u0107 si\u0119 zainspirowa\u0107 nieziemskiemu klimatowi miasta styku kultur. Pomog\u0105 w tym przekazuj\u0105cy najlepsze historie Przewodnicy Inspiracji, a uczt\u0119 dla cia\u0142a zapewni\u0105 kulinarne arcydzie\u0142a z [&hellip;]<\/p>","protected":false},"author":1,"featured_media":0,"parent":0,"menu_order":0,"comment_status":"closed","ping_status":"closed","template":"elementor_header_footer","meta":{"_acf_changed":false,"footnotes":""},"categories":[],"class_list":["post-8","page","type-page","status-publish","hentry"],"acf":[],"yoast_head":"<!-- This site is optimized with the Yoast SEO plugin v26.5 - https:\/\/yoast.com\/wordpress\/plugins\/seo\/ -->\n<title>Lublin - Miasto Inspiracji<\/title>\n<meta name=\"description\" content=\"Lublin to prawdziwe Miasto Inspiracji. Poznaj Miejsca Inspiracji i sprawd\u017a, gdzie Przewodnicy Inspiracji poprowadz\u0105 ci\u0119, gdy trwa Sezon Lublin!\" \/>\n<meta name=\"robots\" content=\"index, follow, max-snippet:-1, max-image-preview:large, max-video-preview:-1\" \/>\n<link rel=\"canonical\" href=\"https:\/\/miastoinspiracji.lublin.eu\/en\/\" \/>\n<meta property=\"og:locale\" content=\"en_GB\" \/>\n<meta property=\"og:type\" content=\"article\" \/>\n<meta property=\"og:title\" content=\"Lublin - Miasto Inspiracji\" \/>\n<meta property=\"og:description\" content=\"Lublin to prawdziwe Miasto Inspiracji. Poznaj Miejsca Inspiracji i sprawd\u017a, gdzie Przewodnicy Inspiracji poprowadz\u0105 ci\u0119, gdy trwa Sezon Lublin!\" \/>\n<meta property=\"og:url\" content=\"https:\/\/miastoinspiracji.lublin.eu\/en\/\" \/>\n<meta property=\"og:site_name\" content=\"Miasto Inspiracji\" \/>\n<meta property=\"article:publisher\" content=\"https:\/\/www.facebook.com\/turystycznylublin\" \/>\n<meta property=\"article:modified_time\" content=\"2026-02-16T09:20:13+00:00\" \/>\n<meta property=\"og:image\" content=\"https:\/\/miastoinspiracji.lublin.eu\/wp-content\/uploads\/2020\/08\/12-1024x576.png\" \/>\n\t<meta property=\"og:image:width\" content=\"1024\" \/>\n\t<meta property=\"og:image:height\" content=\"576\" \/>\n\t<meta property=\"og:image:type\" content=\"image\/png\" \/>\n<meta name=\"twitter:card\" content=\"summary_large_image\" \/>\n<meta name=\"twitter:site\" content=\"@miasto_lublin\" \/>\n<meta name=\"twitter:label1\" content=\"Estimated reading time\" \/>\n\t<meta name=\"twitter:data1\" content=\"3 minutes\" \/>\n<script type=\"application\/ld+json\" class=\"yoast-schema-graph\">{\"@context\":\"https:\/\/schema.org\",\"@graph\":[{\"@type\":\"WebPage\",\"@id\":\"https:\/\/miastoinspiracji.lublin.eu\/en\/\",\"url\":\"https:\/\/miastoinspiracji.lublin.eu\/en\/\",\"name\":\"Lublin - Miasto Inspiracji\",\"isPartOf\":{\"@id\":\"https:\/\/miastoinspiracji.lublin.eu\/en\/#website\"},\"primaryImageOfPage\":{\"@id\":\"https:\/\/miastoinspiracji.lublin.eu\/en\/#primaryimage\"},\"image\":{\"@id\":\"https:\/\/miastoinspiracji.lublin.eu\/en\/#primaryimage\"},\"thumbnailUrl\":\"https:\/\/miastoinspiracji.lublin.eu\/wp-content\/uploads\/2020\/08\/scrollLR.svg\",\"datePublished\":\"2020-07-31T09:30:54+00:00\",\"dateModified\":\"2026-02-16T09:20:13+00:00\",\"description\":\"Lublin to prawdziwe Miasto Inspiracji. Poznaj Miejsca Inspiracji i sprawd\u017a, gdzie Przewodnicy Inspiracji poprowadz\u0105 ci\u0119, gdy trwa Sezon Lublin!\",\"breadcrumb\":{\"@id\":\"https:\/\/miastoinspiracji.lublin.eu\/en\/#breadcrumb\"},\"inLanguage\":\"en-GB\",\"potentialAction\":[{\"@type\":\"ReadAction\",\"target\":[\"https:\/\/miastoinspiracji.lublin.eu\/en\/\"]}]},{\"@type\":\"ImageObject\",\"inLanguage\":\"en-GB\",\"@id\":\"https:\/\/miastoinspiracji.lublin.eu\/en\/#primaryimage\",\"url\":\"https:\/\/miastoinspiracji.lublin.eu\/wp-content\/uploads\/2020\/08\/scrollLR.svg\",\"contentUrl\":\"https:\/\/miastoinspiracji.lublin.eu\/wp-content\/uploads\/2020\/08\/scrollLR.svg\"},{\"@type\":\"BreadcrumbList\",\"@id\":\"https:\/\/miastoinspiracji.lublin.eu\/en\/#breadcrumb\",\"itemListElement\":[{\"@type\":\"ListItem\",\"position\":1,\"name\":\"Strona g\u0142\u00f3wna\",\"item\":\"https:\/\/miastoinspiracji.lublin.eu\/\"},{\"@type\":\"ListItem\",\"position\":2,\"name\":\"Lublin\"}]},{\"@type\":\"WebSite\",\"@id\":\"https:\/\/miastoinspiracji.lublin.eu\/en\/#website\",\"url\":\"https:\/\/miastoinspiracji.lublin.eu\/en\/\",\"name\":\"Miasto Inspiracji\",\"description\":\"Programy inspiracji Miasta Lublin\",\"publisher\":{\"@id\":\"https:\/\/miastoinspiracji.lublin.eu\/en\/#organization\"},\"potentialAction\":[{\"@type\":\"SearchAction\",\"target\":{\"@type\":\"EntryPoint\",\"urlTemplate\":\"https:\/\/miastoinspiracji.lublin.eu\/en\/?s={search_term_string}\"},\"query-input\":{\"@type\":\"PropertyValueSpecification\",\"valueRequired\":true,\"valueName\":\"search_term_string\"}}],\"inLanguage\":\"en-GB\"},{\"@type\":\"Organization\",\"@id\":\"https:\/\/miastoinspiracji.lublin.eu\/en\/#organization\",\"name\":\"Urz\u0105d Miasta Lublin\",\"url\":\"https:\/\/miastoinspiracji.lublin.eu\/en\/\",\"logo\":{\"@type\":\"ImageObject\",\"inLanguage\":\"en-GB\",\"@id\":\"https:\/\/miastoinspiracji.lublin.eu\/en\/#\/schema\/logo\/image\/\",\"url\":\"https:\/\/miastoinspiracji.lublin.eu\/wp-content\/uploads\/2020\/08\/favicon.png\",\"contentUrl\":\"https:\/\/miastoinspiracji.lublin.eu\/wp-content\/uploads\/2020\/08\/favicon.png\",\"width\":512,\"height\":512,\"caption\":\"Urz\u0105d Miasta Lublin\"},\"image\":{\"@id\":\"https:\/\/miastoinspiracji.lublin.eu\/en\/#\/schema\/logo\/image\/\"},\"sameAs\":[\"https:\/\/www.facebook.com\/turystycznylublin\",\"https:\/\/x.com\/miasto_lublin\",\"https:\/\/www.instagram.com\/turystycznylublin\/\",\"https:\/\/www.linkedin.com\/company\/urzad-miasta-lublin\/\",\"https:\/\/www.youtube.com\/channel\/UC7ALjgzz6oUurAOsgdKsN7A\",\"https:\/\/pl.wikipedia.org\/wiki\/Lublin\"]}]}<\/script>\n<!-- \/ Yoast SEO plugin. -->","yoast_head_json":{"title":"Lublin - City of Inspiration","description":"Lublin to prawdziwe Miasto Inspiracji. Poznaj Miejsca Inspiracji i sprawd\u017a, gdzie Przewodnicy Inspiracji poprowadz\u0105 ci\u0119, gdy trwa Sezon Lublin!","robots":{"index":"index","follow":"follow","max-snippet":"max-snippet:-1","max-image-preview":"max-image-preview:large","max-video-preview":"max-video-preview:-1"},"canonical":"https:\/\/miastoinspiracji.lublin.eu\/en\/","og_locale":"en_GB","og_type":"article","og_title":"Lublin - Miasto Inspiracji","og_description":"Lublin to prawdziwe Miasto Inspiracji. Poznaj Miejsca Inspiracji i sprawd\u017a, gdzie Przewodnicy Inspiracji poprowadz\u0105 ci\u0119, gdy trwa Sezon Lublin!","og_url":"https:\/\/miastoinspiracji.lublin.eu\/en\/","og_site_name":"Miasto Inspiracji","article_publisher":"https:\/\/www.facebook.com\/turystycznylublin","article_modified_time":"2026-02-16T09:20:13+00:00","og_image":[{"width":1024,"height":576,"url":"https:\/\/miastoinspiracji.lublin.eu\/wp-content\/uploads\/2020\/08\/12-1024x576.png","type":"image\/png"}],"twitter_card":"summary_large_image","twitter_site":"@miasto_lublin","twitter_misc":{"Estimated reading time":"3 minutes"},"schema":{"@context":"https:\/\/schema.org","@graph":[{"@type":"WebPage","@id":"https:\/\/miastoinspiracji.lublin.eu\/en\/","url":"https:\/\/miastoinspiracji.lublin.eu\/en\/","name":"Lublin - City of Inspiration","isPartOf":{"@id":"https:\/\/miastoinspiracji.lublin.eu\/en\/#website"},"primaryImageOfPage":{"@id":"https:\/\/miastoinspiracji.lublin.eu\/en\/#primaryimage"},"image":{"@id":"https:\/\/miastoinspiracji.lublin.eu\/en\/#primaryimage"},"thumbnailUrl":"https:\/\/miastoinspiracji.lublin.eu\/wp-content\/uploads\/2020\/08\/scrollLR.svg","datePublished":"2020-07-31T09:30:54+00:00","dateModified":"2026-02-16T09:20:13+00:00","description":"Lublin to prawdziwe Miasto Inspiracji. Poznaj Miejsca Inspiracji i sprawd\u017a, gdzie Przewodnicy Inspiracji poprowadz\u0105 ci\u0119, gdy trwa Sezon Lublin!","breadcrumb":{"@id":"https:\/\/miastoinspiracji.lublin.eu\/en\/#breadcrumb"},"inLanguage":"en-GB","potentialAction":[{"@type":"ReadAction","target":["https:\/\/miastoinspiracji.lublin.eu\/en\/"]}]},{"@type":"ImageObject","inLanguage":"en-GB","@id":"https:\/\/miastoinspiracji.lublin.eu\/en\/#primaryimage","url":"https:\/\/miastoinspiracji.lublin.eu\/wp-content\/uploads\/2020\/08\/scrollLR.svg","contentUrl":"https:\/\/miastoinspiracji.lublin.eu\/wp-content\/uploads\/2020\/08\/scrollLR.svg"},{"@type":"BreadcrumbList","@id":"https:\/\/miastoinspiracji.lublin.eu\/en\/#breadcrumb","itemListElement":[{"@type":"ListItem","position":1,"name":"Strona g\u0142\u00f3wna","item":"https:\/\/miastoinspiracji.lublin.eu\/"},{"@type":"ListItem","position":2,"name":"Lublin"}]},{"@type":"WebSite","@id":"https:\/\/miastoinspiracji.lublin.eu\/en\/#website","url":"https:\/\/miastoinspiracji.lublin.eu\/en\/","name":"Miasto Inspiracji","description":"Programy inspiracji Miasta Lublin","publisher":{"@id":"https:\/\/miastoinspiracji.lublin.eu\/en\/#organization"},"potentialAction":[{"@type":"SearchAction","target":{"@type":"EntryPoint","urlTemplate":"https:\/\/miastoinspiracji.lublin.eu\/en\/?s={search_term_string}"},"query-input":{"@type":"PropertyValueSpecification","valueRequired":true,"valueName":"search_term_string"}}],"inLanguage":"en-GB"},{"@type":"Organization","@id":"https:\/\/miastoinspiracji.lublin.eu\/en\/#organization","name":"Urz\u0105d Miasta Lublin","url":"https:\/\/miastoinspiracji.lublin.eu\/en\/","logo":{"@type":"ImageObject","inLanguage":"en-GB","@id":"https:\/\/miastoinspiracji.lublin.eu\/en\/#\/schema\/logo\/image\/","url":"https:\/\/miastoinspiracji.lublin.eu\/wp-content\/uploads\/2020\/08\/favicon.png","contentUrl":"https:\/\/miastoinspiracji.lublin.eu\/wp-content\/uploads\/2020\/08\/favicon.png","width":512,"height":512,"caption":"Urz\u0105d Miasta Lublin"},"image":{"@id":"https:\/\/miastoinspiracji.lublin.eu\/en\/#\/schema\/logo\/image\/"},"sameAs":["https:\/\/www.facebook.com\/turystycznylublin","https:\/\/x.com\/miasto_lublin","https:\/\/www.instagram.com\/turystycznylublin\/","https:\/\/www.linkedin.com\/company\/urzad-miasta-lublin\/","https:\/\/www.youtube.com\/channel\/UC7ALjgzz6oUurAOsgdKsN7A","https:\/\/pl.wikipedia.org\/wiki\/Lublin"]}]}},"_links":{"self":[{"href":"https:\/\/miastoinspiracji.lublin.eu\/en\/wp-json\/wp\/v2\/pages\/8","targetHints":{"allow":["GET"]}}],"collection":[{"href":"https:\/\/miastoinspiracji.lublin.eu\/en\/wp-json\/wp\/v2\/pages"}],"about":[{"href":"https:\/\/miastoinspiracji.lublin.eu\/en\/wp-json\/wp\/v2\/types\/page"}],"author":[{"embeddable":true,"href":"https:\/\/miastoinspiracji.lublin.eu\/en\/wp-json\/wp\/v2\/users\/1"}],"replies":[{"embeddable":true,"href":"https:\/\/miastoinspiracji.lublin.eu\/en\/wp-json\/wp\/v2\/comments?post=8"}],"version-history":[{"count":624,"href":"https:\/\/miastoinspiracji.lublin.eu\/en\/wp-json\/wp\/v2\/pages\/8\/revisions"}],"predecessor-version":[{"id":29392,"href":"https:\/\/miastoinspiracji.lublin.eu\/en\/wp-json\/wp\/v2\/pages\/8\/revisions\/29392"}],"wp:attachment":[{"href":"https:\/\/miastoinspiracji.lublin.eu\/en\/wp-json\/wp\/v2\/media?parent=8"}],"wp:term":[{"taxonomy":"category","embeddable":true,"href":"https:\/\/miastoinspiracji.lublin.eu\/en\/wp-json\/wp\/v2\/categories?post=8"}],"curies":[{"name":"wp","href":"https:\/\/api.w.org\/{rel}","templated":true}]}}